{"id":730895,"date":"2025-08-27T21:22:22","date_gmt":"2025-08-27T18:22:22","guid":{"rendered":"https:\/\/roveyayinevi.com.tr\/index.php\/urun\/kucuk-kara-balik-17\/"},"modified":"2026-04-16T02:38:39","modified_gmt":"2026-04-15T23:38:39","slug":"kucuk-kara-balik-17","status":"publish","type":"product","link":"https:\/\/roveyayinevi.com.tr\/index.php\/urun\/kucuk-kara-balik-17\/","title":{"rendered":"K\u00fc\u00e7\u00fck Kara Bal\u0131k"},"content":{"rendered":"<p>Samed Behrengi,1939 y\u0131l\u0131nda \u0130ran&#8217;da do\u011fan Behrengi&#8217;nin ya\u015fam\u0131 olduk\u00e7a k\u0131sa s\u00fcrm\u00fc\u015f ve 1967 y\u0131l\u0131nda ku\u015fkulu bir bi\u00e7imde; hen\u00fcz 28 ya\u015f\u0131ndayken Aras Nehri&#8217;nde cans\u0131z bedeni bulunmu\u015ftur.Behrengi, bu k\u0131sa ya\u015fam\u0131na bir\u00e7ok \u00fcr\u00fcn ve eylem s\u0131\u011fd\u0131rm\u0131\u015ft\u0131r. Onun ya\u015fad\u0131\u011f\u0131 d\u00f6nemde \u0130ran&#8217;da \u015eahl\u0131k y\u00f6netimi vard\u0131 ve Behrengi, \u00f6zellikle yazd\u0131\u011f\u0131 \u00e7ocuk \u00f6yk\u00fcleri arac\u0131l\u0131\u011f\u0131 ile bask\u0131c\u0131 y\u00f6netime kar\u015f\u0131 duruyordu.\u00d6\u011fretmen okulunu bitirip k\u00f6y okullar\u0131nda \u00f6\u011fretmenli\u011fe ba\u015flad\u0131\u011f\u0131nda ayn\u0131 zamanda, Fars ve Azeri halklar\u0131n\u0131n k\u00fclt\u00fcrleri \u00fczerinde ara\u015ft\u0131rmalar da yap\u0131yordu. Bu halklar\u0131n dilinde var olan masallar\u0131, s\u00f6ylenceleri derledi; bunlar \u00fczerinde yorumlar geli\u015ftirdi.\u00c7ocuk \u00f6yk\u00fcleri \u00fczerine yo\u011funla\u015fm\u0131\u015f olmas\u0131na kar\u015f\u0131n bu \u00f6yk\u00fclerde bask\u0131c\u0131 y\u00f6netimlere kar\u015f\u0131 adalet, e\u015fitlik gibi de\u011ferleri \u00f6ne \u00e7\u0131kar\u0131yordu.Behrengi&#8217;nin eseleri her ge\u00e7en g\u00fcn daha b\u00fcy\u00fck anlamlar kazanmakta ve daha \u00e7ok okunmaktad\u0131r.<\/p>\n","protected":false},"excerpt":{"rendered":"<p>Samed Behrengi,1939 y\u0131l\u0131nda \u0130ran&#8217;da do\u011fan Behrengi&#8217;nin ya\u015fam\u0131 olduk\u00e7a k\u0131sa s\u00fcrm\u00fc\u015f ve 1967 y\u0131l\u0131nda ku\u015fkulu bir bi\u00e7imde; hen\u00fcz 28 ya\u015f\u0131ndayken Aras Nehri&#8217;nde cans\u0131z bedeni bulunmu\u015ftur.Behrengi, bu k\u0131sa<span class=\"excerpt-hellip\"> [\u2026]<\/span><\/p>\n","protected":false},"featured_media":0,"template":"","meta":{"_monsterinsights_skip_tracking":false,"_monsterinsights_sitenote_active":false,"_monsterinsights_sitenote_note":"","_monsterinsights_sitenote_category":0},"product_brand":[],"product_cat":[12274,12467],"product_tag":[],"class_list":{"0":"post-730895","1":"product","2":"type-product","3":"status-publish","5":"product_cat-cocuk-ve-genclik-kitaplari","6":"product_cat-dunya-klasikleri","7":"pa_cilt-ciltsiz","8":"pa_tur-kitap","9":"pa_yayinevi-somut-yayinlari","10":"pa_yazar-samed-behrengi","12":"first","13":"instock","14":"sale","15":"shipping-taxable","16":"purchasable","17":"product-type-simple"},"_links":{"self":[{"href":"https:\/\/roveyayinevi.com.tr\/index.php\/wp-json\/wp\/v2\/product\/730895","targetHints":{"allow":["GET"]}}],"collection":[{"href":"https:\/\/roveyayinevi.com.tr\/index.php\/wp-json\/wp\/v2\/product"}],"about":[{"href":"https:\/\/roveyayinevi.com.tr\/index.php\/wp-json\/wp\/v2\/types\/product"}],"wp:attachment":[{"href":"https:\/\/roveyayinevi.com.tr\/index.php\/wp-json\/wp\/v2\/media?parent=730895"}],"wp:term":[{"taxonomy":"product_brand","embeddable":true,"href":"https:\/\/roveyayinevi.com.tr\/index.php\/wp-json\/wp\/v2\/product_brand?post=730895"},{"taxonomy":"product_cat","embeddable":true,"href":"https:\/\/roveyayinevi.com.tr\/index.php\/wp-json\/wp\/v2\/product_cat?post=730895"},{"taxonomy":"product_tag","embeddable":true,"href":"https:\/\/roveyayinevi.com.tr\/index.php\/wp-json\/wp\/v2\/product_tag?post=730895"}],"curies":[{"name":"wp","href":"https:\/\/api.w.org\/{rel}","templated":true}]}}