{"id":730805,"date":"2025-08-27T21:20:51","date_gmt":"2025-08-27T18:20:51","guid":{"rendered":"https:\/\/roveyayinevi.com.tr\/index.php\/urun\/maske-izi\/"},"modified":"2026-04-16T02:38:37","modified_gmt":"2026-04-15T23:38:37","slug":"maske-izi","status":"publish","type":"product","link":"https:\/\/roveyayinevi.com.tr\/index.php\/urun\/maske-izi\/","title":{"rendered":"Maske \u0130zi"},"content":{"rendered":"<p>E. Hava Pilot T\u00fcmgeneral Beyaz\u0131t Karata\u015f. O bir sava\u015f pilotu. Kimi zaman Yunan sava\u015f u\u00e7aklar\u0131yla bir it dala\u015f\u0131na girdi, kimi zaman PKK kamplar\u0131n\u0131 bombalad\u0131\u2026 U\u00e7u\u015f anlar\u0131nda da her pilot gibi bir oksijen maskesi takt\u0131. G\u00f6rev bitip maske \u00e7\u0131kt\u0131\u011f\u0131nda ise y\u00fcz\u00fcnde uzun s\u00fcre kaybolmayan bir iz kald\u0131. \u2018Maske \u0130zi\u2019ydi o.Karata\u015f Pa\u015fa, y\u00fczlerine sahte maske tak\u0131p ifadesi de\u011fi\u015fmeyen hainlere kar\u015f\u0131 da sava\u015ft\u0131. Zindanlara at\u0131ld\u0131\u011f\u0131nda ve zincirleri k\u0131rd\u0131\u011f\u0131nda onurlu, yeni bir iz daha b\u0131rakm\u0131\u015ft\u0131 hayata. O iz bu kez onun y\u00fcz\u00fcnde de\u011fil, bizim y\u00fcreklerimizdeydi. O onurun izi silinmeyecekti.O sahte maskeliler, sahte delillerle doldurduklar\u0131 25 kuru\u015fluk CD\u2019lerle T\u00fcrk ordusunu bombalad\u0131\u011f\u0131nda, Karata\u015f Pa\u015fa bu milletin cephesindeydi. ABD\u2019nin kirli oyunlar\u0131na ve \u2018onur ni\u015fanlar\u0131na\u2019 gereken yan\u0131t\u0131 verdi\u011finde de s\u0131rt\u0131n\u0131 \u015fanl\u0131 al bayra\u011fa yaslam\u0131\u015ft\u0131.Bu kitap, y\u00fcksek karakterli ve al\u00e7akg\u00f6n\u00fcll\u00fc bir sava\u015f\u00e7\u0131 neferin ya\u015fam \u00f6yk\u00fcs\u00fcn\u00fc ve b\u00fcy\u00fck tecr\u00fcbelerini anlat\u0131yor. Kitab\u0131 okudu\u011funuzda sizde de derin bir iz kalacak. O iz, vatan sevgisinin hissini ta\u015f\u0131racak. \u2018Maske \u0130zi\u2019 y\u00fcre\u011finize tak\u0131lm\u0131\u015f bir onur ni\u015fanesi olarak akl\u0131n\u0131za m\u0131h gibi kaz\u0131nacak!<\/p>\n","protected":false},"excerpt":{"rendered":"<p>E. Hava Pilot T\u00fcmgeneral Beyaz\u0131t Karata\u015f. O bir sava\u015f pilotu. Kimi zaman Yunan sava\u015f u\u00e7aklar\u0131yla bir it dala\u015f\u0131na girdi, kimi zaman PKK kamplar\u0131n\u0131 bombalad\u0131\u2026 U\u00e7u\u015f anlar\u0131nda<span class=\"excerpt-hellip\"> [\u2026]<\/span><\/p>\n","protected":false},"featured_media":0,"template":"","meta":{"_monsterinsights_skip_tracking":false,"_monsterinsights_sitenote_active":false,"_monsterinsights_sitenote_note":"","_monsterinsights_sitenote_category":0},"product_brand":[],"product_cat":[13946,12304],"product_tag":[],"class_list":{"0":"post-730805","1":"product","2":"type-product","3":"status-publish","5":"product_cat-biyografi-otobiyografi","6":"product_cat-tarih","7":"pa_cilt-ciltsiz","8":"pa_tur-kitap","9":"pa_yayinevi-pankus-yayinlari","10":"pa_yazar-beyazit-karatas","12":"first","13":"instock","14":"sale","15":"shipping-taxable","16":"purchasable","17":"product-type-simple"},"_links":{"self":[{"href":"https:\/\/roveyayinevi.com.tr\/index.php\/wp-json\/wp\/v2\/product\/730805","targetHints":{"allow":["GET"]}}],"collection":[{"href":"https:\/\/roveyayinevi.com.tr\/index.php\/wp-json\/wp\/v2\/product"}],"about":[{"href":"https:\/\/roveyayinevi.com.tr\/index.php\/wp-json\/wp\/v2\/types\/product"}],"wp:attachment":[{"href":"https:\/\/roveyayinevi.com.tr\/index.php\/wp-json\/wp\/v2\/media?parent=730805"}],"wp:term":[{"taxonomy":"product_brand","embeddable":true,"href":"https:\/\/roveyayinevi.com.tr\/index.php\/wp-json\/wp\/v2\/product_brand?post=730805"},{"taxonomy":"product_cat","embeddable":true,"href":"https:\/\/roveyayinevi.com.tr\/index.php\/wp-json\/wp\/v2\/product_cat?post=730805"},{"taxonomy":"product_tag","embeddable":true,"href":"https:\/\/roveyayinevi.com.tr\/index.php\/wp-json\/wp\/v2\/product_tag?post=730805"}],"curies":[{"name":"wp","href":"https:\/\/api.w.org\/{rel}","templated":true}]}}