{"id":730687,"date":"2025-08-27T21:19:00","date_gmt":"2025-08-27T18:19:00","guid":{"rendered":"https:\/\/roveyayinevi.com.tr\/index.php\/urun\/bozkirin-beyleri\/"},"modified":"2026-04-16T02:38:35","modified_gmt":"2026-04-15T23:38:35","slug":"bozkirin-beyleri","status":"publish","type":"product","link":"https:\/\/roveyayinevi.com.tr\/index.php\/urun\/bozkirin-beyleri\/","title":{"rendered":"Bozk\u0131r\u0131n Beyleri"},"content":{"rendered":"<p>Eser; \u00fc\u00e7 Cengizli Ulus olarak adland\u0131r\u0131lan \u0130lhanl\u0131, Alt\u0131n Orda ve \u00c7a\u011fatayl\u0131larda isyan eden, ba\u011f\u0131ms\u0131z y\u00f6netim kurmak isteyen ya da y\u00f6netimi do\u011frudan ele ge\u00e7irmeye \u00e7al\u0131\u015fan baz\u0131 \u00fcst d\u00fczey Mo\u011fol komutanlar\u0131n\u0131 konu etmektedir. Bunlar \u00c7a\u011ftayl\u0131larda Em\u00eer Kazagan; \u0130lhanl\u0131larda Curmagun Noyan, Baycu Noyan, Toga\u00e7ar, Baltu, S\u00fclemi\u015f, Em\u00eer \u00c7oban ve Demirta\u015f Noyan; Alt\u0131n Orda\u2019da Em\u00eer Nogay, Mamay Mirza ve Edigey Mirza\u2019d\u0131r.  Bu komutanlar ba\u011fl\u0131 bulunduklar\u0131 devletin say\u0131l\u0131 birka\u00e7 komutan\u0131 olmas\u0131n\u0131n yan\u0131nda ayn\u0131 zamanda kabile reisi olarak da kar\u015f\u0131m\u0131za \u00e7\u0131kmaktad\u0131rlar. Kendilerine ba\u011fl\u0131 halk kitleleri olmas\u0131, devlete y\u00fcksek miktarda asker vermelerini sa\u011flam\u0131\u015ft\u0131r. Bununla birlikte b\u00fcrokrasiye de kendi adamlar\u0131n\u0131 atayarak devletin ba\u015f\u0131nda bulunan hanlar\u0131 bask\u0131 alt\u0131na alm\u0131\u015f ve devletin fiili y\u00f6neticileri konumuna gelmi\u015flerdir.  Yaln\u0131z Curmagun Noyan ve Baycu Noyan yukar\u0131da say\u0131lan \u00f6zelliklerin d\u0131\u015f\u0131nda \u00f6zel bir yerdedirler. Do\u011frudan do\u011fruya merkezden y\u00fcksek yetkilerle  geni\u015f bir b\u00f6lgeye (\u0130ran, Azerbaycan, Kafkasya ve Anadolu) atanm\u0131\u015flard\u0131r. Onlar ba\u011f\u0131ms\u0131z bir y\u00f6netim kurma ya da isyan etme d\u00fc\u015f\u00fcncesinde olmamalar\u0131na ra\u011fmen geni\u015f yetkileri sebebiyle bu tarzda bir y\u00f6netim kurmu\u015flard\u0131r. <\/p>\n","protected":false},"excerpt":{"rendered":"<p>Eser; \u00fc\u00e7 Cengizli Ulus olarak adland\u0131r\u0131lan \u0130lhanl\u0131, Alt\u0131n Orda ve \u00c7a\u011fatayl\u0131larda isyan eden, ba\u011f\u0131ms\u0131z y\u00f6netim kurmak isteyen ya da y\u00f6netimi do\u011frudan ele ge\u00e7irmeye \u00e7al\u0131\u015fan baz\u0131 \u00fcst<span class=\"excerpt-hellip\"> [\u2026]<\/span><\/p>\n","protected":false},"featured_media":0,"template":"","meta":{"_monsterinsights_skip_tracking":false,"_monsterinsights_sitenote_active":false,"_monsterinsights_sitenote_note":"","_monsterinsights_sitenote_category":0},"product_brand":[],"product_cat":[12370,12304],"product_tag":[],"class_list":{"0":"post-730687","1":"product","2":"type-product","3":"status-publish","5":"product_cat-arastirma-inceleme","6":"product_cat-tarih","7":"pa_cilt-ciltsiz","8":"pa_tur-kitap","9":"pa_yayinevi-karakum-yayinevi","10":"pa_yazar-ozan-eren-ucgul","12":"first","13":"instock","14":"sale","15":"shipping-taxable","16":"purchasable","17":"product-type-simple"},"_links":{"self":[{"href":"https:\/\/roveyayinevi.com.tr\/index.php\/wp-json\/wp\/v2\/product\/730687","targetHints":{"allow":["GET"]}}],"collection":[{"href":"https:\/\/roveyayinevi.com.tr\/index.php\/wp-json\/wp\/v2\/product"}],"about":[{"href":"https:\/\/roveyayinevi.com.tr\/index.php\/wp-json\/wp\/v2\/types\/product"}],"wp:attachment":[{"href":"https:\/\/roveyayinevi.com.tr\/index.php\/wp-json\/wp\/v2\/media?parent=730687"}],"wp:term":[{"taxonomy":"product_brand","embeddable":true,"href":"https:\/\/roveyayinevi.com.tr\/index.php\/wp-json\/wp\/v2\/product_brand?post=730687"},{"taxonomy":"product_cat","embeddable":true,"href":"https:\/\/roveyayinevi.com.tr\/index.php\/wp-json\/wp\/v2\/product_cat?post=730687"},{"taxonomy":"product_tag","embeddable":true,"href":"https:\/\/roveyayinevi.com.tr\/index.php\/wp-json\/wp\/v2\/product_tag?post=730687"}],"curies":[{"name":"wp","href":"https:\/\/api.w.org\/{rel}","templated":true}]}}