{"id":730550,"date":"2025-08-27T21:16:31","date_gmt":"2025-08-27T18:16:31","guid":{"rendered":"https:\/\/roveyayinevi.com.tr\/index.php\/urun\/erken-cocuklukta-regio-emilla-yaklasimi\/"},"modified":"2026-04-16T02:38:32","modified_gmt":"2026-04-15T23:38:32","slug":"erken-cocuklukta-regio-emilla-yaklasimi","status":"publish","type":"product","link":"https:\/\/roveyayinevi.com.tr\/index.php\/urun\/erken-cocuklukta-regio-emilla-yaklasimi\/","title":{"rendered":"Erken \u00c7ocuklukta Regio Emilla Yakla\u015f\u0131m\u0131"},"content":{"rendered":"<p>Reggio Emilia yakla\u015f\u0131m\u0131 ile ilgili yay\u0131nlar \u00f6zellikle de yeni yay\u0131nlar s\u0131n\u0131rl\u0131 olmakla birlikte; bu kitapta bu yakla\u015f\u0131m\u0131n hem teorik hem uygulamal\u0131 bilgisine \u00f6ncelikle bu konudaki temel yay\u0131nlar baz al\u0131narak biraz daha ayr\u0131nt\u0131l\u0131 bir bi\u00e7imde ele al\u0131nmaya \u00e7al\u0131\u015f\u0131lm\u0131\u015ft\u0131r. Bu yakla\u015f\u0131m\u0131n d\u00fcnyada yay\u0131lmas\u0131 ve \u00f6\u011frenilmesi i\u00e7in \u00e7aba g\u00f6steren Uluslararas\u0131 Loris Malaguzzi Merkezi\u2019ne ve yine bu kentte yer alan REM\u0130DA yarat\u0131c\u0131 d\u00f6n\u00fc\u015f\u00fcm merkezi olmak \u00fczere m\u00fcmk\u00fcn oldu\u011funca her y\u00f6n\u00fcne; temel kaynaklar\u0131ndan ve zengin foto\u011fraf \u00f6rneklerinden yararlan\u0131larak yer verilmeye \u00e7al\u0131\u015f\u0131lm\u0131\u015ft\u0131r.   Hem erken \u00e7ocukluk geli\u015fimi ve e\u011fitimi alan\u0131na hem de di\u011fer ilgili alanlara ve bu alan \u00e7al\u0131\u015fanlar\u0131na ve \u00f6\u011frencilerimize fayda sa\u011flamas\u0131 dile\u011fiyle\u2026<\/p>\n","protected":false},"excerpt":{"rendered":"<p>Reggio Emilia yakla\u015f\u0131m\u0131 ile ilgili yay\u0131nlar \u00f6zellikle de yeni yay\u0131nlar s\u0131n\u0131rl\u0131 olmakla birlikte; bu kitapta bu yakla\u015f\u0131m\u0131n hem teorik hem uygulamal\u0131 bilgisine \u00f6ncelikle bu konudaki temel<span class=\"excerpt-hellip\"> [\u2026]<\/span><\/p>\n","protected":false},"featured_media":0,"template":"","meta":{"_monsterinsights_skip_tracking":false,"_monsterinsights_sitenote_active":false,"_monsterinsights_sitenote_note":"","_monsterinsights_sitenote_category":0},"product_brand":[],"product_cat":[12573,12566],"product_tag":[],"class_list":{"0":"post-730550","1":"product","2":"type-product","3":"status-publish","5":"product_cat-akademik-kitaplar","6":"product_cat-egitim","7":"pa_cilt-ciltsiz","8":"pa_tur-kitap","9":"pa_yayinevi-egiten-kitap","10":"pa_yazar-safak-ozturk-aynal","12":"first","13":"instock","14":"sale","15":"shipping-taxable","16":"purchasable","17":"product-type-simple"},"_links":{"self":[{"href":"https:\/\/roveyayinevi.com.tr\/index.php\/wp-json\/wp\/v2\/product\/730550","targetHints":{"allow":["GET"]}}],"collection":[{"href":"https:\/\/roveyayinevi.com.tr\/index.php\/wp-json\/wp\/v2\/product"}],"about":[{"href":"https:\/\/roveyayinevi.com.tr\/index.php\/wp-json\/wp\/v2\/types\/product"}],"wp:attachment":[{"href":"https:\/\/roveyayinevi.com.tr\/index.php\/wp-json\/wp\/v2\/media?parent=730550"}],"wp:term":[{"taxonomy":"product_brand","embeddable":true,"href":"https:\/\/roveyayinevi.com.tr\/index.php\/wp-json\/wp\/v2\/product_brand?post=730550"},{"taxonomy":"product_cat","embeddable":true,"href":"https:\/\/roveyayinevi.com.tr\/index.php\/wp-json\/wp\/v2\/product_cat?post=730550"},{"taxonomy":"product_tag","embeddable":true,"href":"https:\/\/roveyayinevi.com.tr\/index.php\/wp-json\/wp\/v2\/product_tag?post=730550"}],"curies":[{"name":"wp","href":"https:\/\/api.w.org\/{rel}","templated":true}]}}