{"id":730469,"date":"2025-08-27T21:15:12","date_gmt":"2025-08-27T18:15:12","guid":{"rendered":"https:\/\/roveyayinevi.com.tr\/index.php\/urun\/giordano-bruno-ve-hermetik-gelenek\/"},"modified":"2026-04-16T02:38:30","modified_gmt":"2026-04-15T23:38:30","slug":"giordano-bruno-ve-hermetik-gelenek","status":"publish","type":"product","link":"https:\/\/roveyayinevi.com.tr\/index.php\/urun\/giordano-bruno-ve-hermetik-gelenek\/","title":{"rendered":"Giordano Bruno ve Hermetik Gelenek"},"content":{"rendered":"<p>Y\u0131l 1460: \u0130stanbul\u2019un fethinden yedi y\u0131l sonra, Bizansl\u0131 uleman\u0131n beraberinde getirdi\u011fi elyazmalar\u0131 Floransa Saray\u0131\u2019nda antik\u00e7a\u011f felsefesi \u00fczerine hummal\u0131 bir \u00e7al\u0131\u015fma ba\u015flat\u0131r. Tam bu s\u0131rada, Makedonya\u2019dan ula\u015fan Yunanca bir elyazmas\u0131yla akan sular durur. Bu metin, R\u00f6nesans d\u00fc\u015f\u00fcnce ve sanat\u0131 \u00fczerinde kuvvetli bir tesir b\u0131rakacak olan Hermetik K\u00fclliyatt\u0131r.   Hafiye romanlar\u0131n\u0131 aratmayacak bir merak duygusunun \u00f6nderlik etti\u011fi bu ara\u015ft\u0131rmada Frances Yates, \u201cDin Sava\u015flar\u0131\u201d d\u00f6neminde Avrupa\u2019da ilahiyat, felsefe ve b\u00fcy\u00fc aras\u0131nda yeniden \u00e7izilmekte olan s\u0131n\u0131rlar\u0131 Hermetik gelene\u011fin en \u00f6nde gelen temsilcisi Giordano Bruno\u2019nun \u0130talya\u2019dan ba\u015flay\u0131p Paris, Londra, Almanya, hatta Prag\u2019a uzanan ve Venedik\u2019te son bulan ser\u00fcveni \u00fczerinden irdeliyor. Hermetizm\u2019in modern siyasi d\u00fc\u015f\u00fcnce i\u00e7indeki yank\u0131lar\u0131n\u0131n, kriz d\u00f6nemleri ba\u015fta olmak \u00fczere g\u00fcn\u00fcm\u00fcz siyasi d\u00fc\u015f\u00fcncesine h\u00e2l\u00e2 rehberlik eden \u00dctopyac\u0131lar \u00fczerindeki etkisinin okurda bilhassa kar\u015f\u0131l\u0131k bulaca\u011f\u0131n\u0131 umuyoruz.   \u201cFrances Yates \u2026 o ender bulunan bilginlerden; yazd\u0131klar\u0131 hakikaten nefes kesici.\u201d \u2014 The Times<\/p>\n","protected":false},"excerpt":{"rendered":"<p>Y\u0131l 1460: \u0130stanbul\u2019un fethinden yedi y\u0131l sonra, Bizansl\u0131 uleman\u0131n beraberinde getirdi\u011fi elyazmalar\u0131 Floransa Saray\u0131\u2019nda antik\u00e7a\u011f felsefesi \u00fczerine hummal\u0131 bir \u00e7al\u0131\u015fma ba\u015flat\u0131r. Tam bu s\u0131rada, Makedonya\u2019dan ula\u015fan<span class=\"excerpt-hellip\"> [\u2026]<\/span><\/p>\n","protected":false},"featured_media":0,"template":"","meta":{"_monsterinsights_skip_tracking":false,"_monsterinsights_sitenote_active":false,"_monsterinsights_sitenote_note":"","_monsterinsights_sitenote_category":0},"product_brand":[],"product_cat":[12389,12388],"product_tag":[],"class_list":{"0":"post-730469","1":"product","2":"type-product","3":"status-publish","5":"product_cat-diger-felsefe","6":"product_cat-felsefe","7":"pa_cilt-ciltsiz","8":"pa_tur-kitap","9":"pa_yayinevi-say-yayinlari","10":"pa_yazar-frances-yates","12":"first","13":"instock","14":"sale","15":"shipping-taxable","16":"purchasable","17":"product-type-simple"},"_links":{"self":[{"href":"https:\/\/roveyayinevi.com.tr\/index.php\/wp-json\/wp\/v2\/product\/730469","targetHints":{"allow":["GET"]}}],"collection":[{"href":"https:\/\/roveyayinevi.com.tr\/index.php\/wp-json\/wp\/v2\/product"}],"about":[{"href":"https:\/\/roveyayinevi.com.tr\/index.php\/wp-json\/wp\/v2\/types\/product"}],"wp:attachment":[{"href":"https:\/\/roveyayinevi.com.tr\/index.php\/wp-json\/wp\/v2\/media?parent=730469"}],"wp:term":[{"taxonomy":"product_brand","embeddable":true,"href":"https:\/\/roveyayinevi.com.tr\/index.php\/wp-json\/wp\/v2\/product_brand?post=730469"},{"taxonomy":"product_cat","embeddable":true,"href":"https:\/\/roveyayinevi.com.tr\/index.php\/wp-json\/wp\/v2\/product_cat?post=730469"},{"taxonomy":"product_tag","embeddable":true,"href":"https:\/\/roveyayinevi.com.tr\/index.php\/wp-json\/wp\/v2\/product_tag?post=730469"}],"curies":[{"name":"wp","href":"https:\/\/api.w.org\/{rel}","templated":true}]}}