{"id":730400,"date":"2025-08-27T21:13:35","date_gmt":"2025-08-27T18:13:35","guid":{"rendered":"https:\/\/roveyayinevi.com.tr\/index.php\/urun\/vatan-sevdalisi-ataturk\/"},"modified":"2026-04-16T02:38:28","modified_gmt":"2026-04-15T23:38:28","slug":"vatan-sevdalisi-ataturk","status":"publish","type":"product","link":"https:\/\/roveyayinevi.com.tr\/index.php\/urun\/vatan-sevdalisi-ataturk\/","title":{"rendered":"Vatan Sevdal\u0131s\u0131 Atat\u00fcrk"},"content":{"rendered":"<p>Osmanl\u0131 Devleti\u2019nin tarih sahnesinden \u00e7ekilmeye y\u00fcz tuttu\u011fu, bir d\u00f6nemde, Anadolu\u2019yu merkez se\u00e7en Mustafa Kemal ve silah arkada\u015flar\u0131, milletimizin milli ve manevi de\u011ferlerine olan ba\u011fl\u0131l\u0131\u011f\u0131na ve h\u00fcrriyete olan d\u00fc\u015fk\u00fcnl\u00fc\u011f\u00fcne g\u00fcvenerek Ulusal Kurtulu\u015f Sava\u015f\u0131\u2019n\u0131 ba\u015flat\u0131p, yedi d\u00fcvele kar\u015f\u0131 b\u00fcy\u00fck bir zafer kazanm\u0131\u015flard\u0131r.Peki, her d\u00f6nem hakk\u0131nda konu\u015fulan ve tart\u0131\u015f\u0131lan;Vatan sevdal\u0131s\u0131 Gazi Mustafa Kemal kimdir ?Nas\u0131l bir e\u011fitim s\u00fcrecinden ge\u00e7mi\u015ftir ?Gen\u00e7lik y\u0131llar\u0131nda d\u00fcnya siyasetini nas\u0131l okumu\u015ftur ?Bir evlat, bir asker, bir siyasi lider olarak nas\u0131l birisidir ?Dine ve \u0130slamiyet\u2019e bak\u0131\u015f\u0131 nas\u0131ld\u0131 ?Ya\u015fad\u0131\u011f\u0131 d\u00f6nemde, d\u00fcnya O\u2019nu nas\u0131l bilirdi ?Liderlik s\u0131rlar\u0131, askeri yetenekleri, siyasi analizleri, dini g\u00f6r\u00fc\u015fleri ve milletine olan muhabbeti ne dereceydi ?Elinizdeki eser, tarih biliminin hassasiyetleri g\u00f6z \u00f6n\u00fcne al\u0131narak haz\u0131rlanm\u0131\u015ft\u0131r ve amac\u0131, belgeler ve bilgiler \u0131\u015f\u0131\u011f\u0131nda \u2018insan\u2019 olan Atat\u00fcrk\u2019\u00fc daha yak\u0131ndan tan\u0131makt\u0131r.<\/p>\n","protected":false},"excerpt":{"rendered":"<p>Osmanl\u0131 Devleti\u2019nin tarih sahnesinden \u00e7ekilmeye y\u00fcz tuttu\u011fu, bir d\u00f6nemde, Anadolu\u2019yu merkez se\u00e7en Mustafa Kemal ve silah arkada\u015flar\u0131, milletimizin milli ve manevi de\u011ferlerine olan ba\u011fl\u0131l\u0131\u011f\u0131na ve h\u00fcrriyete<span class=\"excerpt-hellip\"> [\u2026]<\/span><\/p>\n","protected":false},"featured_media":0,"template":"","meta":{"_monsterinsights_skip_tracking":false,"_monsterinsights_sitenote_active":false,"_monsterinsights_sitenote_note":"","_monsterinsights_sitenote_category":0},"product_brand":[],"product_cat":[12530,12304],"product_tag":[],"class_list":{"0":"post-730400","1":"product","2":"type-product","3":"status-publish","5":"product_cat-mustafa-kemal-ataturk","6":"product_cat-tarih","7":"pa_cilt-ciltsiz","8":"pa_tur-kitap","9":"pa_yayinevi-yediveren-yayinlari","10":"pa_yazar-mehmet-isik","12":"first","13":"instock","14":"sale","15":"shipping-taxable","16":"purchasable","17":"product-type-simple"},"_links":{"self":[{"href":"https:\/\/roveyayinevi.com.tr\/index.php\/wp-json\/wp\/v2\/product\/730400","targetHints":{"allow":["GET"]}}],"collection":[{"href":"https:\/\/roveyayinevi.com.tr\/index.php\/wp-json\/wp\/v2\/product"}],"about":[{"href":"https:\/\/roveyayinevi.com.tr\/index.php\/wp-json\/wp\/v2\/types\/product"}],"wp:attachment":[{"href":"https:\/\/roveyayinevi.com.tr\/index.php\/wp-json\/wp\/v2\/media?parent=730400"}],"wp:term":[{"taxonomy":"product_brand","embeddable":true,"href":"https:\/\/roveyayinevi.com.tr\/index.php\/wp-json\/wp\/v2\/product_brand?post=730400"},{"taxonomy":"product_cat","embeddable":true,"href":"https:\/\/roveyayinevi.com.tr\/index.php\/wp-json\/wp\/v2\/product_cat?post=730400"},{"taxonomy":"product_tag","embeddable":true,"href":"https:\/\/roveyayinevi.com.tr\/index.php\/wp-json\/wp\/v2\/product_tag?post=730400"}],"curies":[{"name":"wp","href":"https:\/\/api.w.org\/{rel}","templated":true}]}}