{"id":730336,"date":"2025-08-27T21:12:37","date_gmt":"2025-08-27T18:12:37","guid":{"rendered":"https:\/\/roveyayinevi.com.tr\/index.php\/urun\/istiklal-suvarisi-izmirin-kurtulusu\/"},"modified":"2025-11-13T06:41:39","modified_gmt":"2025-11-13T03:41:39","slug":"istiklal-suvarisi-izmirin-kurtulusu","status":"publish","type":"product","link":"https:\/\/roveyayinevi.com.tr\/index.php\/urun\/istiklal-suvarisi-izmirin-kurtulusu\/","title":{"rendered":"\u0130stiklal S\u00fcvarisi- \u0130zmir\u2019in Kurtulu\u015fu"},"content":{"rendered":"<p>Bu kitap, Birinci D\u00fcnya Sava\u015f\u0131\u2019nda Filistin-Suriye cephesinden sonra Bol\u015fevizm yanl\u0131s\u0131 Ye\u015fil Ordu\u2019da, ard\u0131ndan Mustafa Kemal Pa\u015fa\u2019n\u0131n \u0130stiklal Ordusu\u2019nda \u00e7arp\u0131\u015fan, Fahrettin Altay Pa\u015fa komutas\u0131ndaki 5. S\u00fcvari Kolordusu, 2. T\u00fcmen, 4. Alay, 2. B\u00f6l\u00fck S\u00fcvari Tak\u0131m Kumandan\u0131 olarak, \u0130zmir\u2019e ilk giren ve H\u00fck\u00fcmet Kona\u011f\u0131\u2019na T\u00fcrk bayra\u011f\u0131n\u0131 \u00e7eken Te\u011fmen Ali R\u0131za Ak\u0131nc\u0131\u2019n\u0131n \u015fimdiye kadar hi\u00e7 yay\u0131nlanmam\u0131\u015f hat\u0131rat\u0131n\u0131 sunar. Kitap ayn\u0131 zamanda \u0130zmir\u2019in Kurtulu\u015fu destan\u0131d\u0131r: \u0130stiklal Ordusu\u2019nun en alt\u0131ndaki a\u00e7, susuz, uykusuz, be\u015f paras\u0131z, \u00e7\u0131plak at\u0131na semersiz binen, kuru peksimetten ba\u015fka bir \u015fey yiyemeyen, at\u0131 ve t\u00fcfe\u011finden ba\u015fka hazinesi olmayan ama vatan a\u015fk\u0131 ile kavrulan insanlar\u0131n emperyalizme kar\u015f\u0131 destans\u0131 isyan\u0131n\u0131n hik\u00e2yesi&#8230; <\/p>\n","protected":false},"excerpt":{"rendered":"<p>Bu kitap, Birinci D\u00fcnya Sava\u015f\u0131\u2019nda Filistin-Suriye cephesinden sonra Bol\u015fevizm yanl\u0131s\u0131 Ye\u015fil Ordu\u2019da, ard\u0131ndan Mustafa Kemal Pa\u015fa\u2019n\u0131n \u0130stiklal Ordusu\u2019nda \u00e7arp\u0131\u015fan, Fahrettin Altay Pa\u015fa komutas\u0131ndaki 5. S\u00fcvari Kolordusu,<span class=\"excerpt-hellip\"> [\u2026]<\/span><\/p>\n","protected":false},"featured_media":0,"template":"","meta":{"_monsterinsights_skip_tracking":false,"_monsterinsights_sitenote_active":false,"_monsterinsights_sitenote_note":"","_monsterinsights_sitenote_category":0},"product_brand":[],"product_cat":[12304,13650],"product_tag":[],"class_list":{"0":"post-730336","1":"product","2":"type-product","3":"status-publish","5":"product_cat-tarih","6":"product_cat-turk-tarihi-arastirmalari","7":"pa_cilt-ciltsiz","8":"pa_tur-kitap","9":"pa_yayinevi-kirmizi-kedi-yayinevi","10":"pa_yazar-yasar-aksoy","12":"first","13":"instock","14":"sale","15":"shipping-taxable","16":"purchasable","17":"product-type-simple"},"_links":{"self":[{"href":"https:\/\/roveyayinevi.com.tr\/index.php\/wp-json\/wp\/v2\/product\/730336","targetHints":{"allow":["GET"]}}],"collection":[{"href":"https:\/\/roveyayinevi.com.tr\/index.php\/wp-json\/wp\/v2\/product"}],"about":[{"href":"https:\/\/roveyayinevi.com.tr\/index.php\/wp-json\/wp\/v2\/types\/product"}],"wp:attachment":[{"href":"https:\/\/roveyayinevi.com.tr\/index.php\/wp-json\/wp\/v2\/media?parent=730336"}],"wp:term":[{"taxonomy":"product_brand","embeddable":true,"href":"https:\/\/roveyayinevi.com.tr\/index.php\/wp-json\/wp\/v2\/product_brand?post=730336"},{"taxonomy":"product_cat","embeddable":true,"href":"https:\/\/roveyayinevi.com.tr\/index.php\/wp-json\/wp\/v2\/product_cat?post=730336"},{"taxonomy":"product_tag","embeddable":true,"href":"https:\/\/roveyayinevi.com.tr\/index.php\/wp-json\/wp\/v2\/product_tag?post=730336"}],"curies":[{"name":"wp","href":"https:\/\/api.w.org\/{rel}","templated":true}]}}