{"id":730298,"date":"2025-08-27T21:12:01","date_gmt":"2025-08-27T18:12:01","guid":{"rendered":"https:\/\/roveyayinevi.com.tr\/index.php\/urun\/kuresel-iktisadi-tarihce-1980-2009\/"},"modified":"2026-04-16T02:37:45","modified_gmt":"2026-04-15T23:37:45","slug":"kuresel-iktisadi-tarihce-1980-2009","status":"publish","type":"product","link":"https:\/\/roveyayinevi.com.tr\/index.php\/urun\/kuresel-iktisadi-tarihce-1980-2009\/","title":{"rendered":"K\u00fcresel \u0130ktisadi Tarih\u00e7e, 1980-2009"},"content":{"rendered":"<p>Elinizdeki kitap, k\u00fcresel iktisad\u0131n neoliberal ideoloji g\u00fcd\u00fcm\u00fcnde ge\u00e7en 1980-2009 d\u00f6nemini betimlemek ve irdelemek amac\u0131 ile yaz\u0131lm\u0131\u015f olup, giri\u015f ve sonu\u00e7 b\u00f6l\u00fcmleri d\u0131\u015f\u0131nda, ba\u015fl\u0131ca \u00fc\u00e7 k\u0131s\u0131mdan olu\u015fmaktad\u0131r. Bu \u00fc\u00e7 k\u0131s\u0131mda, an\u0131lan d\u00f6nemdeki k\u00fcresel iktisadi y\u00f6neti\u015fim mekanizmas\u0131, uygulanan belli ba\u015fl\u0131 iktisat politikalar\u0131 ve d\u00f6nemin iktisadi ba\u015far\u0131m\u0131 s\u0131rayla incelenmi\u015ftir. Birinci k\u0131sm\u0131n ilk b\u00f6l\u00fcm\u00fcnde neoliberalizmin geli\u015fmi\u015f ve geli\u015fmekte olan \u00fclke gruplar\u0131nda ekonomiyi d\u00f6n\u00fc\u015ft\u00fcrme patikalar\u0131 \u00f6zetlenmekte, k\u00fcresel iktisadi y\u00f6neti\u015fimin kurumsal \u00e7er\u00e7evesi tan\u0131t\u0131lmaktad\u0131r. Bu kurumsal \u00e7er\u00e7evenin iki \u00f6nemli bile\u015feni olan uluslararas\u0131 para ve finans sistemi ile d\u00fcnya ticaretini d\u00fczenleyen ve y\u00f6nlendiren \u00f6rg\u00fctlenmeler, izleyen b\u00f6l\u00fcmlerde ele al\u0131nm\u0131\u015ft\u0131r. \u0130kinci k\u0131s\u0131m, kaynak tahsisini etkileyen iktisat politikalar\u0131n\u0131n (bu ba\u011flamda sanayi, tar\u0131m ve \u00e7evre politikalar\u0131n\u0131n) incelenmesiyle ba\u015flamakta, bunu d\u0131\u015f ticaret, talep y\u00f6netimi ve b\u00f6l\u00fc\u015f\u00fcm politikalar\u0131 \u00fczerindeki de\u011ferlendirmeler ve \u00f6demeler dengesi sermaye hesab\u0131n\u0131n y\u00f6netimine ili\u015fkin tart\u0131\u015fmalar izlemektedir. Bu k\u0131s\u0131mda iktisat politikalar\u0131n\u0131n \u00fclke gruplar\u0131 ve\/veya \u00fclkeler itibar\u0131yla nas\u0131l farkl\u0131la\u015ft\u0131\u011f\u0131na ve politika \u00f6nceliklerinin zaman i\u00e7inde nas\u0131l evrildi\u011fine de de\u011finilmi\u015ftir. K\u00fcresel iktisadi ba\u015far\u0131m\u0131n incelenmesine ayr\u0131lan \u00fc\u00e7\u00fcnc\u00fc ve son k\u0131sm\u0131n ilk iki b\u00f6l\u00fcm\u00fcnde iktisadi geli\u015fmenin genel g\u00f6r\u00fcn\u00fcm\u00fc ve k\u00fcresel gelir b\u00f6l\u00fc\u015f\u00fcm\u00fc \u00f6ncelikle ele al\u0131nm\u0131\u015ft\u0131r. \u00dc\u00e7\u00fcnc\u00fc k\u0131sm\u0131 ve kitab\u0131 sonland\u0131ran b\u00f6l\u00fcmde d\u00fcnya ekonomisinin finansalla\u015fmas\u0131 ve \u201cNeoliberal \u00c7a\u011f\u201ddaki finansal krizler \u00fczerinde durulmu\u015ftur. G\u00f6rece ayr\u0131nt\u0131l\u0131 olan bu b\u00f6l\u00fcm, yazar\u0131n \u015fu kan\u0131s\u0131n\u0131 yans\u0131tmaktad\u0131r: Ge\u00e7mi\u015ften artakalan s\u00f6ylem ve uygulamalar k\u0131smen s\u00fcrd\u00fcr\u00fclse bile, 2007-9 finansal krizinden sonraki d\u00fcnya, art\u0131k ba\u015fka bir d\u00fcnya olacakt\u0131r<\/p>\n","protected":false},"excerpt":{"rendered":"<p>Elinizdeki kitap, k\u00fcresel iktisad\u0131n neoliberal ideoloji g\u00fcd\u00fcm\u00fcnde ge\u00e7en 1980-2009 d\u00f6nemini betimlemek ve irdelemek amac\u0131 ile yaz\u0131lm\u0131\u015f olup, giri\u015f ve sonu\u00e7 b\u00f6l\u00fcmleri d\u0131\u015f\u0131nda, ba\u015fl\u0131ca \u00fc\u00e7 k\u0131s\u0131mdan olu\u015fmaktad\u0131r.<span class=\"excerpt-hellip\"> [\u2026]<\/span><\/p>\n","protected":false},"featured_media":0,"template":"","meta":{"_monsterinsights_skip_tracking":false,"_monsterinsights_sitenote_active":false,"_monsterinsights_sitenote_note":"","_monsterinsights_sitenote_category":0},"product_brand":[],"product_cat":[14841,13043],"product_tag":[],"class_list":{"0":"post-730298","1":"product","2":"type-product","3":"status-publish","5":"product_cat-arastirma-inceleme-kuram","6":"product_cat-ekonomi","7":"pa_cilt-ciltsiz","8":"pa_tur-kitap","9":"pa_yayinevi-yordam-kitap","10":"pa_yazar-oktar-turel","12":"first","13":"instock","14":"sale","15":"shipping-taxable","16":"purchasable","17":"product-type-simple"},"_links":{"self":[{"href":"https:\/\/roveyayinevi.com.tr\/index.php\/wp-json\/wp\/v2\/product\/730298","targetHints":{"allow":["GET"]}}],"collection":[{"href":"https:\/\/roveyayinevi.com.tr\/index.php\/wp-json\/wp\/v2\/product"}],"about":[{"href":"https:\/\/roveyayinevi.com.tr\/index.php\/wp-json\/wp\/v2\/types\/product"}],"wp:attachment":[{"href":"https:\/\/roveyayinevi.com.tr\/index.php\/wp-json\/wp\/v2\/media?parent=730298"}],"wp:term":[{"taxonomy":"product_brand","embeddable":true,"href":"https:\/\/roveyayinevi.com.tr\/index.php\/wp-json\/wp\/v2\/product_brand?post=730298"},{"taxonomy":"product_cat","embeddable":true,"href":"https:\/\/roveyayinevi.com.tr\/index.php\/wp-json\/wp\/v2\/product_cat?post=730298"},{"taxonomy":"product_tag","embeddable":true,"href":"https:\/\/roveyayinevi.com.tr\/index.php\/wp-json\/wp\/v2\/product_tag?post=730298"}],"curies":[{"name":"wp","href":"https:\/\/api.w.org\/{rel}","templated":true}]}}