{"id":730180,"date":"2025-08-27T21:09:44","date_gmt":"2025-08-27T18:09:44","guid":{"rendered":"https:\/\/roveyayinevi.com.tr\/index.php\/urun\/idris-sabih-gezmen\/"},"modified":"2025-12-30T10:39:12","modified_gmt":"2025-12-30T07:39:12","slug":"idris-sabih-gezmen","status":"publish","type":"product","link":"https:\/\/roveyayinevi.com.tr\/index.php\/urun\/idris-sabih-gezmen\/","title":{"rendered":"\u0130dris Sabih Gezmen"},"content":{"rendered":"<p>\u0130dris Sabih Gezmen; bir edip, matbuat adam\u0131, asker, hariciyeci\u2026 Zaman\u0131n g\u00f6lgede b\u0131rakt\u0131\u011f\u0131 destans\u0131 hayat\u0131yla, \u015fahsiyetiyle, eserleriyle g\u00f6lgesinden b\u00fcy\u00fck bir T\u00fcrk\u2026 Medine M\u00fcdafii Fahrettin Pa\u015fa\u2019n\u0131n s\u0131r k\u00e2tibi, Peygamber \u015fairi, esir kamplar\u0131n\u0131n y\u0131lmaz ve g\u00fcr sesi, \u0130stanbul\u2019dan k\u0131talara yay\u0131lan, 28\u2019i Hariciye\u2019de ge\u00e7en 60 y\u0131ll\u0131k bir \u00f6m\u00fcr\u2026 *** N\u00e2z\u0131m H. Polat, otuz y\u0131ll\u0131k \u201cderin kaz\u0131 \u00e7al\u0131\u015fma\u201ds\u0131yla \u0130dris Sabih\u2019i her cephesiyle g\u00fcn y\u00fcz\u00fcne \u00e7\u0131kar\u0131yor. \u0130dris Sabih\u2019in b\u00fct\u00fcn kalem mahsullerinin yan\u0131 s\u0131ra birinci elden belgeler ve g\u00f6rsel malzemelerle zenginle\u015ftirilmi\u015f elinizdeki kitap, size abide bir \u015fahsiyeti tan\u0131tmay\u0131 vaat ediyor. <\/p>\n","protected":false},"excerpt":{"rendered":"<p>\u0130dris Sabih Gezmen; bir edip, matbuat adam\u0131, asker, hariciyeci\u2026 Zaman\u0131n g\u00f6lgede b\u0131rakt\u0131\u011f\u0131 destans\u0131 hayat\u0131yla, \u015fahsiyetiyle, eserleriyle g\u00f6lgesinden b\u00fcy\u00fck bir T\u00fcrk\u2026 Medine M\u00fcdafii Fahrettin Pa\u015fa\u2019n\u0131n s\u0131r k\u00e2tibi,<span class=\"excerpt-hellip\"> [\u2026]<\/span><\/p>\n","protected":false},"featured_media":0,"template":"","meta":{"_monsterinsights_skip_tracking":false,"_monsterinsights_sitenote_active":false,"_monsterinsights_sitenote_note":"","_monsterinsights_sitenote_category":0},"product_brand":[],"product_cat":[14009,12291],"product_tag":[],"class_list":{"0":"post-730180","1":"product","2":"type-product","3":"status-publish","5":"product_cat-biyografi-otobiyografi-edebiyat","6":"product_cat-edebiyat","7":"pa_cilt-ciltsiz","8":"pa_tur-kitap","9":"pa_yayinevi-karakum-yayinevi","10":"pa_yazar-nazim-hikmet-polat","12":"first","13":"instock","14":"sale","15":"shipping-taxable","16":"purchasable","17":"product-type-simple"},"_links":{"self":[{"href":"https:\/\/roveyayinevi.com.tr\/index.php\/wp-json\/wp\/v2\/product\/730180","targetHints":{"allow":["GET"]}}],"collection":[{"href":"https:\/\/roveyayinevi.com.tr\/index.php\/wp-json\/wp\/v2\/product"}],"about":[{"href":"https:\/\/roveyayinevi.com.tr\/index.php\/wp-json\/wp\/v2\/types\/product"}],"wp:attachment":[{"href":"https:\/\/roveyayinevi.com.tr\/index.php\/wp-json\/wp\/v2\/media?parent=730180"}],"wp:term":[{"taxonomy":"product_brand","embeddable":true,"href":"https:\/\/roveyayinevi.com.tr\/index.php\/wp-json\/wp\/v2\/product_brand?post=730180"},{"taxonomy":"product_cat","embeddable":true,"href":"https:\/\/roveyayinevi.com.tr\/index.php\/wp-json\/wp\/v2\/product_cat?post=730180"},{"taxonomy":"product_tag","embeddable":true,"href":"https:\/\/roveyayinevi.com.tr\/index.php\/wp-json\/wp\/v2\/product_tag?post=730180"}],"curies":[{"name":"wp","href":"https:\/\/api.w.org\/{rel}","templated":true}]}}