{"id":730088,"date":"2025-08-27T21:08:19","date_gmt":"2025-08-27T18:08:19","guid":{"rendered":"https:\/\/roveyayinevi.com.tr\/index.php\/urun\/sayilar-ve-turumuze-katkilari\/"},"modified":"2026-04-16T02:37:40","modified_gmt":"2026-04-15T23:37:40","slug":"sayilar-ve-turumuze-katkilari","status":"publish","type":"product","link":"https:\/\/roveyayinevi.com.tr\/index.php\/urun\/sayilar-ve-turumuze-katkilari\/","title":{"rendered":"Say\u0131lar ve T\u00fcr\u00fcm\u00fcze Katk\u0131lar\u0131"},"content":{"rendered":"<p>\u0130nsan k\u00fclt\u00fcrleri \u015fa\u015f\u0131rt\u0131c\u0131 derecede k\u0131sa bir s\u00fcre \u00f6ncesine kadar say\u0131 mefhumuna sahip de\u011fildi. Say\u0131lar\u0131n icad\u0131yla gelen s\u00f6zel ve sembolik temsiller, insan ya\u015fant\u0131s\u0131nda k\u00f6kl\u00fc bir d\u00f6n\u00fc\u015f\u00fcme yol a\u00e7t\u0131. \u00c7ocuklu\u011funu Amazonlardaki yerli kabileler aras\u0131nda ge\u00e7iren dilbilimci antropolog Caleb Everett \u00f6d\u00fcll\u00fc \u00e7al\u0131\u015fmas\u0131 Say\u0131lar ve T\u00fcr\u00fcm\u00fcze Katk\u0131lar\u0131\u2019nda bu d\u00f6n\u00fc\u015f\u00fcm\u00fcn kapsam\u0131n\u0131 ortaya koyuyor, farkl\u0131 k\u00fclt\u00fcrlerin say\u0131larla ili\u015fkisini ve say\u0131lar\u0131n insan zihnini, davran\u0131\u015f ve k\u00fclt\u00fcrleri nas\u0131l \u015fekillendirdi\u011fini incelikle ele al\u0131yor.   Bili\u015fsel bilimler, dilbilim, antropoloji, n\u00f6robiyoloji ve fizyoloji gibi farkl\u0131 alanlardan pek \u00e7ok ara\u015ft\u0131rmayla zenginle\u015fen bu anlat\u0131da arkaik say\u0131 sistemleri, yerli kabilelerin farkl\u0131 sayma uygulamalar\u0131, insanlarla di\u011fer hayvanlar\u0131n say\u0131sal becerileri ve bu becerilerin n\u00f6robiyolojik k\u00f6kenleri de ufuk a\u00e7\u0131c\u0131 \u00f6rneklerle a\u00e7\u0131klan\u0131yor.    \u201cEverett\u2019in \u00e7ok farkl\u0131 alanlardan \u00e7arp\u0131c\u0131 \u00e7al\u0131\u015fmalarla destekledi\u011fi g\u00fc\u00e7l\u00fc bir sav\u0131 var: Say\u0131lar ne do\u011fald\u0131r ne de insan do\u011fas\u0131na i\u00e7kindir; insan zihninin yaratt\u0131\u011f\u0131 bili\u015fsel bir icatt\u0131r ve nicelikleri anlay\u0131p ay\u0131rt etme \u015feklimizi ebediyen de\u011fi\u015ftirmi\u015ftir. Say\u0131lar\u0131n tar\u0131m ve tar\u0131ma dayal\u0131 kalabal\u0131k toplumlar\u0131n geli\u015fiminde hayati rol oynad\u0131\u011f\u0131na ili\u015fkin sav\u0131 da bir o kadar ikna edici.\u201d Amir Alexander, Wall Street Journal   \u201cEverett binlerce y\u0131ll\u0131k insan evrimini irdeleme ser\u00fcveninde Amazon ormanlar\u0131ndan Avustralya \u00e7\u00f6llerine yolculuk ederken insan k\u00fclt\u00fcrlerinin \u00e7e\u015fitlili\u011fini daha derinden anlama \u00e7abas\u0131n\u0131 asla elden b\u0131rakm\u0131yor, soluk kesici bir anlat\u0131yla t\u00fcr\u00fcm\u00fcz\u00fcn en \u00f6nemli bili\u015fsel ve dilsel ba\u015far\u0131s\u0131n\u0131 ele al\u0131yor: say\u0131 saymak ve niceliksel kavramlar\u0131 kullanarak muazzam \u00e7e\u015fitlilikteki k\u00fclt\u00fcrel faaliyetleri zenginle\u015ftirip geli\u015ftirmek.\u201d Bernd Heine, University of Cologne   \u201cSay\u0131lar zihin a\u00e7an, yer yer de okuyucuyu \u015fa\u015fk\u0131na \u00e7eviren bir \u00e7al\u0131\u015fma. Dilin k\u00fclt\u00fcrel bir icat olarak t\u00fcr\u00fcm\u00fcz\u00fc \u015fekillendirmekteki hayati i\u015flevini ikna edici bir \u015fekilde ortaya koyuyor.\u201d Vyvyan Evans, New Scientist<\/p>\n","protected":false},"excerpt":{"rendered":"<p>\u0130nsan k\u00fclt\u00fcrleri \u015fa\u015f\u0131rt\u0131c\u0131 derecede k\u0131sa bir s\u00fcre \u00f6ncesine kadar say\u0131 mefhumuna sahip de\u011fildi. Say\u0131lar\u0131n icad\u0131yla gelen s\u00f6zel ve sembolik temsiller, insan ya\u015fant\u0131s\u0131nda k\u00f6kl\u00fc bir d\u00f6n\u00fc\u015f\u00fcme yol<span class=\"excerpt-hellip\"> [\u2026]<\/span><\/p>\n","protected":false},"featured_media":0,"template":"","meta":{"_monsterinsights_skip_tracking":false,"_monsterinsights_sitenote_active":false,"_monsterinsights_sitenote_note":"","_monsterinsights_sitenote_category":0},"product_brand":[],"product_cat":[13005,15998],"product_tag":[],"class_list":{"0":"post-730088","1":"product","2":"type-product","3":"status-publish","5":"product_cat-bilim-muhendislik","6":"product_cat-bilim-tarihi","7":"pa_cilt-ciltsiz","8":"pa_tur-kitap","9":"pa_yayinevi-kolektif-kitap","10":"pa_yazar-caleb-everett","12":"first","13":"instock","14":"sale","15":"shipping-taxable","16":"purchasable","17":"product-type-simple"},"_links":{"self":[{"href":"https:\/\/roveyayinevi.com.tr\/index.php\/wp-json\/wp\/v2\/product\/730088","targetHints":{"allow":["GET"]}}],"collection":[{"href":"https:\/\/roveyayinevi.com.tr\/index.php\/wp-json\/wp\/v2\/product"}],"about":[{"href":"https:\/\/roveyayinevi.com.tr\/index.php\/wp-json\/wp\/v2\/types\/product"}],"wp:attachment":[{"href":"https:\/\/roveyayinevi.com.tr\/index.php\/wp-json\/wp\/v2\/media?parent=730088"}],"wp:term":[{"taxonomy":"product_brand","embeddable":true,"href":"https:\/\/roveyayinevi.com.tr\/index.php\/wp-json\/wp\/v2\/product_brand?post=730088"},{"taxonomy":"product_cat","embeddable":true,"href":"https:\/\/roveyayinevi.com.tr\/index.php\/wp-json\/wp\/v2\/product_cat?post=730088"},{"taxonomy":"product_tag","embeddable":true,"href":"https:\/\/roveyayinevi.com.tr\/index.php\/wp-json\/wp\/v2\/product_tag?post=730088"}],"curies":[{"name":"wp","href":"https:\/\/api.w.org\/{rel}","templated":true}]}}