{"id":730084,"date":"2025-08-27T21:08:16","date_gmt":"2025-08-27T18:08:16","guid":{"rendered":"https:\/\/roveyayinevi.com.tr\/index.php\/urun\/ii-hacli-seferi\/"},"modified":"2026-04-16T02:37:40","modified_gmt":"2026-04-15T23:37:40","slug":"ii-hacli-seferi","status":"publish","type":"product","link":"https:\/\/roveyayinevi.com.tr\/index.php\/urun\/ii-hacli-seferi\/","title":{"rendered":"II.Ha\u00e7l\u0131 Seferi"},"content":{"rendered":"<p>II. Ha\u00e7l\u0131 Seferi\u2019nin Temel Kayna\u011f\u0131\u2026Urfa Ha\u00e7l\u0131 Kontlu\u011fu, Birinci Ha\u00e7l\u0131 Seferi s\u0131ras\u0131nda Do\u011fu\u2019da kurulan ilk Ha\u00e7l\u0131 devletiydi. 24 Aral\u0131k 1144 tarihinde Musul Atabeyi \u0130madeddin Zengi taraf\u0131ndan ele ge\u00e7irildi\u011finde ise ilk y\u0131k\u0131lan\u0131 oldu. Urfa\u2019n\u0131n T\u00fcrklerin eline ge\u00e7i\u015fi, di\u011fer Ha\u00e7l\u0131 devletlerinde \u015fok etkisi yaratt\u0131\u011f\u0131 gibi Avrupa\u2019da da yakla\u015f\u0131k k\u0131rk y\u0131ld\u0131r s\u00f6nm\u00fc\u015f olan Ha\u00e7l\u0131 ate\u015finin yeniden alevlenmesine yol a\u00e7m\u0131\u015ft\u0131r. Bu kayb\u0131n ard\u0131ndan, Antakya ve Kud\u00fcs\u2019\u00fcn Latin h\u00fck\u00fcmdarlar\u0131, yeni bir Ha\u00e7l\u0131 Seferi d\u00fczenlenmesi talebiyle Papa III. Eugenius\u2019a yard\u0131m \u00e7a\u011fr\u0131s\u0131nda bulunmu\u015f. Papa III. Eugenius, Fransa Kral\u0131 VII. Louis ve Alman Kral\u0131 III. Konrad\u2019\u0131n ha\u00e7\u0131 kabul etmesini sa\u011flam\u0131\u015ft\u0131r. Neticede Avrupa\u2019n\u0131n iki b\u00fcy\u00fck h\u00fck\u00fcmdar\u0131n\u0131n komutas\u0131ndaki Ha\u00e7l\u0131 ordular\u0131, 1147 y\u0131l\u0131n\u0131n bahar aylar\u0131nda harekete ge\u00e7ti; fakat sefer sonucunda \u00f6nemli bir ba\u015far\u0131 elde edilemedi. 1147 y\u0131l\u0131nda Fransa kral\u0131 ile Ha\u00e7l\u0131 Seferi\u2019ne kat\u0131lan ve kral\u0131n vaizi olan Deuilli Odo\u2019nun Caner Toga\u00e7 taraf\u0131ndan Latinceden \u00e7evrilen kitab\u0131, \u0130kinci Ha\u00e7l\u0131 Seferi\u2019ne dair yap\u0131lan \u00e7al\u0131\u015fmalarda uzun s\u00fcre temel kaynak olarak kullan\u0131lm\u0131\u015ft\u0131r. Elinizdeki eser, Ha\u00e7l\u0131 Seferi\u2019nin ilan\u0131, haz\u0131rl\u0131klar\u0131 ve Frank hac\u0131lar\u0131n Fransa\u2019dan ayr\u0131l\u0131\u015f\u0131yla ba\u015fl\u0131yor. Seferin her an\u0131na tan\u0131kl\u0131k eden Odo; yolculu\u011fu esnas\u0131nda Macaristan, Bulgaristan, Sofya, Filibe, \u00c7atalca, Konstantinopolis, Anadolu, \u0130zmit, Efes, Antalya, Antakya gibi bir\u00e7ok yeri tasvir ediyor. Frank, Alman, Bizans ve T\u00fcrk ordular\u0131n\u0131n sefer boyunca izledikleri stratejileri, hilelerini, m\u00fccadelelerini ve anla\u015fmalar\u0131n\u0131 t\u00fcm detaylar\u0131yla birlikte aktar\u0131yor. Odo\u2019nun sefere dair duygular\u0131n\u0131 aktard\u0131\u011f\u0131 yerlerde ya\u015fanan k\u00f6t\u00fc olaylar i\u00e7in Bizansl\u0131lar\u0131 su\u00e7lamas\u0131n\u0131n yan\u0131nda Ha\u00e7l\u0131lar\u0131 da ele\u015ftirmeyi ihmal etmemesi dikkat \u00e7ekicidir.II. Ha\u00e7l\u0131 Seferi: VII. Louis\u2019in Do\u011fu\u2019ya Seyahati, ba\u015f\u0131ndan sonuna dek belgesel zevkiyle okunacak bir kaynak kitap\u2026<\/p>\n","protected":false},"excerpt":{"rendered":"<p>II. Ha\u00e7l\u0131 Seferi\u2019nin Temel Kayna\u011f\u0131\u2026Urfa Ha\u00e7l\u0131 Kontlu\u011fu, Birinci Ha\u00e7l\u0131 Seferi s\u0131ras\u0131nda Do\u011fu\u2019da kurulan ilk Ha\u00e7l\u0131 devletiydi. 24 Aral\u0131k 1144 tarihinde Musul Atabeyi \u0130madeddin Zengi taraf\u0131ndan ele<span class=\"excerpt-hellip\"> [\u2026]<\/span><\/p>\n","protected":false},"featured_media":0,"template":"","meta":{"_monsterinsights_skip_tracking":false,"_monsterinsights_sitenote_active":false,"_monsterinsights_sitenote_note":"","_monsterinsights_sitenote_category":0},"product_brand":[],"product_cat":[12312,12304],"product_tag":[],"class_list":{"0":"post-730084","1":"product","2":"type-product","3":"status-publish","5":"product_cat-diger","6":"product_cat-tarih","7":"pa_cilt-ciltsiz","8":"pa_tur-kitap","9":"pa_yayinevi-kronik-kitap","10":"pa_yazar-deuilli-odo","12":"first","13":"instock","14":"sale","15":"shipping-taxable","16":"purchasable","17":"product-type-simple"},"_links":{"self":[{"href":"https:\/\/roveyayinevi.com.tr\/index.php\/wp-json\/wp\/v2\/product\/730084","targetHints":{"allow":["GET"]}}],"collection":[{"href":"https:\/\/roveyayinevi.com.tr\/index.php\/wp-json\/wp\/v2\/product"}],"about":[{"href":"https:\/\/roveyayinevi.com.tr\/index.php\/wp-json\/wp\/v2\/types\/product"}],"wp:attachment":[{"href":"https:\/\/roveyayinevi.com.tr\/index.php\/wp-json\/wp\/v2\/media?parent=730084"}],"wp:term":[{"taxonomy":"product_brand","embeddable":true,"href":"https:\/\/roveyayinevi.com.tr\/index.php\/wp-json\/wp\/v2\/product_brand?post=730084"},{"taxonomy":"product_cat","embeddable":true,"href":"https:\/\/roveyayinevi.com.tr\/index.php\/wp-json\/wp\/v2\/product_cat?post=730084"},{"taxonomy":"product_tag","embeddable":true,"href":"https:\/\/roveyayinevi.com.tr\/index.php\/wp-json\/wp\/v2\/product_tag?post=730084"}],"curies":[{"name":"wp","href":"https:\/\/api.w.org\/{rel}","templated":true}]}}