{"id":729985,"date":"2025-08-27T21:06:12","date_gmt":"2025-08-27T18:06:12","guid":{"rendered":"https:\/\/roveyayinevi.com.tr\/index.php\/urun\/ikidillilik-ve-cokdillilik\/"},"modified":"2026-04-16T02:37:38","modified_gmt":"2026-04-15T23:37:38","slug":"ikidillilik-ve-cokdillilik","status":"publish","type":"product","link":"https:\/\/roveyayinevi.com.tr\/index.php\/urun\/ikidillilik-ve-cokdillilik\/","title":{"rendered":"\u0130kidillilik ve \u00c7okdillilik"},"content":{"rendered":"<p>Birden fazla dil \u00f6\u011frenmek ve ev, okul ve i\u015f ya\u015fam\u0131nda kullanmak, d\u00fcnyan\u0131n hemen her yerinde s\u0131k kar\u015f\u0131la\u015f\u0131lan bir durumdur. Bug\u00fcn d\u00fcnyaya g\u00f6z\u00fcn\u00fc a\u00e7an \u00e7ocuklar\u0131n \u00e7o\u011fu, erken \u00e7ocukluk d\u00f6neminden itibaren ya\u015famlar\u0131 boyunca birden fazla dile maruz kalmakta ve bu dilleri g\u00fcndelik ya\u015famlar\u0131nda etkin bir bi\u00e7imde kullanmaktad\u0131r. Bunun bireysel oldu\u011fu kadar, ekonomik, pedagojik, sosyal ve siyasal pek \u00e7ok boyutu vard\u0131r. Bu kitab\u0131n amac\u0131, birden fazla dil konu\u015fan \u00e7ocuklar\u0131n dil geli\u015fimini incelemek ve bu sayede hem e\u011fitim fak\u00fcltelerinde \u00f6\u011frenim g\u00f6ren \u00f6\u011fretmen adaylar\u0131n\u0131n akademik donan\u0131m\u0131na destek olmak, hem de \u00e7ocuklar\u0131na anadili d\u0131\u015f\u0131nda bir dil kazand\u0131rmak isteyen anne babalar\u0131n ve \u00f6\u011fretmenlerin sorular\u0131na cevap bulmakt\u0131r. Dil \u00f6\u011frenimi karma\u015f\u0131k ve \u00e7ok boyutlu bir s\u00fcre\u00e7tir. Ancak, normal geli\u015fim g\u00f6steren her \u00e7ocuk, \u00e7evresinde konu\u015fulan ve d\u00fczenli olarak ileti\u015fim kurma olana\u011f\u0131 buldu\u011fu her dili \u00f6\u011frenme kapasitesine sahiptir. Ayn\u0131 durum, i\u015fitme engelli \u00e7ocuklar i\u00e7in de ge\u00e7erlidir. Bu anlamda, beynin bir \u00e7ocu\u011fun \u00f6\u011frenebilece\u011fi dillerin say\u0131s\u0131n\u0131 s\u0131n\u0131rlamas\u0131 s\u00f6z konusu de\u011fildir. Dahas\u0131, \u00e7ocuk \u00e7evresinde konu\u015fulan bir veya birden \u00e7ok dili \u00f6\u011frenme s\u00fcrecini, bili\u015fsel, sosyal ve psikolojik a\u00e7\u0131dan hen\u00fcz geli\u015fme evresinde oldu\u011fu ya\u015fam\u0131n ilk y\u0131llar\u0131nda ya\u015famaya ba\u015flar. \u00c7ocukta dil \u00f6\u011frenimi nas\u0131l ger\u00e7ekle\u015fir? \u00c7ocuk dil edinimi s\u0131ras\u0131nda hangi evrelerden ge\u00e7er? Anne baban\u0131n veya \u00e7evrenin \u00e7ocu\u011fun dil geli\u015fimine etkileri nelerdir? \u00c7ocu\u011fun ilk s\u00f6zc\u00fckleri, ilk t\u00fcmceleri ne gibi \u00f6zellikler ta\u015f\u0131r? Do\u011frusu, \u00e7ok basitmi\u015f gibi g\u00f6r\u00fcnen bu sorular, ya\u015fam\u0131n ilk y\u0131llar\u0131nda ba\u015flayan \u00e7ok boyutlu bir \u00f6\u011frenme s\u00fcrecinin temel halkalar\u0131n\u0131 olu\u015ftururlar. Bu konuda ortaya at\u0131lan g\u00f6r\u00fc\u015fler, bili\u015fsel, dilbilimsel, n\u00f6rolojik, psikolojik ve sosyolojik bir\u00e7ok yakla\u015f\u0131m\u0131 i\u00e7erir. Ayn\u0131 bireyin iki ya da daha fazla dili \u00f6\u011frenme s\u00fcreci d\u00fc\u015f\u00fcn\u00fcld\u00fc\u011f\u00fcnde ise, kar\u015f\u0131 kar\u015f\u0131ya kald\u0131\u011f\u0131m\u0131z problem, daha karma\u015f\u0131k bir durum arz eder. Her biri kendine has ses bilgisi, morfoloji bilgisi, s\u00f6z varl\u0131\u011f\u0131, s\u00f6zdizim bilgisi, stil ve edimbilimsel kullan\u0131m kurallar\u0131 i\u00e7eren iki dile e\u015fzamanl\u0131 olarak ayn\u0131 anda ya da arka arkaya maruz kalmak, ikidilli b\u00fcy\u00fcyen bireyler i\u00e7in ba\u015fl\u0131 ba\u015f\u0131na karma\u015f\u0131k bir \u00f6\u011frenme s\u00fcrecine i\u015faret eder. K\u0131saca, iki farkl\u0131 dil sistemini aktif olarak kullanma olarak tan\u0131mlayabilece\u011fimiz ikidillilik, alanyaz\u0131nda anadil edinimine oranla daha az \u00e7al\u0131\u015f\u0131lan bir alan olmas\u0131na kar\u015f\u0131n, t\u00fcm d\u00fcnyada \u00f6nemi h\u0131zla artan alabildi\u011fine karma\u015f\u0131k bir olgudur. Bu alanda yap\u0131lan ara\u015ft\u0131rmalar, ikidillili\u011fin sadece dil \u00f6\u011frenme s\u00fcre\u00e7leriyle ve diller aras\u0131 etkile\u015fimle s\u0131n\u0131rl\u0131 olmad\u0131\u011f\u0131n\u0131, bili\u015fsel ve n\u00f6rolojik s\u00fcre\u00e7lerden, toplumsal ya\u015fama, ku\u015faklararas\u0131 dil aktar\u0131m\u0131ndan, ikidilli e\u011fitim sistemlerine kadar uzanan geni\u015f bir yelpazeye yay\u0131ld\u0131\u011f\u0131n\u0131 g\u00f6stermektedir. Bu bak\u0131mdan kitab\u0131n amac\u0131, hemen her g\u00fcn iki veya daha fazla farkl\u0131 dili konu\u015fan ve kullanan bireylerin \u00f6zelliklerini ve ikidillilik t\u00fcrlerini ele almak ve ikidillili\u011fin bili\u015fsel, n\u00f6rolojik ve sosyal boyutlar\u0131n\u0131 de\u011ferlendirerek, bu durumun iki dilde okuma ve yazma becerilerinin edinimine ve ikidilli e\u011fitim sistemlerine yans\u0131malar\u0131n\u0131 incelemektir. <\/p>\n","protected":false},"excerpt":{"rendered":"<p>Birden fazla dil \u00f6\u011frenmek ve ev, okul ve i\u015f ya\u015fam\u0131nda kullanmak, d\u00fcnyan\u0131n hemen her yerinde s\u0131k kar\u015f\u0131la\u015f\u0131lan bir durumdur. Bug\u00fcn d\u00fcnyaya g\u00f6z\u00fcn\u00fc a\u00e7an \u00e7ocuklar\u0131n \u00e7o\u011fu, erken<span class=\"excerpt-hellip\"> [\u2026]<\/span><\/p>\n","protected":false},"featured_media":0,"template":"","meta":{"_monsterinsights_skip_tracking":false,"_monsterinsights_sitenote_active":false,"_monsterinsights_sitenote_note":"","_monsterinsights_sitenote_category":0},"product_brand":[],"product_cat":[20225,12291],"product_tag":[],"class_list":{"0":"post-729985","1":"product","2":"type-product","3":"status-publish","5":"product_cat-dil-bilim","6":"product_cat-edebiyat","7":"pa_cilt-ciltsiz","8":"pa_tur-kitap","9":"pa_yayinevi-ani-yayincilik","10":"pa_yazar-belma-haznedar","12":"first","13":"instock","14":"sale","15":"shipping-taxable","16":"purchasable","17":"product-type-simple"},"_links":{"self":[{"href":"https:\/\/roveyayinevi.com.tr\/index.php\/wp-json\/wp\/v2\/product\/729985","targetHints":{"allow":["GET"]}}],"collection":[{"href":"https:\/\/roveyayinevi.com.tr\/index.php\/wp-json\/wp\/v2\/product"}],"about":[{"href":"https:\/\/roveyayinevi.com.tr\/index.php\/wp-json\/wp\/v2\/types\/product"}],"wp:attachment":[{"href":"https:\/\/roveyayinevi.com.tr\/index.php\/wp-json\/wp\/v2\/media?parent=729985"}],"wp:term":[{"taxonomy":"product_brand","embeddable":true,"href":"https:\/\/roveyayinevi.com.tr\/index.php\/wp-json\/wp\/v2\/product_brand?post=729985"},{"taxonomy":"product_cat","embeddable":true,"href":"https:\/\/roveyayinevi.com.tr\/index.php\/wp-json\/wp\/v2\/product_cat?post=729985"},{"taxonomy":"product_tag","embeddable":true,"href":"https:\/\/roveyayinevi.com.tr\/index.php\/wp-json\/wp\/v2\/product_tag?post=729985"}],"curies":[{"name":"wp","href":"https:\/\/api.w.org\/{rel}","templated":true}]}}