{"id":729911,"date":"2025-08-27T21:05:00","date_gmt":"2025-08-27T18:05:00","guid":{"rendered":"https:\/\/roveyayinevi.com.tr\/index.php\/urun\/gurebahane-i-laklakan-ciltli\/"},"modified":"2026-04-16T02:37:36","modified_gmt":"2026-04-15T23:37:36","slug":"gurebahane-i-laklakan-ciltli","status":"publish","type":"product","link":"https:\/\/roveyayinevi.com.tr\/index.php\/urun\/gurebahane-i-laklakan-ciltli\/","title":{"rendered":"Gurebahane-\u0130 Laklakan (Ciltli)"},"content":{"rendered":"<p>Ahmet Ha\u015fim\u2019in 1921-1927 y\u0131llar\u0131 aras\u0131nda \u00e7e\u015fitli gazete ve dergilerde \u00e7\u0131kan yaz\u0131lar\u0131 aras\u0131ndan se\u00e7ilen 29 denemenin yer ald\u0131\u011f\u0131 Gurebahane-i Laklakan ilk olarak 1928\u2019de yay\u0131mlanm\u0131\u015ft\u0131r. Alaturka ve alafranga saat sistemlerinden modaya, kad\u0131n ve erke\u011fin bedensel estetiklerinden sonbahar \u015fiirlerinin de\u011ferlendirilmesine kadar \u00e7ok farkl\u0131 konular\u0131 ele alan denemelerin ortak yan\u0131 son derece usta bir kalemin, her c\u00fcmlede fark edilen yaz\u0131ya h\u00e2kimiyeti ve \u00fcslupta gizli ola\u011fan\u00fcst\u00fc ince alayc\u0131l\u0131\u011f\u0131d\u0131r. Ahmet Ha\u015fim (1887-1933) Ba\u011fdat\u2019ta do\u011fan Ahmet Ha\u015fim\u2019in \u00e7ocukluk y\u0131llar\u0131 babas\u0131n\u0131n g\u00f6revi nedeniyle Arabistan\u2019\u0131n \u00e7e\u015fitli vilayetlerinde ge\u00e7er. Erken ya\u015fta annesini kaybetmesinin neden oldu\u011fu ruhsal sars\u0131nt\u0131 o d\u00f6nemden ba\u015flayarak \u00e7ekingen, i\u00e7e kapan\u0131k ve hayalperest bir ki\u015filik yap\u0131s\u0131na yol a\u00e7ar. 1895\u2019te babas\u0131yla birlikte \u0130stanbul\u2019a gelir, iyi konu\u015famad\u0131\u011f\u0131 T\u00fcrk\u00e7eyi ilk iki y\u0131l Numune-i Terakki Mektebi\u2019nde \u00f6\u011frendikten sonra, 1897\u2019de Galatasaray Sultanisi\u2019ne kaydolur. Giderek edebiyata y\u00f6nelen Ahmet Ha\u015fim, edebiyat hocalar\u0131 Tevfik Fikret ve Ahmet Hikmet M\u00fcft\u00fco\u011flu\u2019nun da deste\u011fiyle 16 ya\u015f\u0131nda ilk \u015fiirini yay\u0131mlar. 1907\u2019de Galatasaray\u2019dan mezun olur, Reji \u0130daresi\u2019nde \u00e7al\u0131\u015f\u0131rken Hukuk Mektebi\u2019ne devam eder. 1909\u2019da Fecr-i Ati toplulu\u011funun Servet-i F\u00fcnun\u2019da yay\u0131mlanan bildirisinde onun da imzas\u0131 vard\u0131r. Uzun s\u00fcrmeyen bu beraberli\u011fin ard\u0131ndan siyasi ve edebi grupla\u015fmalar\u0131n d\u0131\u015f\u0131nda kalmay\u0131 tercih eden \u015fair, kendine \u00f6zg\u00fc bir \u015fiir anlay\u0131\u015f\u0131 geli\u015ftirir. 1921\u2019de yay\u0131mlanan G\u00f6l Saatleri ve 1926\u2019da yay\u0131mlanan Piyale adl\u0131 \u015fiir kitaplar\u0131yla d\u00f6neminin \u00f6nde gelen \u015fairleri aras\u0131nda yer al\u0131r. Modern T\u00fcrk \u015fiirinin kurucular\u0131ndan biri olarak kendinden sonra gelenleri \u00f6nemli \u00f6l\u00e7\u00fcde etkiler. \u015eiirlerindeki kapal\u0131l\u0131k ve g\u00fc\u00e7 anla\u015f\u0131l\u0131rl\u0131\u011fa kar\u015f\u0131l\u0131k d\u00fczyaz\u0131lar\u0131 gayet yal\u0131n, a\u00e7\u0131k, ak\u0131c\u0131 ve yer yer mizahidir. Ele ald\u0131\u011f\u0131 pek \u00e7ok konuda zaman\u0131 a\u015fan evrensel d\u00fc\u015f\u00fcn\u00fc\u015f\u00fcyle Ahmet Ha\u015fim\u2019in yaz\u0131lar\u0131 g\u00fcn\u00fcm\u00fcz\u00fcn okuru i\u00e7in de h\u00e2l\u00e2 ilgi \u00e7ekicidir. Yazar\u0131n se\u00e7me eserlerine T\u00fcrk Edebiyat\u0131 Klasikleri Dizimizde yer vermeyi s\u00fcrd\u00fcrece\u011fiz. <\/p>\n","protected":false},"excerpt":{"rendered":"<p>Ahmet Ha\u015fim\u2019in 1921-1927 y\u0131llar\u0131 aras\u0131nda \u00e7e\u015fitli gazete ve dergilerde \u00e7\u0131kan yaz\u0131lar\u0131 aras\u0131ndan se\u00e7ilen 29 denemenin yer ald\u0131\u011f\u0131 Gurebahane-i Laklakan ilk olarak 1928\u2019de yay\u0131mlanm\u0131\u015ft\u0131r. Alaturka ve alafranga<span class=\"excerpt-hellip\"> [\u2026]<\/span><\/p>\n","protected":false},"featured_media":0,"template":"","meta":{"_monsterinsights_skip_tracking":false,"_monsterinsights_sitenote_active":false,"_monsterinsights_sitenote_note":"","_monsterinsights_sitenote_category":0},"product_brand":[],"product_cat":[12291,26797],"product_tag":[],"class_list":{"0":"post-729911","1":"product","2":"type-product","3":"status-publish","5":"product_cat-edebiyat","6":"product_cat-modern-klasikler","7":"pa_cilt-ciltli","8":"pa_tur-kitap","9":"pa_yayinevi-is-bankasi-kultur-yayinlari","10":"pa_yazar-ahmet-hasim","12":"first","13":"instock","14":"sale","15":"shipping-taxable","16":"purchasable","17":"product-type-simple"},"_links":{"self":[{"href":"https:\/\/roveyayinevi.com.tr\/index.php\/wp-json\/wp\/v2\/product\/729911","targetHints":{"allow":["GET"]}}],"collection":[{"href":"https:\/\/roveyayinevi.com.tr\/index.php\/wp-json\/wp\/v2\/product"}],"about":[{"href":"https:\/\/roveyayinevi.com.tr\/index.php\/wp-json\/wp\/v2\/types\/product"}],"wp:attachment":[{"href":"https:\/\/roveyayinevi.com.tr\/index.php\/wp-json\/wp\/v2\/media?parent=729911"}],"wp:term":[{"taxonomy":"product_brand","embeddable":true,"href":"https:\/\/roveyayinevi.com.tr\/index.php\/wp-json\/wp\/v2\/product_brand?post=729911"},{"taxonomy":"product_cat","embeddable":true,"href":"https:\/\/roveyayinevi.com.tr\/index.php\/wp-json\/wp\/v2\/product_cat?post=729911"},{"taxonomy":"product_tag","embeddable":true,"href":"https:\/\/roveyayinevi.com.tr\/index.php\/wp-json\/wp\/v2\/product_tag?post=729911"}],"curies":[{"name":"wp","href":"https:\/\/api.w.org\/{rel}","templated":true}]}}