{"id":729900,"date":"2025-08-27T21:04:49","date_gmt":"2025-08-27T18:04:49","guid":{"rendered":"https:\/\/roveyayinevi.com.tr\/index.php\/urun\/covid-19-salgini\/"},"modified":"2026-04-16T02:37:36","modified_gmt":"2026-04-15T23:37:36","slug":"covid-19-salgini","status":"publish","type":"product","link":"https:\/\/roveyayinevi.com.tr\/index.php\/urun\/covid-19-salgini\/","title":{"rendered":"Covid-19 Salg\u0131n\u0131"},"content":{"rendered":"<p>Ad\u0131n\u0131 ilk kez 2019 y\u0131l\u0131n\u0131n son g\u00fcnlerinde duydu\u011fumuz Covid-19 vir\u00fcs\u00fc, 2020 y\u0131l\u0131nda t\u00fcm d\u00fcnyay\u0131 etkisi alt\u0131na alan bir salg\u0131na d\u00f6n\u00fc\u015fm\u00fc\u015ft\u00fcr. Bu kitap, insanl\u0131\u011f\u0131 derinden etkileyen salg\u0131n\u0131n d\u00fcnyan\u0131n farkl\u0131 \u00fclkelerinde ve b\u00f6lgelerinde nas\u0131l bir hikayesi oldu\u011funu anlamay\u0131 ve anlatmay\u0131 ama\u00e7lamakta ve bu ama\u00e7la \u00fclkelerin salg\u0131nla m\u00fccadele deneyimleri ile salg\u0131n\u0131n b\u00f6lgesel etkilerini ve k\u00fcresel yans\u0131malar\u0131n\u0131 ele almaktad\u0131r. \u00c7al\u0131\u015fma ayr\u0131ca \u00fclkelere ek olarak s\u0131n\u0131rlar\u0131n anlam\u0131n\u0131 yitirdi\u011fi salg\u0131n s\u00fcrecinde b\u00f6lgesel olu\u015fumlar\u0131 ve yurtlar\u0131ndan edilmi\u015f m\u00fcltecilerin kar\u015f\u0131la\u015ft\u0131klar\u0131 g\u00fc\u00e7l\u00fckleri de incelemektedir. Bu \u00e7er\u00e7evede kitap, ele al\u0131nan \u00fclkelerin ve b\u00f6lgesel olu\u015fumlar\u0131n ya\u015fad\u0131\u011f\u0131 sorunlar, uygulad\u0131klar\u0131 tedbirler ve \u00e7\u00f6z\u00fcm \u00f6nerileri ile bunlar\u0131n i\u00e7 ve d\u0131\u015f politikadaki yans\u0131malar\u0131n\u0131 ve toplumlar\u0131n farkl\u0131 kesimlerinin verdi\u011fi tepkileri de\u011ferlendirmektedir. \u00dcLKELER \u00c7in R\u00fcyas\u0131, Korona K\u00e2busu: \u00c7in Kom\u00fcnist Partisi\u2019nin Covid-19 ile M\u00fccadelesi EMRE DEM\u0130R \u2022 G\u00fcney Kore\u2019nin Covid-19 Salg\u0131n\u0131 ile M\u00fccadelesi: \u0130kinci Bir Kore Mucizesi mi? HAT\u0130CE \u00c7EL\u0130K \u2022 Japonya\u2019da Covid-19 Salg\u0131n\u0131: Toplumsal Uyum, Demokratik \u00d6zg\u00fcrl\u00fckler, D\u00fcnya Sa\u011fl\u0131k Diplomasisi BAHADIR PEHL\u0130VANT\u00dcRK \u2022 Rusya\u2019n\u0131n Koronavir\u00fcs ile \u0130mtihan\u0131: Siyaset, Ekonomi ve Uluslararas\u0131 \u0130li\u015fkiler \u00dczerine Etkiler HAL\u0130L BURAK SAKAL \u2022 T\u00fcrkiye ve Pandemi: Bir Modern Ulus Devletin Kendi Suretiyle M\u00fccadelesi K.\u00d6ZHAN DE\u011e\u0130RMENC\u0130O\u011eLU \u2022 Covid-19 G\u00fcnlerinde \u0130ran\u2019\u0131n Orta Do\u011fu Siyaseti: Irak ve Suriye Krizleri \u00dczerine Bir De\u011ferlendirme G\u00dcLR\u0130Z \u015eEN \u2022 Hindistan\u2019da \u201cSosyal Mesafe\u201d: Kast Sisteminin Pandemik Hali ZEYNEP TUBA SUNGUR \u2022 K\u00fcreselle\u015fme, ABD ve Covid-19 ENG\u0130N SUNE \u2022 \u00d6l\u00fcm ve Direni\u015fin Korku ve Umut Kentleri: Brezilya&#8217;da Korona Vir\u00fcs\u00fc NEZ\u0130HE BA\u015eAK ERG\u0130N SINIR A\u015eAN OLU\u015eUMLAR VE MESELELER Covid-19 S\u00fcrecinde ASEAN B\u00fct\u00fcnle\u015fmesi ve G\u00fcneydo\u011fu Asya KEREM KILI\u00c7DARO\u011eLU \u2022 Covid-19 Salg\u0131n\u0131: Koronazasyon S\u00fcrecinde Avrupa Birli\u011fi\u2019nin B\u00fcy\u00fck S\u0131nav\u0131 MERVE SUNA \u00d6ZEL \u00d6ZCAN \u2022 Covid-19 Salg\u0131n\u0131 ve M\u00fclteciler \u0130REM \u015eENG\u00dcL<\/p>\n","protected":false},"excerpt":{"rendered":"<p>Ad\u0131n\u0131 ilk kez 2019 y\u0131l\u0131n\u0131n son g\u00fcnlerinde duydu\u011fumuz Covid-19 vir\u00fcs\u00fc, 2020 y\u0131l\u0131nda t\u00fcm d\u00fcnyay\u0131 etkisi alt\u0131na alan bir salg\u0131na d\u00f6n\u00fc\u015fm\u00fc\u015ft\u00fcr. Bu kitap, insanl\u0131\u011f\u0131 derinden etkileyen salg\u0131n\u0131n<span class=\"excerpt-hellip\"> [\u2026]<\/span><\/p>\n","protected":false},"featured_media":0,"template":"","meta":{"_monsterinsights_skip_tracking":false,"_monsterinsights_sitenote_active":false,"_monsterinsights_sitenote_note":"","_monsterinsights_sitenote_category":0},"product_brand":[],"product_cat":[12337,17225],"product_tag":[],"class_list":{"0":"post-729900","1":"product","2":"type-product","3":"status-publish","5":"product_cat-politika-siyaset","6":"product_cat-uluslararasi-iliskiler","7":"pa_cilt-ciltsiz","8":"pa_tur-kitap","9":"pa_yayinevi-nika-yayinevi","10":"pa_yazar-nika-yayinevi-kolektif","12":"first","13":"instock","14":"sale","15":"shipping-taxable","16":"purchasable","17":"product-type-simple"},"_links":{"self":[{"href":"https:\/\/roveyayinevi.com.tr\/index.php\/wp-json\/wp\/v2\/product\/729900","targetHints":{"allow":["GET"]}}],"collection":[{"href":"https:\/\/roveyayinevi.com.tr\/index.php\/wp-json\/wp\/v2\/product"}],"about":[{"href":"https:\/\/roveyayinevi.com.tr\/index.php\/wp-json\/wp\/v2\/types\/product"}],"wp:attachment":[{"href":"https:\/\/roveyayinevi.com.tr\/index.php\/wp-json\/wp\/v2\/media?parent=729900"}],"wp:term":[{"taxonomy":"product_brand","embeddable":true,"href":"https:\/\/roveyayinevi.com.tr\/index.php\/wp-json\/wp\/v2\/product_brand?post=729900"},{"taxonomy":"product_cat","embeddable":true,"href":"https:\/\/roveyayinevi.com.tr\/index.php\/wp-json\/wp\/v2\/product_cat?post=729900"},{"taxonomy":"product_tag","embeddable":true,"href":"https:\/\/roveyayinevi.com.tr\/index.php\/wp-json\/wp\/v2\/product_tag?post=729900"}],"curies":[{"name":"wp","href":"https:\/\/api.w.org\/{rel}","templated":true}]}}