{"id":729899,"date":"2025-08-27T21:04:49","date_gmt":"2025-08-27T18:04:49","guid":{"rendered":"https:\/\/roveyayinevi.com.tr\/index.php\/urun\/cevrimici-dunya-kuresellesmenin-gelecegi\/"},"modified":"2026-04-16T02:37:36","modified_gmt":"2026-04-15T23:37:36","slug":"cevrimici-dunya-kuresellesmenin-gelecegi","status":"publish","type":"product","link":"https:\/\/roveyayinevi.com.tr\/index.php\/urun\/cevrimici-dunya-kuresellesmenin-gelecegi\/","title":{"rendered":"\u00c7evrimi\u00e7i D\u00fcnya: K\u00fcreselle\u015fmenin Gelece\u011fi"},"content":{"rendered":"<p>1990\u2019lardan bu yana k\u00fcreselle\u015fme olgusu gerek bireysel gerekse toplumsal hayatlar\u0131m\u0131z\u0131n i\u00e7inde yer al\u0131yor ve i\u00e7inde bulundu\u011fu her \u015feyi de\u011fi\u015ftiriyor, d\u00f6n\u00fc\u015ft\u00fcr\u00fcyor. Uluslararas\u0131 toplum da bu de\u011fi\u015fim ve d\u00f6n\u00fc\u015f\u00fcmden muaf de\u011fil; e\u011fitimden hukuka, teknolojiden g\u00fcvenli\u011fe, enerjiden k\u00fclt\u00fcre hemen her konuda yeni \u015feylerle kar\u015f\u0131la\u015f\u0131yoruz. 2020\u2019de d\u00fcnya genelinde yay\u0131larak ya\u015famlar\u0131m\u0131z\u0131 fel\u00e7 eden ve milyonlarca cana mal olan Covid-19 pandemisi ise al\u0131\u015fkanl\u0131klar\u0131, ihtiya\u00e7lar\u0131 ve zorunluluklar\u0131 de\u011fi\u015ftirerek yepyeni bir hayat tarz\u0131n\u0131 beraberinde getirdi. Sonu\u00e7 olarak teknolojik geli\u015fmelerle birlikte pandemiden \u00e7ok \u00f6nce ba\u015flayan ve pandemide art\u0131\u015f g\u00f6steren dijital ve \u00e7evrimi\u00e7i bir kurguyla k\u00fcreselle\u015fme yeni bir boyut kazanm\u0131\u015f bulunuyor. K\u00fcreselle\u015fmenin gelece\u011fi \u00fczerine, sisteme ve insana dair analizler i\u00e7eren bu \u00e7al\u0131\u015fma, 21. y\u00fczy\u0131l\u0131n yeni meydan okumalar\u0131n\u0131 anlayarak, ya\u015fad\u0131\u011f\u0131m\u0131z s\u00fcreci farkl\u0131 boyutlar\u0131yla de\u011ferlendirme amac\u0131n\u0131 g\u00fcd\u00fcyor. K\u00fcreselle\u015fme, B\u00f6lgesel Bloklar ve Gelecek CEM KARADEL\u0130 \u2022 K\u00fcreselle\u015fme, Emek ve Sermaye AHMET ALPAY D\u0130KMEN &#8211; ULA\u015e TA\u015eTEK\u0130N \u2022 Su ve Enerji Politikalar\u0131n\u0131n Gelece\u011fi ve D\u00fcnya D\u00fczenine Etkileri SENCER \u0130MER \u2022 K\u00fcresel G\u00fcvenlik mi, G\u00fcvenli\u011fin K\u00fcreselle\u015fmesi mi? Yirmi Birinci Y\u00fczy\u0131l\u0131n G\u00fcvenlik Kavram\u0131na Dair Bir De\u011ferlendirme NURG\u00dcL BEKAR \u2022 Covid &#8211; 19 S\u00fcrecinde K\u00fcreselle\u015fme Boyutuyla K\u00fcresel Tedarik Zincirleri ve Uluslararas\u0131 Ticaret G\u00dcNER KO\u00c7 AYTEK\u0130N \u2022 Japonya, \u00c7in ve Kuzey Kore Etkisinde Asya-Pasifik B\u00f6lgesinde Entegrasyon S\u00fcreci MEHMET FURKAN YILMAZ \u2022 K\u00fclt\u00fcrel A\u00e7\u0131dan K\u00fcreselle\u015fmeyi Anlamak ve De\u011fi\u015ftirmek \u00dczerine: Perspektifler ve Toplumsal Hareketler M. G\u00d6KHAN UZUNER \u2022 D\u00f6n\u00fc\u015fen \u0130nsan ve Transhuman AHMET ALPAY D\u0130KMEN \u2022 K\u00fcreselle\u015fen Panoptikon: \u201cHer Yer G\u00f6zetim\u201d Post-Panoptikon G\u00f6zetim Olgusuna Sosyolojik Bir Bak\u0131\u015f EL\u0130F G\u00d6ZDA\u015eO\u011eLU K\u00dc\u00c7\u00dcKAL\u0130O\u011eLU \u2022 Nesnelerin \u0130nterneti K\u00fcresel \u0130leti\u015fim A\u011f\u0131n\u0131n E\u011fitim Sistemleri \u00dczerine Yans\u0131malar\u0131 MESUT \u00dcNL\u00dc \u2022K\u00fcreselle\u015fen Toplumda E\u011fitim: Salg\u0131n S\u00fcrecinde \u00c7evrimi\u00e7i Olabilirli\u011fin Anlam\u0131 MUH\u0130TT\u0130N \u015eAH\u0130N \u2022 Hukuk Devleti Endeksleri: K\u00fcresel Kapitalizm ve S\u0131radan \u0130nsan\u0131n Hukuk Devleti Anlay\u0131\u015f\u0131 NEZAHAT DEM\u0130RAY \u2022 K\u00fclt\u00fcrel \u00c7e\u015fitlilik Ekseninde K\u00fcreselle\u015fmeye Yeniden Bakmak: Yerel-K\u00fcresel Etkile\u015fimi ve Pop\u00fcler K\u00fclt\u00fcr RAB\u0130A BUR\u00c7\u0130N YAVUZ <\/p>\n","protected":false},"excerpt":{"rendered":"<p>1990\u2019lardan bu yana k\u00fcreselle\u015fme olgusu gerek bireysel gerekse toplumsal hayatlar\u0131m\u0131z\u0131n i\u00e7inde yer al\u0131yor ve i\u00e7inde bulundu\u011fu her \u015feyi de\u011fi\u015ftiriyor, d\u00f6n\u00fc\u015ft\u00fcr\u00fcyor. Uluslararas\u0131 toplum da bu de\u011fi\u015fim ve<span class=\"excerpt-hellip\"> [\u2026]<\/span><\/p>\n","protected":false},"featured_media":0,"template":"","meta":{"_monsterinsights_skip_tracking":false,"_monsterinsights_sitenote_active":false,"_monsterinsights_sitenote_note":"","_monsterinsights_sitenote_category":0},"product_brand":[],"product_cat":[12337,14706],"product_tag":[],"class_list":{"0":"post-729899","1":"product","2":"type-product","3":"status-publish","5":"product_cat-politika-siyaset","6":"product_cat-siyaset-bilimi","7":"pa_cilt-ciltsiz","8":"pa_tur-kitap","9":"pa_yayinevi-nika-yayinevi","10":"pa_yazar-nika-yayinevi-kolektif","12":"first","13":"instock","14":"sale","15":"shipping-taxable","16":"purchasable","17":"product-type-simple"},"_links":{"self":[{"href":"https:\/\/roveyayinevi.com.tr\/index.php\/wp-json\/wp\/v2\/product\/729899","targetHints":{"allow":["GET"]}}],"collection":[{"href":"https:\/\/roveyayinevi.com.tr\/index.php\/wp-json\/wp\/v2\/product"}],"about":[{"href":"https:\/\/roveyayinevi.com.tr\/index.php\/wp-json\/wp\/v2\/types\/product"}],"wp:attachment":[{"href":"https:\/\/roveyayinevi.com.tr\/index.php\/wp-json\/wp\/v2\/media?parent=729899"}],"wp:term":[{"taxonomy":"product_brand","embeddable":true,"href":"https:\/\/roveyayinevi.com.tr\/index.php\/wp-json\/wp\/v2\/product_brand?post=729899"},{"taxonomy":"product_cat","embeddable":true,"href":"https:\/\/roveyayinevi.com.tr\/index.php\/wp-json\/wp\/v2\/product_cat?post=729899"},{"taxonomy":"product_tag","embeddable":true,"href":"https:\/\/roveyayinevi.com.tr\/index.php\/wp-json\/wp\/v2\/product_tag?post=729899"}],"curies":[{"name":"wp","href":"https:\/\/api.w.org\/{rel}","templated":true}]}}