{"id":729894,"date":"2025-08-27T21:04:45","date_gmt":"2025-08-27T18:04:45","guid":{"rendered":"https:\/\/roveyayinevi.com.tr\/index.php\/urun\/turuncu-kutu-bilim-dusmanlarina-reddiye\/"},"modified":"2026-04-16T02:37:35","modified_gmt":"2026-04-15T23:37:35","slug":"turuncu-kutu-bilim-dusmanlarina-reddiye","status":"publish","type":"product","link":"https:\/\/roveyayinevi.com.tr\/index.php\/urun\/turuncu-kutu-bilim-dusmanlarina-reddiye\/","title":{"rendered":"Turuncu Kutu &#8211; Bilim D\u00fc\u015fmanlar\u0131na Reddiye"},"content":{"rendered":"<p>Soner Yal\u00e7\u0131n bir kitap yazd\u0131. \u2018Kara Kutu\u2019\u2026Her bir sat\u0131r\u0131nda, kaynak\u00e7as\u0131nda, dipnotunda yanl\u0131\u015f olmayan c\u00fcmlesi yok gibi\u2026 Tarih, t\u0131p, e\u011fitim alanlar\u0131nda yanl\u0131\u015flar ve hatta Atat\u00fcrk\u2019\u00fcn yol arkada\u015flar\u0131 hakk\u0131nda iftiralarla dolu, modern t\u0131p i\u00e7in \u201c\u00c7a\u011f\u0131m\u0131z\u0131n vebas\u0131\u201d diyen bir y\u0131\u011f\u0131ndan bahsediyoruz.Yal\u00e7\u0131n; bu y\u0131\u011f\u0131nda yer alan yanl\u0131\u015flara, bilim d\u0131\u015f\u0131l\u0131klara sosyal medya \u00fczerinden ve Veryans\u0131n TV gibi mecralardan cevap verenleri \u2018kitab\u0131n\u0131 okumadan yorum yapmakla, cahillikle\u2019 su\u00e7lad\u0131 ve onlara \u201cKitab\u0131m\u0131 okuyun \u00f6yle gelin, diledi\u011finiz yerde konu\u015fal\u0131m.\u201d diyerek meydan okudu. Meslekta\u015flar\u0131m\u0131n \u201cHadi y\u00fczle\u015felim\u201d \u00e7a\u011fr\u0131lar\u0131na S\u00f6zc\u00fc ve Oda TV k\u00f6\u015felerinden a\u011fz\u0131na geleni sayd\u0131rd\u0131 ama dedi\u011fini yap\u0131p kendisine meydan okuyanlarla y\u00fczle\u015fmedi.\u2018Kara Kutu\u2019daki yanl\u0131\u015flar\u0131 g\u00f6z \u00f6n\u00fcne sermek ve d\u00fczeltmek i\u00e7in onlarca kitap yazmak gerekir. Psikiyatrist Dr. Semih Dikkatli ise kendi uzmanl\u0131k alan\u0131ndan sadece \u2018antidepresanlar\u2019 hakk\u0131nda yaz\u0131lan k\u0131rk sayfa ve Atat\u00fcrk\u2019\u00fcn yol arkada\u015flar\u0131 hakk\u0131nda yaz\u0131lm\u0131\u015f on sayfal\u0131k b\u00f6l\u00fcm i\u00e7in y\u00fczlerce sayfadan olu\u015fan bir reddiye kaleme ald\u0131.Elinizde tuttu\u011funuz bu kitap bilim d\u00fc\u015fmanl\u0131\u011f\u0131na, Kara Kutu Lobisi\u2019ne, Kelle\/ Pa\u00e7a\/Herbal \u015eifa Lobisi\u2019ne, bilim felsefesini reddedenlere kar\u015f\u0131 bilimsel kaynaklarla, bilimsel kan\u0131tlarla, bilimsel d\u00fc\u015f\u00fcnceyle emek verilerek yaz\u0131lm\u0131\u015f cevap niteli\u011finde bir kaynak kitapt\u0131r.Bilimsel verilerle ama herkesin rahat\u00e7a anlayabilece\u011fi bir dil ile yaz\u0131lm\u0131\u015f bu kitab\u0131n i\u00e7inde ayn\u0131 zamanda \u201cDepresyon Nedir? Sebepleri Nelerdir? Tan\u0131 ve Tedavi S\u00fcreci Nas\u0131ld\u0131r? Antidepresanlar\u0131n Kullan\u0131m Alanlar\u0131 Hangileridir? A\u015f\u0131 ve \u0130la\u00e7 Faz \u00c7al\u0131\u015fmalar\u0131 Nas\u0131l Yap\u0131lmaktad\u0131r?\u201d sorular\u0131na yan\u0131t bulacak ve \u201c\u00dcnl\u00fc Okul Katliamlar\u0131\u201d hakk\u0131nda ayr\u0131nt\u0131l\u0131 b\u00f6l\u00fcmler de okuyacaks\u0131n\u0131z.\u015eimdi Y\u00fczle\u015fme Vakti\u2026Prof. Dr. Arif Verimli<\/p>\n","protected":false},"excerpt":{"rendered":"<p>Soner Yal\u00e7\u0131n bir kitap yazd\u0131. \u2018Kara Kutu\u2019\u2026Her bir sat\u0131r\u0131nda, kaynak\u00e7as\u0131nda, dipnotunda yanl\u0131\u015f olmayan c\u00fcmlesi yok gibi\u2026 Tarih, t\u0131p, e\u011fitim alanlar\u0131nda yanl\u0131\u015flar ve hatta Atat\u00fcrk\u2019\u00fcn yol arkada\u015flar\u0131<span class=\"excerpt-hellip\"> [\u2026]<\/span><\/p>\n","protected":false},"featured_media":0,"template":"","meta":{"_monsterinsights_skip_tracking":false,"_monsterinsights_sitenote_active":false,"_monsterinsights_sitenote_note":"","_monsterinsights_sitenote_category":0},"product_brand":[],"product_cat":[12364,16266],"product_tag":[],"class_list":{"0":"post-729894","1":"product","2":"type-product","3":"status-publish","5":"product_cat-genel-konular","6":"product_cat-referans-kaynak-kitap","7":"pa_cilt-ciltsiz","8":"pa_tur-kitap","9":"pa_yayinevi-pankus-yayinlari","10":"pa_yazar-semih-dikkatli","12":"first","13":"instock","14":"sale","15":"shipping-taxable","16":"purchasable","17":"product-type-simple"},"_links":{"self":[{"href":"https:\/\/roveyayinevi.com.tr\/index.php\/wp-json\/wp\/v2\/product\/729894","targetHints":{"allow":["GET"]}}],"collection":[{"href":"https:\/\/roveyayinevi.com.tr\/index.php\/wp-json\/wp\/v2\/product"}],"about":[{"href":"https:\/\/roveyayinevi.com.tr\/index.php\/wp-json\/wp\/v2\/types\/product"}],"wp:attachment":[{"href":"https:\/\/roveyayinevi.com.tr\/index.php\/wp-json\/wp\/v2\/media?parent=729894"}],"wp:term":[{"taxonomy":"product_brand","embeddable":true,"href":"https:\/\/roveyayinevi.com.tr\/index.php\/wp-json\/wp\/v2\/product_brand?post=729894"},{"taxonomy":"product_cat","embeddable":true,"href":"https:\/\/roveyayinevi.com.tr\/index.php\/wp-json\/wp\/v2\/product_cat?post=729894"},{"taxonomy":"product_tag","embeddable":true,"href":"https:\/\/roveyayinevi.com.tr\/index.php\/wp-json\/wp\/v2\/product_tag?post=729894"}],"curies":[{"name":"wp","href":"https:\/\/api.w.org\/{rel}","templated":true}]}}