{"id":729685,"date":"2025-08-27T21:00:46","date_gmt":"2025-08-27T18:00:46","guid":{"rendered":"https:\/\/roveyayinevi.com.tr\/index.php\/urun\/mimar-sinan-2\/"},"modified":"2026-04-16T02:37:15","modified_gmt":"2026-04-15T23:37:15","slug":"mimar-sinan-2","status":"publish","type":"product","link":"https:\/\/roveyayinevi.com.tr\/index.php\/urun\/mimar-sinan-2\/","title":{"rendered":"Mimar Sinan"},"content":{"rendered":"<p>Anadolu\u2019nun bir kasabas\u0131nda d\u00fcnyaya gelmi\u015fti. Daha \u00e7ocuk ya\u015flar\u0131nda iken yap\u0131lara dikkat ediyor, ta\u015fla \u00f6r\u00fclen duvarlar\u0131 uzun uzun seyrediyordu. Camilerin, k\u00f6\u015fklerin nas\u0131l yap\u0131ld\u0131\u011f\u0131n\u0131 kendi kendine anlamaya \u00e7al\u0131\u015f\u0131yordu. Sokakta oynarken tahtadan evler yap\u0131yor, ufak ta\u015flar toplayarak kum \u00fczerinde k\u00fc\u00e7\u00fck binalar yapmay\u0131 deniyordu. Art\u0131k kafas\u0131na koymu\u015ftu; ileride mimar olacakt\u0131. Yavuz Sultan Selim tahta ge\u00e7ince Osmanl\u0131 Devleti Anadolu\u2019dan da \u00e7ocuklar\u0131 toplama karar\u0131 ald\u0131. Hen\u00fcz on ya\u015flar\u0131nda idi. Bir g\u00fcn kasabaya gelen Yeni\u00e7eriler yetenekli ve zeki \u00e7ocuklar\u0131 se\u00e7eceklerdi. \u0130stanbul\u2019a g\u00f6t\u00fcrmek \u00fczere onu da se\u00e7mi\u015flerdi. \u00d6n\u00fcne b\u00fcy\u00fck bir f\u0131rsat \u00e7\u0131km\u0131\u015ft\u0131. Bir yandan ailesinden ayr\u0131laca\u011f\u0131 i\u00e7in \u00fcz\u00fcl\u00fcyordu. Di\u011fer yandan devletin himayesinde yeti\u015fip b\u00fcy\u00fck bir mimar olacakt\u0131. B\u00f6ylece \u0130stanbul\u2019a geldi. Yetenekli ustalar\u0131n yan\u0131nda yap\u0131c\u0131l\u0131\u011f\u0131 \u00f6\u011frendi. Kat\u0131ld\u0131\u011f\u0131 seferlerde ordunun g\u00f6lleri, \u0131rmaklar\u0131 a\u015fmak i\u00e7in kad\u0131rga, yol ve k\u00f6pr\u00fc yapt\u0131. Giderek herkesin be\u011fenisini kazan\u0131yordu. Bu durum Kanun\u00ee Sultan S\u00fcleyman\u2019\u0131n da dikkatini \u00e7ekti. Onu devletin ba\u015f mimarl\u0131\u011f\u0131 g\u00f6revine atad\u0131.   \u00d6n\u00fcnde geni\u015f bir ufuk a\u00e7\u0131lm\u0131\u015ft\u0131. Devlet kendisine her t\u00fcrl\u00fc imk\u00e2n\u0131 sa\u011flam\u0131\u015ft\u0131. B\u00fct\u00fcn h\u00fcner ve becerisini g\u00f6stererek, birbirinden sa\u011flam ve \u00e7arp\u0131c\u0131 eserler in\u015fa etti. \u0130stanbul ba\u015fta olmak \u00fczere u\u00e7suz bucaks\u0131z vatan co\u011frafyas\u0131n\u0131 imar etti. Cami, medrese, t\u00fcrbe, hamam, su kemeri, \u00e7e\u015fme ve k\u00f6pr\u00fc gibi eserlerle Osmanl\u0131 \u015fehirlerini s\u00fcsledi. B\u00f6ylece uygarl\u0131\u011f\u0131m\u0131z\u0131n da en b\u00fcy\u00fck simgesi olarak d\u00fcnyaca \u00fcn kazand\u0131. Tarihimizin en b\u00fcy\u00fck y\u00fczy\u0131l\u0131nda ya\u015fayan bu ki\u015finin ad\u0131 Mimar Sinan\u2019d\u0131.   Sinan durup dinlenmeden \u00e7al\u0131\u015farak devletine ve milletine hizmet etti. \u00d6mr\u00fcn\u00fc yap\u0131 i\u015flerine adayan Sinan, d\u00fcnya durduk\u00e7a rahmetle an\u0131lan \u00f6l\u00fcms\u00fcz bir mimar oldu.<\/p>\n","protected":false},"excerpt":{"rendered":"<p>Anadolu\u2019nun bir kasabas\u0131nda d\u00fcnyaya gelmi\u015fti. Daha \u00e7ocuk ya\u015flar\u0131nda iken yap\u0131lara dikkat ediyor, ta\u015fla \u00f6r\u00fclen duvarlar\u0131 uzun uzun seyrediyordu. Camilerin, k\u00f6\u015fklerin nas\u0131l yap\u0131ld\u0131\u011f\u0131n\u0131 kendi kendine anlamaya \u00e7al\u0131\u015f\u0131yordu.<span class=\"excerpt-hellip\"> [\u2026]<\/span><\/p>\n","protected":false},"featured_media":0,"template":"","meta":{"_monsterinsights_skip_tracking":false,"_monsterinsights_sitenote_active":false,"_monsterinsights_sitenote_note":"","_monsterinsights_sitenote_category":0},"product_brand":[],"product_cat":[13946,12304],"product_tag":[],"class_list":{"0":"post-729685","1":"product","2":"type-product","3":"status-publish","5":"product_cat-biyografi-otobiyografi","6":"product_cat-tarih","7":"pa_cilt-ciltsiz","8":"pa_tur-kitap","9":"pa_yayinevi-otuken-nesriyat","10":"pa_yazar-suphi-saatci","12":"first","13":"instock","14":"sale","15":"shipping-taxable","16":"purchasable","17":"product-type-simple"},"_links":{"self":[{"href":"https:\/\/roveyayinevi.com.tr\/index.php\/wp-json\/wp\/v2\/product\/729685","targetHints":{"allow":["GET"]}}],"collection":[{"href":"https:\/\/roveyayinevi.com.tr\/index.php\/wp-json\/wp\/v2\/product"}],"about":[{"href":"https:\/\/roveyayinevi.com.tr\/index.php\/wp-json\/wp\/v2\/types\/product"}],"wp:attachment":[{"href":"https:\/\/roveyayinevi.com.tr\/index.php\/wp-json\/wp\/v2\/media?parent=729685"}],"wp:term":[{"taxonomy":"product_brand","embeddable":true,"href":"https:\/\/roveyayinevi.com.tr\/index.php\/wp-json\/wp\/v2\/product_brand?post=729685"},{"taxonomy":"product_cat","embeddable":true,"href":"https:\/\/roveyayinevi.com.tr\/index.php\/wp-json\/wp\/v2\/product_cat?post=729685"},{"taxonomy":"product_tag","embeddable":true,"href":"https:\/\/roveyayinevi.com.tr\/index.php\/wp-json\/wp\/v2\/product_tag?post=729685"}],"curies":[{"name":"wp","href":"https:\/\/api.w.org\/{rel}","templated":true}]}}