{"id":729682,"date":"2025-08-27T21:00:43","date_gmt":"2025-08-27T18:00:43","guid":{"rendered":"https:\/\/roveyayinevi.com.tr\/index.php\/urun\/hurriyet-ve-istiklalimizin-gur-sesi-mehmed-akif-ummetcilikten-milliyetcilige-bir-aydin-portresi\/"},"modified":"2026-04-16T02:37:15","modified_gmt":"2026-04-15T23:37:15","slug":"hurriyet-ve-istiklalimizin-gur-sesi-mehmed-akif-ummetcilikten-milliyetcilige-bir-aydin-portresi","status":"publish","type":"product","link":"https:\/\/roveyayinevi.com.tr\/index.php\/urun\/hurriyet-ve-istiklalimizin-gur-sesi-mehmed-akif-ummetcilikten-milliyetcilige-bir-aydin-portresi\/","title":{"rendered":"H\u00fcrriyet Ve \u0130stiklalimizin G\u00fcr Sesi: Mehmed Akif  &#8211; \u00dcmmet\u00e7ilikten Milliyet\u00e7ili\u011fe Bir Ayd\u0131n Portresi"},"content":{"rendered":"<p>Mehmed Akif bir edebiyat adam\u0131 oldu\u011fu kadar ayn\u0131 zamanda bir dava, bir inan\u00e7 ve d\u00fc\u015f\u00fcncenin adam\u0131 olup bu d\u00fc\u015f\u00fcnce ve dava u\u011fruna hayat\u0131n\u0131n \u00f6nemli bir k\u0131sm\u0131n\u0131 imparatorluk co\u011frafyas\u0131n\u0131n \u00e7e\u015fitli b\u00f6lgelerinde kimi zaman bir aksiyon adam\u0131 kimi zaman da bir fikir i\u015f\u00e7isi ve kanaat \u00f6nderi olarak ge\u00e7irmi\u015ftir. \u00d6zellikle Milli M\u00fccadele y\u0131llar\u0131nda vatan\u0131n kurtulu\u015fu i\u00e7in verdi\u011fi emek ve ortaya koydu\u011fu \u00e7aba her t\u00fcrl\u00fc takdirin \u00fczerindedir; Anadolu&#8217;nun d\u00f6rt bir yan\u0131n\u0131 dola\u015fm\u0131\u015f, istiklal ve h\u00fcrriyet davam\u0131z i\u00e7in b\u00fcy\u00fck gayretler sarf etmi\u015ftir. Bug\u00fcne kadar istiklal \u015fairimiz Mehmed Akif&#8217;in hayat\u0131 ve d\u00fc\u015f\u00fcncelerini konu alan pek \u00e7ok kitap ve makale yay\u0131mlanm\u0131\u015f, bu \u00e7al\u0131\u015fmalarda b\u00fcy\u00fck vatan \u015fairinin daha \u00e7ok edebi y\u00f6n\u00fc ve sanat\u0131 incelenmi\u015f, temsil etti\u011fi ideoloji, d\u00fc\u015f\u00fcnce ve inan\u00e7 d\u00fcnyas\u0131na ili\u015fkin konular yeteri kadar ele al\u0131nmam\u0131\u015ft\u0131r. Oysaki hayat\u0131 ve eserleriyle istiklal ve h\u00fcrriyet davam\u0131z\u0131n numune-i imtisali haline gelen b\u00fcy\u00fck \u015fairin siyasi faaliyetleri ve siyasal kavramlara bak\u0131\u015f\u0131, temsil etti\u011fi d\u00fcnya g\u00f6r\u00fc\u015f\u00fcne ili\u015fkin fikirleri en az edebi y\u00f6n\u00fc kadar incelenmeye de\u011fer zengin bir i\u00e7erik ta\u015f\u0131maktad\u0131r. Mehmed Akif&#8217;in \u0130slamc\u0131l\u0131k ve milliyet\u00e7ilik cereyanlar\u0131yla ili\u015fkilendirilebilen fikir ve d\u00fc\u015f\u00fcnceleri yan\u0131nda, milliyet\u00e7ilik, ittihad-\u0131 \u0130slam, hilafet, devlet, \u00fcmmet, h\u00fcrriyet, siyasi partiler gibi kavramlara nas\u0131l bakt\u0131\u011f\u0131 bu eserin ana omurgas\u0131n\u0131 olu\u015fturmaktad\u0131r. Eserin odakland\u0131\u011f\u0131 bir di\u011fer \u00f6nemli nokta ise Mehmed Akif&#8217;in ideolojik olarak hangi kulvarda de\u011ferlendirilece\u011fi hususudur. Bu anlamda Mehmed Akif \u0130slamc\u0131 m\u0131, milliyet\u00e7i mi yoksa milliyet\u00e7ilikle \u0130slamc\u0131l\u0131\u011f\u0131 telif etmi\u015f bir yazar ve \u015fair midir? Milliyet\u00e7i \u0130se milliyet\u00e7ili\u011finin boyutlar\u0131 nelerdir? \u0130slamc\u0131 ise kendisini di\u011fer \u0130slamc\u0131 yazar ve d\u00fc\u015f\u00fcn\u00fcrlerden ay\u0131ran temel parametreler nelerdir? \u00c7al\u0131\u015fmada bu sorular\u0131n cevaplar\u0131n\u0131 arama yolunda \u00f6nemli bir gayret sarf edilmi\u015f, eser, uzun soluklu bir \u00e7aban\u0131n \u00fcr\u00fcn\u00fc olarak ortaya \u00e7\u0131km\u0131\u015ft\u0131r. Dr. Akif \u00c7ark\u00e7\u0131&#8217;n\u0131n bu \u00e7al\u0131\u015fmas\u0131n\u0131n Mehmed Akif literat\u00fcr\u00fcnde \u00e7ok \u00f6nemli bir bo\u015flu\u011fu dolduraca\u011f\u0131 kanaatindeyiz.                                                                                         <\/p>\n","protected":false},"excerpt":{"rendered":"<p>Mehmed Akif bir edebiyat adam\u0131 oldu\u011fu kadar ayn\u0131 zamanda bir dava, bir inan\u00e7 ve d\u00fc\u015f\u00fcncenin adam\u0131 olup bu d\u00fc\u015f\u00fcnce ve dava u\u011fruna hayat\u0131n\u0131n \u00f6nemli bir k\u0131sm\u0131n\u0131<span class=\"excerpt-hellip\"> [\u2026]<\/span><\/p>\n","protected":false},"featured_media":0,"template":"","meta":{"_monsterinsights_skip_tracking":false,"_monsterinsights_sitenote_active":false,"_monsterinsights_sitenote_note":"","_monsterinsights_sitenote_category":0},"product_brand":[],"product_cat":[14009,12291],"product_tag":[],"class_list":{"0":"post-729682","1":"product","2":"type-product","3":"status-publish","5":"product_cat-biyografi-otobiyografi-edebiyat","6":"product_cat-edebiyat","7":"pa_cilt-ciltsiz","8":"pa_tur-kitap","9":"pa_yayinevi-bilge-kultur-sanat","10":"pa_yazar-akif-carkci","12":"first","13":"instock","14":"sale","15":"shipping-taxable","16":"purchasable","17":"product-type-simple"},"_links":{"self":[{"href":"https:\/\/roveyayinevi.com.tr\/index.php\/wp-json\/wp\/v2\/product\/729682","targetHints":{"allow":["GET"]}}],"collection":[{"href":"https:\/\/roveyayinevi.com.tr\/index.php\/wp-json\/wp\/v2\/product"}],"about":[{"href":"https:\/\/roveyayinevi.com.tr\/index.php\/wp-json\/wp\/v2\/types\/product"}],"wp:attachment":[{"href":"https:\/\/roveyayinevi.com.tr\/index.php\/wp-json\/wp\/v2\/media?parent=729682"}],"wp:term":[{"taxonomy":"product_brand","embeddable":true,"href":"https:\/\/roveyayinevi.com.tr\/index.php\/wp-json\/wp\/v2\/product_brand?post=729682"},{"taxonomy":"product_cat","embeddable":true,"href":"https:\/\/roveyayinevi.com.tr\/index.php\/wp-json\/wp\/v2\/product_cat?post=729682"},{"taxonomy":"product_tag","embeddable":true,"href":"https:\/\/roveyayinevi.com.tr\/index.php\/wp-json\/wp\/v2\/product_tag?post=729682"}],"curies":[{"name":"wp","href":"https:\/\/api.w.org\/{rel}","templated":true}]}}