{"id":729660,"date":"2025-08-27T21:00:22","date_gmt":"2025-08-27T18:00:22","guid":{"rendered":"https:\/\/roveyayinevi.com.tr\/index.php\/urun\/afet-2\/"},"modified":"2026-04-16T02:37:15","modified_gmt":"2026-04-15T23:37:15","slug":"afet-2","status":"publish","type":"product","link":"https:\/\/roveyayinevi.com.tr\/index.php\/urun\/afet-2\/","title":{"rendered":"Afet"},"content":{"rendered":"<p>Adeta Cumhuriyet kurulmadan \u00f6nce, kurulacak Cumhuriyet i\u00e7in do\u011fmu\u015f bir kad\u0131n Afet \u0130nan. Bir\u00e7ok duraktan ge\u00e7erek Makedonya\u2019dan Ankara\u2019ya seyreden bir hayat. Da\u011f\u0131lmaya y\u00fcz tutmu\u015f imparatorlu\u011fun son g\u00fcnlerine ve yeni kurulacak cumhuriyetin ilk ekilen tohumlar\u0131na bizzat tan\u0131k olmu\u015f bir fig\u00fcr. Sava\u015f y\u0131llar\u0131nda ya\u015fanan \u00e7ocukluk ve gen\u00e7lik, \u201ckurulu\u015f\u201d d\u00f6neminde al\u0131nan birbirinden \u00f6nemli roller. Mustafa Kemal\u2019in manevi \u00e7ocuklar\u0131ndan, bilim insan\u0131, Cumhuriyet\u2019in ilk kad\u0131n tarih\u00e7isi Prof.Dr. Afet \u0130nan. Atat\u00fcrk\u2019\u00fcn me\u015fhur \u00c7ankaya sofras\u0131n\u0131n ev sahibesi, k\u0131demli \u00f6\u011frencisi, T\u00fcrkiye\u2019de kad\u0131n haklar\u0131na y\u00f6nelik \u00e7al\u0131\u015fmalar\u0131n ba\u015flang\u0131\u00e7 noktalar\u0131ndan, Afet.Afet: Atat\u00fcrk\u2019\u00fcn Manevi K\u0131z\u0131 Prof.Dr. Afet \u0130nan\u2019\u0131n Ya\u015fam\u00f6yk\u00fcs\u00fc\u2019nde \u00d6zlem \u00d6zdemir, ilk \u00fc\u00e7 b\u00f6l\u00fcmde Afet\u2019in Makedonya\u2019dan Ankara\u2019ya uzanan yolculu\u011funun b\u00fct\u00fcn duraklar\u0131na u\u011fruyor. \u00d6zdemir, ya\u015fam\u00f6yk\u00fcs\u00fc yaz\u0131p b\u0131rakm\u0131yor. Kitab\u0131n son b\u00f6l\u00fcm\u00fcnde ise, yak\u0131n d\u00f6nemde Afet\u2019e ve yapt\u0131klar\u0131na y\u00f6nelik \u00e7arp\u0131tmalar ve onun ad\u0131n\u0131 dahil ederek dillendirilen iftiralara da ger\u00e7eklerle cevap veriyor.Afet: Atat\u00fcrk\u2019\u00fcn Manevi K\u0131z\u0131 Prof.Dr. Afet \u0130nan\u2019\u0131n Ya\u015fam\u00f6yk\u00fcs\u00fc, Afet \u0130nan\u2019\u0131n hakk\u0131n\u0131 teslim etmeye \u00e7a\u011f\u0131r\u0131yor.<\/p>\n","protected":false},"excerpt":{"rendered":"<p>Adeta Cumhuriyet kurulmadan \u00f6nce, kurulacak Cumhuriyet i\u00e7in do\u011fmu\u015f bir kad\u0131n Afet \u0130nan. Bir\u00e7ok duraktan ge\u00e7erek Makedonya\u2019dan Ankara\u2019ya seyreden bir hayat. Da\u011f\u0131lmaya y\u00fcz tutmu\u015f imparatorlu\u011fun son g\u00fcnlerine<span class=\"excerpt-hellip\"> [\u2026]<\/span><\/p>\n","protected":false},"featured_media":0,"template":"","meta":{"_monsterinsights_skip_tracking":false,"_monsterinsights_sitenote_active":false,"_monsterinsights_sitenote_note":"","_monsterinsights_sitenote_category":0},"product_brand":[],"product_cat":[13946,12304],"product_tag":[],"class_list":{"0":"post-729660","1":"product","2":"type-product","3":"status-publish","5":"product_cat-biyografi-otobiyografi","6":"product_cat-tarih","7":"pa_cilt-ciltsiz","8":"pa_tur-kitap","9":"pa_yayinevi-kirmizi-kedi-yayinevi","10":"pa_yazar-ozlem-ozdemir","12":"first","13":"instock","14":"sale","15":"shipping-taxable","16":"purchasable","17":"product-type-simple"},"_links":{"self":[{"href":"https:\/\/roveyayinevi.com.tr\/index.php\/wp-json\/wp\/v2\/product\/729660","targetHints":{"allow":["GET"]}}],"collection":[{"href":"https:\/\/roveyayinevi.com.tr\/index.php\/wp-json\/wp\/v2\/product"}],"about":[{"href":"https:\/\/roveyayinevi.com.tr\/index.php\/wp-json\/wp\/v2\/types\/product"}],"wp:attachment":[{"href":"https:\/\/roveyayinevi.com.tr\/index.php\/wp-json\/wp\/v2\/media?parent=729660"}],"wp:term":[{"taxonomy":"product_brand","embeddable":true,"href":"https:\/\/roveyayinevi.com.tr\/index.php\/wp-json\/wp\/v2\/product_brand?post=729660"},{"taxonomy":"product_cat","embeddable":true,"href":"https:\/\/roveyayinevi.com.tr\/index.php\/wp-json\/wp\/v2\/product_cat?post=729660"},{"taxonomy":"product_tag","embeddable":true,"href":"https:\/\/roveyayinevi.com.tr\/index.php\/wp-json\/wp\/v2\/product_tag?post=729660"}],"curies":[{"name":"wp","href":"https:\/\/api.w.org\/{rel}","templated":true}]}}