{"id":729638,"date":"2025-08-27T21:00:00","date_gmt":"2025-08-27T18:00:00","guid":{"rendered":"https:\/\/roveyayinevi.com.tr\/index.php\/urun\/yasam-dersleri\/"},"modified":"2026-04-16T02:37:14","modified_gmt":"2026-04-15T23:37:14","slug":"yasam-dersleri","status":"publish","type":"product","link":"https:\/\/roveyayinevi.com.tr\/index.php\/urun\/yasam-dersleri\/","title":{"rendered":"Ya\u015fam Dersleri"},"content":{"rendered":"<p>\u201cHepimizin ya\u015fam denen bu zaman zarf\u0131nda \u00f6\u011frenece\u011fi dersler var; bu, \u00f6lmek \u00fczere olanlarla \u00e7al\u0131\u015f\u0131rken \u00f6zellikle belirginle\u015fir. \u00d6lmek \u00fczere olanlar ya\u015fam\u0131n sonunda \u00e7ok \u015fey \u00f6\u011frenir, ama genellikle \u00f6\u011frenilenleri hayata ge\u00e7irmek i\u00e7in art\u0131k \u00e7ok ge\u00e7tir. 1995 y\u0131l\u0131nda, Anneler G\u00fcn\u00fc\u2019nde, beni k\u00f6t\u00fcr\u00fcm b\u0131rakan bir fel\u00e7 ge\u00e7irdim. Sonraki birka\u00e7 y\u0131l\u0131m\u0131 \u00f6l\u00fcm\u00fcn e\u015fi\u011finde ya\u015fad\u0131m. Kimi zaman \u00f6l\u00fcm\u00fcn birka\u00e7 hafta i\u00e7inde kap\u0131m\u0131 \u00e7alaca\u011f\u0131n\u0131 d\u00fc\u015f\u00fcnd\u00fc\u011f\u00fcm oldu. Bir\u00e7ok kez, kap\u0131m\u0131 \u00e7almad\u0131\u011f\u0131 i\u00e7in hayal k\u0131r\u0131kl\u0131\u011f\u0131na u\u011frad\u0131m, \u00e7\u00fcnk\u00fc haz\u0131rd\u0131m. Fakat \u00f6lmedim, \u00e7\u00fcnk\u00fc h\u00e2l\u00e2 ya\u015fam\u0131n \u00f6\u011frettiklerini, son derslerimi \u00f6\u011freniyorum. Bu dersler ya\u015famlar\u0131m\u0131zla ilgili nihai ger\u00e7ekler; bunlar hayat\u0131n kendisiyle ilgili s\u0131rlar. Bir kitap daha yazmak istedim; \u00f6l\u00fcm ve \u00f6lmek de\u011fil, ya\u015fam ve ya\u015famak \u00fczerine.\u201d   \u201cHayat\u0131m\u0131 ger\u00e7ekten b\u00f6yle mi ya\u015famak istiyorum?\u201d Her birimiz bir noktada bu soruyu kendimize sorar\u0131z. Trajedi, hayat\u0131n k\u0131sa olmas\u0131 de\u011fil; \u00e7o\u011fu zaman geriye d\u00f6n\u00fcp bakt\u0131\u011f\u0131m\u0131zda ger\u00e7ekten \u00f6nemli olan\u0131 g\u00f6rememi\u015f ve onu ya\u015famam\u0131\u015f olmam\u0131zd\u0131r. \u0130ki \u00fcnl\u00fc yazar, Elisabeth K\u00fcbler-Ross ve David Kessler, hayat\u0131 dolu dolu ya\u015famak, \u00f6l\u00fcm korkusunu yenmek, i\u00e7imizdeki k\u00f6t\u00fcl\u00fckten kurtulmak, kendimizdeki ve ba\u015fkalar\u0131ndaki en iyiyi bulmak i\u00e7in bilmemiz gereken kurallar\u0131 form\u00fclle\u015ftirdi. Sevgi ve mutluluk, \u00f6fke ve ba\u011f\u0131\u015flama, kay\u0131plar ve su\u00e7luluk duygusu gibi ruhsal dersleri, \u00f6l\u00fcm\u00fcn e\u015fi\u011finde ya\u015fayan insanlar\u0131n hayat deneyimleriyle harmanlad\u0131. B\u00f6ylelikle korkular\u0131m\u0131z, umutlar\u0131m\u0131z, ili\u015fkilerimiz ve her \u015feyden \u00f6nce ger\u00e7ekte kim oldu\u011fumuz hakk\u0131ndaki paha bi\u00e7ilemez ger\u00e7e\u011fi ortaya \u00e7\u0131kard\u0131.  \u201cYa\u015fam Dersleri\u201d kendisiyle ve d\u00fcnya ile uyum i\u00e7inde anlaml\u0131 bir hayat ya\u015famak isteyen herkes i\u00e7in\u2026 Birbirimizi ve kendimizi iyile\u015ftirmek, ruhlar\u0131m\u0131z\u0131 sa\u011faltmak i\u00e7in\u2026 <\/p>\n","protected":false},"excerpt":{"rendered":"<p>\u201cHepimizin ya\u015fam denen bu zaman zarf\u0131nda \u00f6\u011frenece\u011fi dersler var; bu, \u00f6lmek \u00fczere olanlarla \u00e7al\u0131\u015f\u0131rken \u00f6zellikle belirginle\u015fir. \u00d6lmek \u00fczere olanlar ya\u015fam\u0131n sonunda \u00e7ok \u015fey \u00f6\u011frenir, ama genellikle<span class=\"excerpt-hellip\"> [\u2026]<\/span><\/p>\n","protected":false},"featured_media":0,"template":"","meta":{"_monsterinsights_skip_tracking":false,"_monsterinsights_sitenote_active":false,"_monsterinsights_sitenote_note":"","_monsterinsights_sitenote_category":0},"product_brand":[],"product_cat":[12755,12357],"product_tag":[],"class_list":{"0":"post-729638","1":"product","2":"type-product","3":"status-publish","5":"product_cat-gelisim-psikolojisi","6":"product_cat-psikoloji","7":"pa_cilt-ciltsiz","8":"pa_tur-kitap","9":"pa_yayinevi-profil-kitap","10":"pa_yazar-elisabeth-kubler-ross-david-kessler","12":"first","13":"instock","14":"sale","15":"shipping-taxable","16":"purchasable","17":"product-type-simple"},"_links":{"self":[{"href":"https:\/\/roveyayinevi.com.tr\/index.php\/wp-json\/wp\/v2\/product\/729638","targetHints":{"allow":["GET"]}}],"collection":[{"href":"https:\/\/roveyayinevi.com.tr\/index.php\/wp-json\/wp\/v2\/product"}],"about":[{"href":"https:\/\/roveyayinevi.com.tr\/index.php\/wp-json\/wp\/v2\/types\/product"}],"wp:attachment":[{"href":"https:\/\/roveyayinevi.com.tr\/index.php\/wp-json\/wp\/v2\/media?parent=729638"}],"wp:term":[{"taxonomy":"product_brand","embeddable":true,"href":"https:\/\/roveyayinevi.com.tr\/index.php\/wp-json\/wp\/v2\/product_brand?post=729638"},{"taxonomy":"product_cat","embeddable":true,"href":"https:\/\/roveyayinevi.com.tr\/index.php\/wp-json\/wp\/v2\/product_cat?post=729638"},{"taxonomy":"product_tag","embeddable":true,"href":"https:\/\/roveyayinevi.com.tr\/index.php\/wp-json\/wp\/v2\/product_tag?post=729638"}],"curies":[{"name":"wp","href":"https:\/\/api.w.org\/{rel}","templated":true}]}}