{"id":729602,"date":"2025-08-27T20:58:22","date_gmt":"2025-08-27T17:58:22","guid":{"rendered":"https:\/\/roveyayinevi.com.tr\/index.php\/urun\/ege-ve-akdeniz-de-yeni-denge-arayisi-adalar\/"},"modified":"2026-04-16T02:37:13","modified_gmt":"2026-04-15T23:37:13","slug":"ege-ve-akdeniz-de-yeni-denge-arayisi-adalar","status":"publish","type":"product","link":"https:\/\/roveyayinevi.com.tr\/index.php\/urun\/ege-ve-akdeniz-de-yeni-denge-arayisi-adalar\/","title":{"rendered":"Ege ve Akdeniz &#8216;de Yeni Denge Aray\u0131\u015f\u0131 Adalar"},"content":{"rendered":"<p>Adalar\u0131n ana karam\u0131za yak\u0131nl\u0131\u011f\u0131ndan ve bu yak\u0131nl\u0131\u011f\u0131n ortaya \u00e7\u0131kard\u0131\u011f\u0131 sorunlardan hareketle Ege ve Akdeniz&#8217;de yeni bir denge gereklidir. Bu yeni dengenin ancak uzla\u015fmayla ve mutlaka g\u00f6r\u00fc\u015fmeler yoluyla olmas\u0131 gerekir.Osmanl\u0131 Devleti d\u00f6neminde bu adalar\u0131n tamam\u0131 T\u00fcrklerdeydi. Ama 1821 isyan\u0131 sonras\u0131nda 1827 y\u0131l\u0131nda Yunanistan ortaya \u00e7\u0131k\u0131nca Yunan ana karas\u0131na yak\u0131n adalar Yunanistan&#8217;a verilerek Ege&#8217;de bir denge sa\u011fland\u0131. Ama daha sonra Yunanistan Balkan harbinde Ege adalar\u0131n\u0131n \u00e7ok b\u00fcy\u00fck bir k\u0131sm\u0131n\u0131n sahibi oldu. Bu da T\u00fcrklerin ve T\u00fcrkiye&#8217;nin aleyhine \u00e7ok haks\u0131z bir durum yaratt\u0131. Maalesef Lozan Antla\u015fmas\u0131 da bu durumu de\u011fi\u015ftirmedi. Ancak adalar\u0131n silahs\u0131zland\u0131r\u0131lmas\u0131 gibi kontrol\u00fc ve sa\u011flanmas\u0131 zor bir kuralla denge sa\u011flamaya \u00e7al\u0131\u015f\u0131ld\u0131.Bug\u00fcn o denge Ege ve Akdeniz&#8217;de yok. Silahs\u0131z olmas\u0131 gereken adalardan bilinen 14&#8217;\u00fc Yunanlarca silahland\u0131r\u0131lm\u0131\u015f durumda. Hatta yeni i\u015fgaller var. Bu \u00e7ok ciddi bir sava\u015f tehlikesidir. Bunun mutlaka \u00f6nlenmesi laz\u0131m. Bunun \u00f6nlenmesi de Ege ve Akdeniz&#8217;de yeniden adalar konusunda anla\u015farak, uzla\u015farak yap\u0131lacak yeni bir dengedir. Yeni bir denge Ege ve Akdeniz&#8217;de adeta hapsedilmi\u015f konumdaki T\u00fcrkiye i\u00e7in \u015fartt\u0131r.<\/p>\n","protected":false},"excerpt":{"rendered":"<p>Adalar\u0131n ana karam\u0131za yak\u0131nl\u0131\u011f\u0131ndan ve bu yak\u0131nl\u0131\u011f\u0131n ortaya \u00e7\u0131kard\u0131\u011f\u0131 sorunlardan hareketle Ege ve Akdeniz&#8217;de yeni bir denge gereklidir. Bu yeni dengenin ancak uzla\u015fmayla ve mutlaka g\u00f6r\u00fc\u015fmeler<span class=\"excerpt-hellip\"> [\u2026]<\/span><\/p>\n","protected":false},"featured_media":0,"template":"","meta":{"_monsterinsights_skip_tracking":false,"_monsterinsights_sitenote_active":false,"_monsterinsights_sitenote_note":"","_monsterinsights_sitenote_category":0},"product_brand":[],"product_cat":[12338,12337],"product_tag":[],"class_list":{"0":"post-729602","1":"product","2":"type-product","3":"status-publish","5":"product_cat-dunya-siyaseti-ve-politikasi","6":"product_cat-politika-siyaset","7":"pa_cilt-ciltsiz","8":"pa_tur-kitap","9":"pa_yayinevi-baris-kitap","10":"pa_yazar-kolektif","12":"first","13":"instock","14":"sale","15":"shipping-taxable","16":"purchasable","17":"product-type-simple"},"_links":{"self":[{"href":"https:\/\/roveyayinevi.com.tr\/index.php\/wp-json\/wp\/v2\/product\/729602","targetHints":{"allow":["GET"]}}],"collection":[{"href":"https:\/\/roveyayinevi.com.tr\/index.php\/wp-json\/wp\/v2\/product"}],"about":[{"href":"https:\/\/roveyayinevi.com.tr\/index.php\/wp-json\/wp\/v2\/types\/product"}],"wp:attachment":[{"href":"https:\/\/roveyayinevi.com.tr\/index.php\/wp-json\/wp\/v2\/media?parent=729602"}],"wp:term":[{"taxonomy":"product_brand","embeddable":true,"href":"https:\/\/roveyayinevi.com.tr\/index.php\/wp-json\/wp\/v2\/product_brand?post=729602"},{"taxonomy":"product_cat","embeddable":true,"href":"https:\/\/roveyayinevi.com.tr\/index.php\/wp-json\/wp\/v2\/product_cat?post=729602"},{"taxonomy":"product_tag","embeddable":true,"href":"https:\/\/roveyayinevi.com.tr\/index.php\/wp-json\/wp\/v2\/product_tag?post=729602"}],"curies":[{"name":"wp","href":"https:\/\/api.w.org\/{rel}","templated":true}]}}