{"id":729533,"date":"2025-08-27T20:57:25","date_gmt":"2025-08-27T17:57:25","guid":{"rendered":"https:\/\/roveyayinevi.com.tr\/index.php\/urun\/paris-konferanslari\/"},"modified":"2026-04-16T02:37:12","modified_gmt":"2026-04-15T23:37:12","slug":"paris-konferanslari","status":"publish","type":"product","link":"https:\/\/roveyayinevi.com.tr\/index.php\/urun\/paris-konferanslari\/","title":{"rendered":"Paris Konferanslar\u0131"},"content":{"rendered":"<p>Paris Konferanslar\u0131\u2019nda Husserl, transandantal fenomenolojiyi Descartes\u2019\u0131n Meditasyonlar\u2019\u0131yla ili\u015fkilendirerek ele al\u0131r. Descartes Meditasyonlar\u2019da Kartezyen bir mutlak evrensel bilim gereksiniminin can al\u0131c\u0131 bir mesele oldu\u011funu enikonu i\u015fler ve geleneksel bilimin temellerini y\u0131k\u0131p onu mutlak ve sars\u0131lmaz bir temel \u00fczerinde yeniden in\u015fa etme i\u015fine koyulur. Descartes\u2019\u0131n atamad\u0131\u011f\u0131 ad\u0131m\u0131 atarak, Kartezyen d\u00fc\u015f\u00fcnceyi en radikal noktaya kadar g\u00f6t\u00fcren Husserl, Kartezyen d\u00fc\u015f\u00fcncenin as\u0131l yapmak istedi\u011fi \u015feyi kendisinin ger\u00e7ekle\u015ftirdi\u011fini ifade eder. Bu ad\u0131m Descartes\u2019\u0131n kap\u0131s\u0131na kadar geldi\u011fi ancak i\u00e7eri giremedi\u011fi, nesneye, ona temel olacak \u00f6znel boyutu kazand\u0131racak olan transandantal ad\u0131md\u0131r. <\/p>\n","protected":false},"excerpt":{"rendered":"<p>Paris Konferanslar\u0131\u2019nda Husserl, transandantal fenomenolojiyi Descartes\u2019\u0131n Meditasyonlar\u2019\u0131yla ili\u015fkilendirerek ele al\u0131r. Descartes Meditasyonlar\u2019da Kartezyen bir mutlak evrensel bilim gereksiniminin can al\u0131c\u0131 bir mesele oldu\u011funu enikonu i\u015fler ve<span class=\"excerpt-hellip\"> [\u2026]<\/span><\/p>\n","protected":false},"featured_media":0,"template":"","meta":{"_monsterinsights_skip_tracking":false,"_monsterinsights_sitenote_active":false,"_monsterinsights_sitenote_note":"","_monsterinsights_sitenote_category":0},"product_brand":[],"product_cat":[16038,12388],"product_tag":[],"class_list":{"0":"post-729533","1":"product","2":"type-product","3":"status-publish","5":"product_cat-arastirma-inceleme-referans-felsefe","6":"product_cat-felsefe","7":"pa_cilt-ciltsiz","8":"pa_tur-kitap","9":"pa_yayinevi-bilgesu-yayincilik","10":"pa_yazar-edmund-husserl","12":"first","13":"instock","14":"sale","15":"shipping-taxable","16":"purchasable","17":"product-type-simple"},"_links":{"self":[{"href":"https:\/\/roveyayinevi.com.tr\/index.php\/wp-json\/wp\/v2\/product\/729533","targetHints":{"allow":["GET"]}}],"collection":[{"href":"https:\/\/roveyayinevi.com.tr\/index.php\/wp-json\/wp\/v2\/product"}],"about":[{"href":"https:\/\/roveyayinevi.com.tr\/index.php\/wp-json\/wp\/v2\/types\/product"}],"wp:attachment":[{"href":"https:\/\/roveyayinevi.com.tr\/index.php\/wp-json\/wp\/v2\/media?parent=729533"}],"wp:term":[{"taxonomy":"product_brand","embeddable":true,"href":"https:\/\/roveyayinevi.com.tr\/index.php\/wp-json\/wp\/v2\/product_brand?post=729533"},{"taxonomy":"product_cat","embeddable":true,"href":"https:\/\/roveyayinevi.com.tr\/index.php\/wp-json\/wp\/v2\/product_cat?post=729533"},{"taxonomy":"product_tag","embeddable":true,"href":"https:\/\/roveyayinevi.com.tr\/index.php\/wp-json\/wp\/v2\/product_tag?post=729533"}],"curies":[{"name":"wp","href":"https:\/\/api.w.org\/{rel}","templated":true}]}}