{"id":729484,"date":"2025-08-27T20:56:47","date_gmt":"2025-08-27T17:56:47","guid":{"rendered":"https:\/\/roveyayinevi.com.tr\/index.php\/urun\/osmanlinin-derdi-ne\/"},"modified":"2026-04-16T02:37:11","modified_gmt":"2026-04-15T23:37:11","slug":"osmanlinin-derdi-ne","status":"publish","type":"product","link":"https:\/\/roveyayinevi.com.tr\/index.php\/urun\/osmanlinin-derdi-ne\/","title":{"rendered":"Osmanl\u0131&#8217;n\u0131n Derdi Ne?"},"content":{"rendered":"<p>&#8220;Kriz&#8221; so\u011fuk ama tam hayat\u0131n i\u00e7inden bir kelime. Peki, kendi \u00e7a\u011f\u0131n\u0131zda ki\u015fisel ve toplumsal olarak pek \u00e7ok krize \u015fahit olan sizler Osmanl\u0131\u2019n\u0131n ba\u015f\u0131na gelen krizleri merak ettiniz mi? Dahas\u0131 bu krizleri nas\u0131l \u00e7\u00f6zmeye \u00e7al\u0131\u015ft\u0131klar\u0131n\u0131?&#8221;Osmanl\u0131\u2019n\u0131n Derdi Ne?&#8221; kitab\u0131, Osmanl\u0131\u2019n\u0131n tarih bah\u00e7esinden derlenmi\u015f binlerce krizden bir ka\u00e7\u0131n\u0131 demetleyen bir tarih okumas\u0131 sunuyor.Kitab\u0131n sayfalar\u0131n\u0131 \u00e7evirdi\u011finizde salg\u0131n hastal\u0131klarla m\u00fccadeleden, ayaklanmalar\u0131n y\u0131k\u0131mlar\u0131na, yang\u0131nlardaki k\u00fcl fukaral\u0131\u011f\u0131ndan, devlet i\u00e7indeki \u00e7etelere, m\u00fclteci ak\u0131n\u0131ndan, Patrikhanenin isyanc\u0131lara kol kanat germesine kadar Osmanl\u0131 tarihinde ya\u015fanm\u0131\u015f pek \u00e7ok krizi ve perde arkas\u0131n\u0131 okuyacaks\u0131n\u0131z.&#8221;Osmanl\u0131\u2019n\u0131n Derdi Ne?&#8221; ile bireysel, toplumsal ve siyasal krizin tarih\u00ee ikliminde bir gezintiye \u00e7\u0131kacaks\u0131n\u0131z.<\/p>\n","protected":false},"excerpt":{"rendered":"<p>&#8220;Kriz&#8221; so\u011fuk ama tam hayat\u0131n i\u00e7inden bir kelime. Peki, kendi \u00e7a\u011f\u0131n\u0131zda ki\u015fisel ve toplumsal olarak pek \u00e7ok krize \u015fahit olan sizler Osmanl\u0131\u2019n\u0131n ba\u015f\u0131na gelen krizleri merak<span class=\"excerpt-hellip\"> [\u2026]<\/span><\/p>\n","protected":false},"featured_media":0,"template":"","meta":{"_monsterinsights_skip_tracking":false,"_monsterinsights_sitenote_active":false,"_monsterinsights_sitenote_note":"","_monsterinsights_sitenote_category":0},"product_brand":[],"product_cat":[13517,12304],"product_tag":[],"class_list":{"0":"post-729484","1":"product","2":"type-product","3":"status-publish","5":"product_cat-osmanli-tarihi","6":"product_cat-tarih","7":"pa_cilt-ciltsiz","8":"pa_tur-kitap","9":"pa_yayinevi-nesil-yayinlari","10":"pa_yazar-koray-serbetci","12":"first","13":"instock","14":"sale","15":"shipping-taxable","16":"purchasable","17":"product-type-simple"},"_links":{"self":[{"href":"https:\/\/roveyayinevi.com.tr\/index.php\/wp-json\/wp\/v2\/product\/729484","targetHints":{"allow":["GET"]}}],"collection":[{"href":"https:\/\/roveyayinevi.com.tr\/index.php\/wp-json\/wp\/v2\/product"}],"about":[{"href":"https:\/\/roveyayinevi.com.tr\/index.php\/wp-json\/wp\/v2\/types\/product"}],"wp:attachment":[{"href":"https:\/\/roveyayinevi.com.tr\/index.php\/wp-json\/wp\/v2\/media?parent=729484"}],"wp:term":[{"taxonomy":"product_brand","embeddable":true,"href":"https:\/\/roveyayinevi.com.tr\/index.php\/wp-json\/wp\/v2\/product_brand?post=729484"},{"taxonomy":"product_cat","embeddable":true,"href":"https:\/\/roveyayinevi.com.tr\/index.php\/wp-json\/wp\/v2\/product_cat?post=729484"},{"taxonomy":"product_tag","embeddable":true,"href":"https:\/\/roveyayinevi.com.tr\/index.php\/wp-json\/wp\/v2\/product_tag?post=729484"}],"curies":[{"name":"wp","href":"https:\/\/api.w.org\/{rel}","templated":true}]}}