{"id":729403,"date":"2025-08-27T20:55:26","date_gmt":"2025-08-27T17:55:26","guid":{"rendered":"https:\/\/roveyayinevi.com.tr\/index.php\/urun\/cekic-ile-ors-arasinda-mehmed-akif-ersoy\/"},"modified":"2026-04-16T02:37:09","modified_gmt":"2026-04-15T23:37:09","slug":"cekic-ile-ors-arasinda-mehmed-akif-ersoy","status":"publish","type":"product","link":"https:\/\/roveyayinevi.com.tr\/index.php\/urun\/cekic-ile-ors-arasinda-mehmed-akif-ersoy\/","title":{"rendered":"\u00c7eki\u00e7 ile \u00d6rs Aras\u0131nda Mehmed Akif Ersoy"},"content":{"rendered":"<p>Ahmed G\u00fcner Sayar, Mehmed \u00c2kif Ersoy hakk\u0131nda birbirinin tekrar\u0131 olan ve kendi tabiriyle \u201csa\u011fl\u0131kl\u0131 bir adese ile tahlil yap\u0131lmad\u0131\u011f\u0131 i\u00e7in mevcut bilgi birikimine katk\u0131lar\u0131 pek g\u00f6r\u00fclmeyen\u201d \u00e7ok say\u0131da yay\u0131n aras\u0131nda \u00f6zg\u00fcn telifin par\u0131lt\u0131s\u0131 ve \u00c2kif\u2019in d\u00fc\u015f\u00fcnce iklimini anlamaya d\u00f6n\u00fck bir muzdaribin i\u00e7ine dert olan meseleleri kavramak \u00fczere titizlenece\u011fi duyarl\u0131l\u0131klar\u0131n sarkac\u0131nda kaleme al\u0131nm\u0131\u015f bu \u00e7al\u0131\u015fmas\u0131yla m\u00fchim ve eski bir davaya hizmet ediyor: T\u00fcrk m\u00fcnevverinin sorunlar\u0131ndan biri, belki de en \u00e7etini olan ve \u00c2kif\u2019in de \u00e7\u00f6zemedi\u011fi, irrasyonel ile rasyonel aras\u0131nda kurulmas\u0131 zorunlu dengeye ula\u015fmak maksad\u0131yla bir \u0131\u015f\u0131k tutabilmek. Bu kitap, Neyzen Tevfik\u2019in karde\u015fi \u015eefik Kolayl\u0131\u2019n\u0131n \u201c\u00c2kif\u2019i anlamak \u00e7ok zordur. \u2026\u0130nce i\u015ftir \u00c2kif\u2019i anlamak.\u201d ifadesinde netle\u015fen, y\u0131llara yay\u0131lm\u0131\u015f zorlay\u0131c\u0131 bir mesainin kal\u0131c\u0131 bir \u00fcr\u00fcn\u00fc olarak alelade bir biyografi k\u00fclliyat\u0131n\u0131n de\u011fil, bu y\u00fcksek \u00e7abalar\u0131n i\u00e7inde yerini sa\u011flamla\u015ft\u0131racakt\u0131r.<\/p>\n","protected":false},"excerpt":{"rendered":"<p>Ahmed G\u00fcner Sayar, Mehmed \u00c2kif Ersoy hakk\u0131nda birbirinin tekrar\u0131 olan ve kendi tabiriyle \u201csa\u011fl\u0131kl\u0131 bir adese ile tahlil yap\u0131lmad\u0131\u011f\u0131 i\u00e7in mevcut bilgi birikimine katk\u0131lar\u0131 pek g\u00f6r\u00fclmeyen\u201d<span class=\"excerpt-hellip\"> [\u2026]<\/span><\/p>\n","protected":false},"featured_media":0,"template":"","meta":{"_monsterinsights_skip_tracking":false,"_monsterinsights_sitenote_active":false,"_monsterinsights_sitenote_note":"","_monsterinsights_sitenote_category":0},"product_brand":[],"product_cat":[14009,12291],"product_tag":[],"class_list":{"0":"post-729403","1":"product","2":"type-product","3":"status-publish","5":"product_cat-biyografi-otobiyografi-edebiyat","6":"product_cat-edebiyat","7":"pa_cilt-ciltsiz","8":"pa_tur-kitap","9":"pa_yayinevi-otuken-nesriyat","10":"pa_yazar-ahmed-guner-sayar","12":"first","13":"instock","14":"sale","15":"shipping-taxable","16":"purchasable","17":"product-type-simple"},"_links":{"self":[{"href":"https:\/\/roveyayinevi.com.tr\/index.php\/wp-json\/wp\/v2\/product\/729403","targetHints":{"allow":["GET"]}}],"collection":[{"href":"https:\/\/roveyayinevi.com.tr\/index.php\/wp-json\/wp\/v2\/product"}],"about":[{"href":"https:\/\/roveyayinevi.com.tr\/index.php\/wp-json\/wp\/v2\/types\/product"}],"wp:attachment":[{"href":"https:\/\/roveyayinevi.com.tr\/index.php\/wp-json\/wp\/v2\/media?parent=729403"}],"wp:term":[{"taxonomy":"product_brand","embeddable":true,"href":"https:\/\/roveyayinevi.com.tr\/index.php\/wp-json\/wp\/v2\/product_brand?post=729403"},{"taxonomy":"product_cat","embeddable":true,"href":"https:\/\/roveyayinevi.com.tr\/index.php\/wp-json\/wp\/v2\/product_cat?post=729403"},{"taxonomy":"product_tag","embeddable":true,"href":"https:\/\/roveyayinevi.com.tr\/index.php\/wp-json\/wp\/v2\/product_tag?post=729403"}],"curies":[{"name":"wp","href":"https:\/\/api.w.org\/{rel}","templated":true}]}}