{"id":729329,"date":"2025-08-27T20:54:17","date_gmt":"2025-08-27T17:54:17","guid":{"rendered":"https:\/\/roveyayinevi.com.tr\/index.php\/urun\/abdulhamidin-son-gunlerinde-istanbul\/"},"modified":"2026-04-16T02:37:07","modified_gmt":"2026-04-15T23:37:07","slug":"abdulhamidin-son-gunlerinde-istanbul","status":"publish","type":"product","link":"https:\/\/roveyayinevi.com.tr\/index.php\/urun\/abdulhamidin-son-gunlerinde-istanbul\/","title":{"rendered":"Abd\u00fclhamid&#8217;in Son G\u00fcnlerinde \u0130stanbul"},"content":{"rendered":"<p>Sultan Abd\u00fclhamid, T\u00fcrk tarihinin hakk\u0131nda en fazla konu\u015fulan \u015fahsiyetlerinden birisidir. Kimilerinin \u201cG\u00f6k Sultan\u201d kimilerinin \u201cK\u0131z\u0131l Sultan\u201d dedi\u011fi padi\u015fah, bug\u00fcn h\u00e2l\u00e2 abart\u0131l\u0131 ve birbiriyle taban tabana z\u0131t telakkilerin oda\u011f\u0131nda kavga \u00f6znesi olmay\u0131 s\u00fcrd\u00fcr\u00fcyor. Abd\u00fclhamid hen\u00fcz hayattayken, \u0130kinci Me\u015frutiyet\u2019in ilan\u0131ndan sekiz ay \u00f6nce (Kas\u0131m 1907)  Paris\u2019te bas\u0131lan bu eser \u201cAbd\u00fclhamid Kar\u015f\u0131tl\u0131\u011f\u0131n\u0131n \u0130ncili\u201d yak\u0131\u015ft\u0131rmas\u0131na lay\u0131k g\u00f6r\u00fclecek kadar tarafl\u0131 kaleme al\u0131nm\u0131\u015ft\u0131r. Erol \u00dcyepazarc\u0131, bu eseri sadece terc\u00fcme etmekle kalmam\u0131\u015f, yazar\u0131n bir k\u0131sm\u0131 yenilir yutulur olmayan iftira kab\u00eelindeki iddialar\u0131na, yerinde m\u00fcdahalelerde bulunmak suretiyle kitab\u0131 dengeli ve okunabilir bir h\u00e2le getirmi\u015ftir.   Kitab\u0131n yaz\u0131lmas\u0131 s\u0131ras\u0131nda bir m\u00fcddet \u0130stanbul\u2019da kald\u0131\u011f\u0131 ve \u00f6nde gelen muhaliflerle de g\u00f6r\u00fc\u015ft\u00fc\u011f\u00fc anla\u015f\u0131lan Paul Fesch\u2019in, \u00f6zellikle Abd\u00fclhamid\u2019e olan muhalefetin sembol isimlerinden Prens Sabahattin\u2019le yak\u0131n ili\u015fkisi oldu\u011fu bilinmektedir. Fesch, bununla beraber Fransa\u2019da bulunan Abd\u00fclhamid kar\u015f\u0131t\u0131 di\u011fer J\u00f6n T\u00fcrkler hakk\u0131nda da son derece ilgin\u00e7 bilgiler vermektedir. Gerek Sultan Hamid d\u00f6neminde kaleme al\u0131nmas\u0131 gerek d\u00f6nemin T\u00fcrkiyesi\u2019ne dair teferruatl\u0131 incelemeleri bar\u0131nd\u0131rmas\u0131 eserin \u00f6nemini art\u0131rmaktad\u0131r. Fesch\u2019in eserinin dikkate de\u011fer bir ba\u015fka y\u00f6n\u00fc de yazar\u0131n \u0130stanbul Frans\u0131z Ticaret Odas\u0131n\u0131n kaynaklar\u0131ndan yararlanarak Osmanl\u0131 \u0130mparatorlu\u011fu\u2019nun o d\u00f6nemdeki ticari ve s\u0131nai durumunu il il ayr\u0131nt\u0131l\u0131 olarak incelemi\u015f olmas\u0131d\u0131r. Bat\u0131l\u0131 kimli\u011fiyle Fesch\u2019in, T\u00fcrklere ve Abd\u00fclhamid\u2019e bak\u0131\u015f\u0131n\u0131n menfi oldu\u011fu su g\u00f6t\u00fcrmezse de eserin telif edildi\u011fi d\u00f6nemle ilgili son derece k\u0131ymetli bilgileri i\u00e7erdi\u011fi de bir ger\u00e7ektir.<\/p>\n","protected":false},"excerpt":{"rendered":"<p>Sultan Abd\u00fclhamid, T\u00fcrk tarihinin hakk\u0131nda en fazla konu\u015fulan \u015fahsiyetlerinden birisidir. Kimilerinin \u201cG\u00f6k Sultan\u201d kimilerinin \u201cK\u0131z\u0131l Sultan\u201d dedi\u011fi padi\u015fah, bug\u00fcn h\u00e2l\u00e2 abart\u0131l\u0131 ve birbiriyle taban tabana z\u0131t<span class=\"excerpt-hellip\"> [\u2026]<\/span><\/p>\n","protected":false},"featured_media":0,"template":"","meta":{"_monsterinsights_skip_tracking":false,"_monsterinsights_sitenote_active":false,"_monsterinsights_sitenote_note":"","_monsterinsights_sitenote_category":0},"product_brand":[],"product_cat":[12370,12304],"product_tag":[],"class_list":{"0":"post-729329","1":"product","2":"type-product","3":"status-publish","5":"product_cat-arastirma-inceleme","6":"product_cat-tarih","7":"pa_cilt-ciltsiz","8":"pa_tur-kitap","9":"pa_yayinevi-otuken-nesriyat","10":"pa_yazar-paul-fesch","12":"first","13":"instock","14":"sale","15":"shipping-taxable","16":"purchasable","17":"product-type-simple"},"_links":{"self":[{"href":"https:\/\/roveyayinevi.com.tr\/index.php\/wp-json\/wp\/v2\/product\/729329","targetHints":{"allow":["GET"]}}],"collection":[{"href":"https:\/\/roveyayinevi.com.tr\/index.php\/wp-json\/wp\/v2\/product"}],"about":[{"href":"https:\/\/roveyayinevi.com.tr\/index.php\/wp-json\/wp\/v2\/types\/product"}],"wp:attachment":[{"href":"https:\/\/roveyayinevi.com.tr\/index.php\/wp-json\/wp\/v2\/media?parent=729329"}],"wp:term":[{"taxonomy":"product_brand","embeddable":true,"href":"https:\/\/roveyayinevi.com.tr\/index.php\/wp-json\/wp\/v2\/product_brand?post=729329"},{"taxonomy":"product_cat","embeddable":true,"href":"https:\/\/roveyayinevi.com.tr\/index.php\/wp-json\/wp\/v2\/product_cat?post=729329"},{"taxonomy":"product_tag","embeddable":true,"href":"https:\/\/roveyayinevi.com.tr\/index.php\/wp-json\/wp\/v2\/product_tag?post=729329"}],"curies":[{"name":"wp","href":"https:\/\/api.w.org\/{rel}","templated":true}]}}