{"id":729191,"date":"2025-08-27T20:51:40","date_gmt":"2025-08-27T17:51:40","guid":{"rendered":"https:\/\/roveyayinevi.com.tr\/index.php\/urun\/mustafa-kemal-ataturk-ve-yunus-nadi\/"},"modified":"2026-04-16T02:37:03","modified_gmt":"2026-04-15T23:37:03","slug":"mustafa-kemal-ataturk-ve-yunus-nadi","status":"publish","type":"product","link":"https:\/\/roveyayinevi.com.tr\/index.php\/urun\/mustafa-kemal-ataturk-ve-yunus-nadi\/","title":{"rendered":"Mustafa Kemal Atat\u00fcrk ve Yunus Nadi"},"content":{"rendered":"<p>\u0130lhan Sel\u00e7uk\u2019un 1989 y\u0131l\u0131ndaki bir yaz\u0131s\u0131nda Yunus Nadi ile ilgili s\u00f6yledi\u011fi, \u201cYunus Nadi\u2019yi b\u00fct\u00fcn boyutlar\u0131yla gen\u00e7 ku\u015faklara tan\u0131tan yeterli bir yap\u0131t yoktur. Oysa bu devletin kurucular\u0131 aras\u0131nda, kimli\u011fiyle, yaz\u0131lar\u0131yla, gazetecili\u011fiyle yer alm\u0131\u015f, sava\u015f\u0131n ate\u015fli g\u00fcnlerinde ve devrimlerin ger\u00e7ekle\u015fmesinde \u00f6n safta hizmet g\u00f6rm\u00fc\u015f Yunus Nadi\u2019yi gen\u00e7 ku\u015faklar\u0131n tan\u0131mas\u0131 gerekiyor.\u201d c\u00fcmleleri; Mustafa Kemal Atat\u00fcrk\u2019\u00fcn tan\u0131nmas\u0131nda \u00f6nemli katk\u0131lar\u0131 olan ve ona her zaman inanan Yunus Nadi\u2019nin, gen\u00e7 nesillere tan\u0131t\u0131lmas\u0131 gerekti\u011fini g\u00f6stermektedir.Bu nedenle elinizdeki bu eserin, Mustafa Kemal Atat\u00fcrk ve onun \u00fczerinden Yunus Nadi\u2019yi daha iyi tan\u0131taca\u011f\u0131n\u0131 d\u00fc\u015f\u00fcn\u00fcyoruz. \u00c7\u00fcnk\u00fc Yunus Nadi; 1910 y\u0131l\u0131ndan itibaren \u0130ttihat Terakki Cemiyeti \u00fcyesi olarak tan\u0131\u015ft\u0131\u011f\u0131 ve sonras\u0131nda da s\u00fcrekli g\u00f6r\u00fc\u015ft\u00fc\u011f\u00fc Mustafa Kemal\u2019in ad\u0131n\u0131, 1911 y\u0131l\u0131nda ilk kez k\u00f6\u015fe yaz\u0131s\u0131nda ge\u00e7iren ve 1911\u2019den itibaren Selanik g\u00fcnleri, Trablusgarp, \u00c7anakkale ve Filistin ba\u015far\u0131lar\u0131 sonras\u0131nda Mustafa Kemal\u2019e foto\u011fraflar\u0131yla birlikte yer vererek, onun tarihin sayfalar\u0131nda yer almas\u0131n\u0131 sa\u011flayan ki\u015fiydi.&#8221;Tarih yazan&#8221; olarak bizlere d\u00fc\u015fen de, &#8220;tarih yapanlara&#8221; sad\u0131k kal\u0131p, sonucun \u201cinsanl\u0131\u011f\u0131 \u015fa\u015f\u0131rtacak bir \u015fekil&#8221; almas\u0131na katk\u0131 sa\u011flamak oldu.<\/p>\n","protected":false},"excerpt":{"rendered":"<p>\u0130lhan Sel\u00e7uk\u2019un 1989 y\u0131l\u0131ndaki bir yaz\u0131s\u0131nda Yunus Nadi ile ilgili s\u00f6yledi\u011fi, \u201cYunus Nadi\u2019yi b\u00fct\u00fcn boyutlar\u0131yla gen\u00e7 ku\u015faklara tan\u0131tan yeterli bir yap\u0131t yoktur. Oysa bu devletin kurucular\u0131<span class=\"excerpt-hellip\"> [\u2026]<\/span><\/p>\n","protected":false},"featured_media":0,"template":"","meta":{"_monsterinsights_skip_tracking":false,"_monsterinsights_sitenote_active":false,"_monsterinsights_sitenote_note":"","_monsterinsights_sitenote_category":0},"product_brand":[],"product_cat":[12530,12304],"product_tag":[],"class_list":{"0":"post-729191","1":"product","2":"type-product","3":"status-publish","5":"product_cat-mustafa-kemal-ataturk","6":"product_cat-tarih","7":"pa_cilt-ciltsiz","8":"pa_tur-kitap","9":"pa_yayinevi-cumhuriyet-kitaplari","10":"pa_yazar-mehmet-emin-elmaci","12":"first","13":"instock","14":"sale","15":"shipping-taxable","16":"purchasable","17":"product-type-simple"},"_links":{"self":[{"href":"https:\/\/roveyayinevi.com.tr\/index.php\/wp-json\/wp\/v2\/product\/729191","targetHints":{"allow":["GET"]}}],"collection":[{"href":"https:\/\/roveyayinevi.com.tr\/index.php\/wp-json\/wp\/v2\/product"}],"about":[{"href":"https:\/\/roveyayinevi.com.tr\/index.php\/wp-json\/wp\/v2\/types\/product"}],"wp:attachment":[{"href":"https:\/\/roveyayinevi.com.tr\/index.php\/wp-json\/wp\/v2\/media?parent=729191"}],"wp:term":[{"taxonomy":"product_brand","embeddable":true,"href":"https:\/\/roveyayinevi.com.tr\/index.php\/wp-json\/wp\/v2\/product_brand?post=729191"},{"taxonomy":"product_cat","embeddable":true,"href":"https:\/\/roveyayinevi.com.tr\/index.php\/wp-json\/wp\/v2\/product_cat?post=729191"},{"taxonomy":"product_tag","embeddable":true,"href":"https:\/\/roveyayinevi.com.tr\/index.php\/wp-json\/wp\/v2\/product_tag?post=729191"}],"curies":[{"name":"wp","href":"https:\/\/api.w.org\/{rel}","templated":true}]}}