{"id":729132,"date":"2025-08-27T20:50:47","date_gmt":"2025-08-27T17:50:47","guid":{"rendered":"https:\/\/roveyayinevi.com.tr\/index.php\/urun\/halk-yonetimi-demokrasi-ve-populizm-catismasinda-dunya\/"},"modified":"2026-04-16T02:37:01","modified_gmt":"2026-04-15T23:37:01","slug":"halk-yonetimi-demokrasi-ve-populizm-catismasinda-dunya","status":"publish","type":"product","link":"https:\/\/roveyayinevi.com.tr\/index.php\/urun\/halk-yonetimi-demokrasi-ve-populizm-catismasinda-dunya\/","title":{"rendered":"Halk Y\u00f6netimi &#8211; Demokrasi ve Pop\u00fclizm \u00c7at\u0131\u015fmas\u0131nda D\u00fcnya"},"content":{"rendered":"<p>Bu kitap Sanayi Devrimi\u2019nden (1760\u2019lardan) beri, d\u00fcnyada ortaya \u00e7\u0131kan teknolojik de\u011fi\u015fim ve onun da etkisiyle olu\u015fan demokrasi, milliyet\u00e7ilik ve sosyalizm ak\u0131mlar\u0131n\u0131n belirledi\u011fi k\u00fcresel geli\u015fmeleri ve onlara tepki olarak do\u011fan bir siyasal hareket olarak pop\u00fclizm olgusunu, k\u00fcresel salg\u0131n ortam\u0131nda inceleyen bir \u00e7al\u0131\u015fmad\u0131r. On sekizinci y\u00fczy\u0131ldan itibaren d\u00fcnya giderek artan oranda y\u00f6netme hakk\u0131n\u0131n halkta oldu\u011fu sav\u0131na g\u00f6re d\u00fczenlenen siyasal sistemler ve h\u00fck\u00fcmetlerle y\u00f6netilmi\u015ftir. Ancak, bu sava dayanarak yap\u0131lan giri\u015fimler ortaya tek bir halk y\u00f6netimi uygulamas\u0131 \u00e7\u0131kartmam\u0131\u015f, farkl\u0131 zaman ve co\u011frafyalarda etkili olan demokrasi, milliyet\u00e7ilik ve sosyalizm gibi t\u00fcrlerine ve onlar\u0131n etkile\u015fimlerine g\u00f6re de farkl\u0131l\u0131k i\u00e7eren halk y\u00f6netimleri do\u011fmu\u015ftur. Siyasal sistemi halk\u0131n y\u00f6netece\u011fi sav\u0131, halk\u0131n kim oldu\u011funu tan\u0131mlamadan, kimler taraf\u0131ndan ve nas\u0131l bir y\u00f6netimin v\u00fccut bulaca\u011f\u0131n\u0131 belirlememektedir. Burada verilen yan\u0131tlara g\u00f6re fevkalade liberal bir demokrasi de, gayet \u015fedit bir totaliter rejim de ayn\u0131 halk\u0131n y\u00f6netme sav\u0131na uygun olarak kurulabilmekte ve s\u00fcrd\u00fcr\u00fclebilmektedir.  Kullan\u0131lan tan\u0131mlar\u0131n mu\u011flakl\u0131\u011f\u0131 ve \u00e7e\u015fitlili\u011fi, en peki\u015fmi\u015f demokrasilerde bile liberal demokrasi kar\u015f\u0131t\u0131 g\u00fc\u00e7l\u00fc halk hareketlerine ve onlar\u0131n siyasal liderlerinin y\u00fckselmesine yol a\u00e7abilmi\u015ftir. So\u011fuk Sava\u015f\u2019\u0131n bitiminden itibaren (1989 \u2013 1991) s\u00fcren k\u00fcresel ve teknolojik geli\u015fmeler yine bir halk\u00e7\u0131 (pop\u00fclist) sava dayal\u0131 olarak farkl\u0131 i\u00e7erikte siyasal hareketlere, ba\u015fta Kuzey Amerika ve Bat\u0131 Avrupa olmak \u00fczere, k\u00fcresel olarak yol a\u00e7m\u0131\u015ft\u0131r. Bu kitap i\u015fte tam bu ortamda ortaya \u00e7\u0131kan bir ba\u015fka k\u00fcresel olgu olan COVID-19 salg\u0131n\u0131n\u0131n bu geli\u015fmeleri nas\u0131l etkileyece\u011fi ve bizi nas\u0131l bir d\u00fcnyaya do\u011fru y\u00f6nlendirmekte oldu\u011funu da ara\u015ft\u0131ran bir \u00e7al\u0131\u015fmad\u0131r.   Salg\u0131nla birlikte gittik\u00e7e keskinle\u015fen tezatl\u0131klar ve \u00e7at\u0131\u015fmalar daha ciddi bir otoriter, hatta totaliter \u00fclkelerin d\u00fcnyas\u0131n\u0131n m\u0131, yoksa daha \u00f6zg\u00fcrl\u00fck\u00e7\u00fc liberal demokrasilerin d\u00fcnyas\u0131n\u0131n m\u0131 habercisidir? Bu ve benzeri sorular\u0131n yan\u0131tlar\u0131n\u0131 merak edenler i\u00e7in bu hususlar\u0131n sadece yan\u0131t\u0131 de\u011fil, ayn\u0131 zamanda nas\u0131l belirlenebilece\u011fi hakk\u0131ndaki \u00e7\u00f6z\u00fcmlemeler de i\u00e7eren bir yay\u0131n olarak Halk Y\u00f6netimi: Demokrasi ve Pop\u00fclizm \u00c7at\u0131\u015fmas\u0131nda D\u00fcnya okuyucuya sunulmaktad\u0131r.<\/p>\n","protected":false},"excerpt":{"rendered":"<p>Bu kitap Sanayi Devrimi\u2019nden (1760\u2019lardan) beri, d\u00fcnyada ortaya \u00e7\u0131kan teknolojik de\u011fi\u015fim ve onun da etkisiyle olu\u015fan demokrasi, milliyet\u00e7ilik ve sosyalizm ak\u0131mlar\u0131n\u0131n belirledi\u011fi k\u00fcresel geli\u015fmeleri ve onlara<span class=\"excerpt-hellip\"> [\u2026]<\/span><\/p>\n","protected":false},"featured_media":0,"template":"","meta":{"_monsterinsights_skip_tracking":false,"_monsterinsights_sitenote_active":false,"_monsterinsights_sitenote_note":"","_monsterinsights_sitenote_category":0},"product_brand":[],"product_cat":[13043,19008],"product_tag":[],"class_list":{"0":"post-729132","1":"product","2":"type-product","3":"status-publish","5":"product_cat-ekonomi","6":"product_cat-yonetim","7":"pa_cilt-ciltsiz","8":"pa_tur-kitap","9":"pa_yayinevi-efil-yayinevi","10":"pa_yazar-ersin-kalaycioglu","12":"first","13":"instock","14":"sale","15":"shipping-taxable","16":"purchasable","17":"product-type-simple"},"_links":{"self":[{"href":"https:\/\/roveyayinevi.com.tr\/index.php\/wp-json\/wp\/v2\/product\/729132","targetHints":{"allow":["GET"]}}],"collection":[{"href":"https:\/\/roveyayinevi.com.tr\/index.php\/wp-json\/wp\/v2\/product"}],"about":[{"href":"https:\/\/roveyayinevi.com.tr\/index.php\/wp-json\/wp\/v2\/types\/product"}],"wp:attachment":[{"href":"https:\/\/roveyayinevi.com.tr\/index.php\/wp-json\/wp\/v2\/media?parent=729132"}],"wp:term":[{"taxonomy":"product_brand","embeddable":true,"href":"https:\/\/roveyayinevi.com.tr\/index.php\/wp-json\/wp\/v2\/product_brand?post=729132"},{"taxonomy":"product_cat","embeddable":true,"href":"https:\/\/roveyayinevi.com.tr\/index.php\/wp-json\/wp\/v2\/product_cat?post=729132"},{"taxonomy":"product_tag","embeddable":true,"href":"https:\/\/roveyayinevi.com.tr\/index.php\/wp-json\/wp\/v2\/product_tag?post=729132"}],"curies":[{"name":"wp","href":"https:\/\/api.w.org\/{rel}","templated":true}]}}