{"id":729055,"date":"2025-08-27T20:49:32","date_gmt":"2025-08-27T17:49:32","guid":{"rendered":"https:\/\/roveyayinevi.com.tr\/index.php\/urun\/egitim-ve-toplumsal-dinamikler\/"},"modified":"2026-04-16T02:36:44","modified_gmt":"2026-04-15T23:36:44","slug":"egitim-ve-toplumsal-dinamikler","status":"publish","type":"product","link":"https:\/\/roveyayinevi.com.tr\/index.php\/urun\/egitim-ve-toplumsal-dinamikler\/","title":{"rendered":"E\u011fitim ve Toplumsal Dinamikler"},"content":{"rendered":"<p>Elinizdeki kitap, T\u00fcrkiye e\u011fitim ger\u00e7e\u011fini derinden de\u011fi\u015ftirmeyi ama\u00e7layan 2005 M\u00fcfredat Reformu\u2019nu mercek alt\u0131na al\u0131yor. Yazarlar\u0131 iki soruya yan\u0131t ar\u0131yor: Yeni m\u00fcfredat hangi toplumsal dinamikler ba\u011flam\u0131nda ve nas\u0131l geli\u015ftirildi? Ve T\u00fcrkiye\u2019nin heterojen toplumsal ko\u015fullar\u0131nda prati\u011fe nas\u0131l ge\u00e7irildi? \u00dclkenin toplum ve e\u011fitim tarihinden, d\u00f6nemin MEB Bakan\u0131 Erkan Mumcu ve TTK Ba\u015fkan\u0131 Ziya Sel\u00e7uk olmak \u00fczere bir\u00e7ok e\u011fitim idarecisi ile g\u00f6r\u00fc\u015fmelerden; k\u00f6y, kasaba ve \u0130stanbul\u2019un yoksul ve orta s\u0131n\u0131f semtlerindeki okullarda \u00e7al\u0131\u015fan \u00f6\u011fretmen ve velilerle yap\u0131lan grup s\u00f6yle\u015filerine kadar uzanan ampirik verilerini inceleyen Nohl ve Somel, T\u00fcrkiye\u2019de e\u015fitsizliklerin ve e\u011fitim alan\u0131ndaki \u00e7etin rekabetin, merkezi m\u00fcfredatla hedeflenen e\u011fitim i\u00e7eri\u011fini standardize etme ve bu anlam\u0131yla homojenle\u015ftirme \u00e7abalar\u0131n\u0131 nas\u0131l baltalad\u0131\u011f\u0131na i\u015faret ediyorlar.            Zengin ampirik incelemelerini teorik tart\u0131\u015fmalarla ili\u015fkilendiren bu kitap, e\u011fitimi toplumsal de\u011fi\u015fim ve e\u015fitsizlik ba\u011flam\u0131nda ara\u015ft\u0131rmak ve anlamak isteyen sosyal bilimcilere, \u00f6\u011fretmenlere ve e\u011fitim fak\u00fcltesi \u00f6\u011frencilerine yeni bir ufuk sunuyor. <\/p>\n","protected":false},"excerpt":{"rendered":"<p>Elinizdeki kitap, T\u00fcrkiye e\u011fitim ger\u00e7e\u011fini derinden de\u011fi\u015ftirmeyi ama\u00e7layan 2005 M\u00fcfredat Reformu\u2019nu mercek alt\u0131na al\u0131yor. Yazarlar\u0131 iki soruya yan\u0131t ar\u0131yor: Yeni m\u00fcfredat hangi toplumsal dinamikler ba\u011flam\u0131nda ve<span class=\"excerpt-hellip\"> [\u2026]<\/span><\/p>\n","protected":false},"featured_media":0,"template":"","meta":{"_monsterinsights_skip_tracking":false,"_monsterinsights_sitenote_active":false,"_monsterinsights_sitenote_note":"","_monsterinsights_sitenote_category":0},"product_brand":[],"product_cat":[12370,12304],"product_tag":[],"class_list":{"0":"post-729055","1":"product","2":"type-product","3":"status-publish","5":"product_cat-arastirma-inceleme","6":"product_cat-tarih","7":"pa_cilt-ciltsiz","8":"pa_tur-kitap","9":"pa_yayinevi-toz-yayinlari","10":"pa_yazar-arnd-michael-nohl-nazli-somel","12":"first","13":"instock","14":"sale","15":"shipping-taxable","16":"purchasable","17":"product-type-simple"},"_links":{"self":[{"href":"https:\/\/roveyayinevi.com.tr\/index.php\/wp-json\/wp\/v2\/product\/729055","targetHints":{"allow":["GET"]}}],"collection":[{"href":"https:\/\/roveyayinevi.com.tr\/index.php\/wp-json\/wp\/v2\/product"}],"about":[{"href":"https:\/\/roveyayinevi.com.tr\/index.php\/wp-json\/wp\/v2\/types\/product"}],"wp:attachment":[{"href":"https:\/\/roveyayinevi.com.tr\/index.php\/wp-json\/wp\/v2\/media?parent=729055"}],"wp:term":[{"taxonomy":"product_brand","embeddable":true,"href":"https:\/\/roveyayinevi.com.tr\/index.php\/wp-json\/wp\/v2\/product_brand?post=729055"},{"taxonomy":"product_cat","embeddable":true,"href":"https:\/\/roveyayinevi.com.tr\/index.php\/wp-json\/wp\/v2\/product_cat?post=729055"},{"taxonomy":"product_tag","embeddable":true,"href":"https:\/\/roveyayinevi.com.tr\/index.php\/wp-json\/wp\/v2\/product_tag?post=729055"}],"curies":[{"name":"wp","href":"https:\/\/api.w.org\/{rel}","templated":true}]}}