{"id":728939,"date":"2025-08-27T20:47:26","date_gmt":"2025-08-27T17:47:26","guid":{"rendered":"https:\/\/roveyayinevi.com.tr\/index.php\/urun\/barbarin-tarihi-ezilenin-dini\/"},"modified":"2026-04-16T02:36:41","modified_gmt":"2026-04-15T23:36:41","slug":"barbarin-tarihi-ezilenin-dini","status":"publish","type":"product","link":"https:\/\/roveyayinevi.com.tr\/index.php\/urun\/barbarin-tarihi-ezilenin-dini\/","title":{"rendered":"Barbar\u0131n Tarihi Ezilenin Dini"},"content":{"rendered":"<p>\u201cK\u0131v\u0131lc\u0131ml\u0131, Tu\u0308rkiye sosyalist hareketi i\u00e7erisindeki en \u00f6zgu\u0308n du\u0308\u015fu\u0308nu\u0308rlerden biri\u2026 Okul y\u0131llar\u0131nda pozitivizmden etkilenmi\u015f oldu\u011fu ya da tarih tezi ba\u011flam\u0131nda romantik sosyalizm gelene\u011fine yakla\u015fm\u0131\u015f oldu\u011fu s\u00f6ylenebilse de K\u0131v\u0131lc\u0131ml\u0131\u2019y\u0131 herhangi bir kategoriye sokmak \u00e7ok mu\u0308mku\u0308n de\u011fil. Kendine \u00f6zgu\u0308 ve Tu\u0308rkiye ko\u015fullar\u0131na uygun bir sosyalizm anlay\u0131\u015f\u0131 geli\u015ftirmeye \u00e7al\u0131\u015fan\u2026 K\u0131v\u0131lc\u0131ml\u0131\u2019n\u0131n neredeyse hayat\u0131n\u0131n son anlar\u0131na kadar Tu\u0308rkiye\u2019de kalm\u0131\u015f olmas\u0131 da ya\u015fad\u0131\u011f\u0131 u\u0308lkenin siyasi ger\u00e7eklerinden kopmadan u\u0308retim yapabilmesini sa\u011flam\u0131\u015ft\u0131r.\u201dBarbar\u0131n Tarihi Ezilenin Dini, Dr. Hikmet K\u0131v\u0131lc\u0131ml\u0131\u2019n\u0131n \u00f6zgu\u0308n du\u0308\u015fu\u0308nsel u\u0308retiminin oda\u011f\u0131nda yer alan din ve tarih alan\u0131ndaki teorilerine \u00f6zenle e\u011filen bir \u00e7al\u0131\u015fma. K\u0131v\u0131lc\u0131ml\u0131, barbarl\u0131k-uygarl\u0131k gerilimini, tarihsel ak\u0131\u015f\u0131n bir motor gu\u0308cu\u0308 olarak du\u0308\u015fu\u0308nu\u0308yordu. \u201cDin aleyhtarl\u0131\u011f\u0131n\u0131\u201d anlams\u0131z buluyor, dinsel anlat\u0131lar\u0131, ger\u00e7ek hayat\u0131n bu\u0308tu\u0308n sorunlar\u0131n\u0131 yans\u0131tan bir kaynak olarak okuyordu. Canan \u00d6zcan Elia\u00e7\u0131k, K\u0131v\u0131lc\u0131ml\u0131\u2019n\u0131n \u00f6mru\u0308nu\u0308 verdi\u011fi bu teorik \u00e7aban\u0131n inceliklerine mercek tutuyor. \u00d6zcan Elia\u00e7\u0131k\u2019\u0131n \u00f6nemli bir katk\u0131s\u0131 da, K\u0131v\u0131lc\u0131ml\u0131\u2019n\u0131n du\u0308\u015fu\u0308nce kaynaklar\u0131n\u0131 irdelemesi. \u201c\u0130slam\u2019\u0131n Marks\u2019\u0131\u201d olarak adland\u0131rd\u0131\u011f\u0131 \u0130bn-i Haldun ba\u015fta olmak u\u0308zere, gerek Osmanl\u0131 \u0130sl\u00e2m gerek Marksist ve Bat\u0131l\u0131 du\u0308\u015fu\u0308nu\u0308rlerden ald\u0131\u011f\u0131 ilhamlar\u0131 g\u00f6ru\u0308yoruz. 2019\u2019da Tu\u0308rk Sosyal Bilimler Derne\u011fi\u2019nin Gen\u00e7 Sosyal Bilimciler \u00d6du\u0308lu\u0308\u2019nu\u0308 alan eser, sadece s\u0131n\u0131f mu\u0308cadeleleriyle ve din tarihiyle de\u011fil, insanl\u0131k tarihiyle ilgilenen herkese hitap eden geni\u015f bir bak\u0131\u015f sunuyor.<\/p>\n","protected":false},"excerpt":{"rendered":"<p>\u201cK\u0131v\u0131lc\u0131ml\u0131, Tu\u0308rkiye sosyalist hareketi i\u00e7erisindeki en \u00f6zgu\u0308n du\u0308\u015fu\u0308nu\u0308rlerden biri\u2026 Okul y\u0131llar\u0131nda pozitivizmden etkilenmi\u015f oldu\u011fu ya da tarih tezi ba\u011flam\u0131nda romantik sosyalizm gelene\u011fine yakla\u015fm\u0131\u015f oldu\u011fu s\u00f6ylenebilse de<span class=\"excerpt-hellip\"> [\u2026]<\/span><\/p>\n","protected":false},"featured_media":0,"template":"","meta":{"_monsterinsights_skip_tracking":false,"_monsterinsights_sitenote_active":false,"_monsterinsights_sitenote_note":"","_monsterinsights_sitenote_category":0},"product_brand":[],"product_cat":[12370,12304],"product_tag":[],"class_list":{"0":"post-728939","1":"product","2":"type-product","3":"status-publish","5":"product_cat-arastirma-inceleme","6":"product_cat-tarih","7":"pa_cilt-ciltsiz","8":"pa_tur-kitap","9":"pa_yayinevi-iletisim-yayinlari","10":"pa_yazar-canan-ozcan-eliacik","12":"first","13":"instock","14":"sale","15":"shipping-taxable","16":"purchasable","17":"product-type-simple"},"_links":{"self":[{"href":"https:\/\/roveyayinevi.com.tr\/index.php\/wp-json\/wp\/v2\/product\/728939","targetHints":{"allow":["GET"]}}],"collection":[{"href":"https:\/\/roveyayinevi.com.tr\/index.php\/wp-json\/wp\/v2\/product"}],"about":[{"href":"https:\/\/roveyayinevi.com.tr\/index.php\/wp-json\/wp\/v2\/types\/product"}],"wp:attachment":[{"href":"https:\/\/roveyayinevi.com.tr\/index.php\/wp-json\/wp\/v2\/media?parent=728939"}],"wp:term":[{"taxonomy":"product_brand","embeddable":true,"href":"https:\/\/roveyayinevi.com.tr\/index.php\/wp-json\/wp\/v2\/product_brand?post=728939"},{"taxonomy":"product_cat","embeddable":true,"href":"https:\/\/roveyayinevi.com.tr\/index.php\/wp-json\/wp\/v2\/product_cat?post=728939"},{"taxonomy":"product_tag","embeddable":true,"href":"https:\/\/roveyayinevi.com.tr\/index.php\/wp-json\/wp\/v2\/product_tag?post=728939"}],"curies":[{"name":"wp","href":"https:\/\/api.w.org\/{rel}","templated":true}]}}