{"id":728925,"date":"2025-08-27T20:47:15","date_gmt":"2025-08-27T17:47:15","guid":{"rendered":"https:\/\/roveyayinevi.com.tr\/index.php\/urun\/genetik-ihanet-tepedelenliler\/"},"modified":"2026-04-16T02:36:41","modified_gmt":"2026-04-15T23:36:41","slug":"genetik-ihanet-tepedelenliler","status":"publish","type":"product","link":"https:\/\/roveyayinevi.com.tr\/index.php\/urun\/genetik-ihanet-tepedelenliler\/","title":{"rendered":"Genetik \u0130hanet &#8211; Tepedelenliler"},"content":{"rendered":"<p>Genetik \u0130hanet; Bo\u011faz\u2019daki A\u015firet kitab\u0131m\u0131zla ba\u015flayan aile tarihi ara\u015ft\u0131rmalar\u0131 zincirinin bir par\u00e7as\u0131\u2026 Bu \u00e7al\u0131\u015fma, Osmanl\u0131\u2019dan g\u00fcn\u00fcm\u00fcze uzanan b\u00fcrokratik klandan birbirine akraba iki ailenin tarihini, Kemal Dervi\u015f \u00e7er\u00e7evesinde anlat\u0131yor. Genetik \u0130hanet kitab\u0131nda yer alan isimleri ihanetle su\u00e7lamak gibi bir niyetimiz yok. Ancak Tepedelenli Ali Pa\u015fa\u2019n\u0131n ba\u011f\u0131ms\u0131z devlet kurmak i\u00e7in devlete isyan etmesi ve Halil Hamit Pa\u015fa\u2019n\u0131n yabanc\u0131larla i\u015fbirlik\u00e7ili\u011fi yaparak darbeye kalk\u0131\u015fmas\u0131 g\u00f6rmezden gelinemeyecek olgulard\u0131r. <\/p>\n","protected":false},"excerpt":{"rendered":"<p>Genetik \u0130hanet; Bo\u011faz\u2019daki A\u015firet kitab\u0131m\u0131zla ba\u015flayan aile tarihi ara\u015ft\u0131rmalar\u0131 zincirinin bir par\u00e7as\u0131\u2026 Bu \u00e7al\u0131\u015fma, Osmanl\u0131\u2019dan g\u00fcn\u00fcm\u00fcze uzanan b\u00fcrokratik klandan birbirine akraba iki ailenin tarihini, Kemal Dervi\u015f<span class=\"excerpt-hellip\"> [\u2026]<\/span><\/p>\n","protected":false},"featured_media":0,"template":"","meta":{"_monsterinsights_skip_tracking":false,"_monsterinsights_sitenote_active":false,"_monsterinsights_sitenote_note":"","_monsterinsights_sitenote_category":0},"product_brand":[],"product_cat":[14009,12291],"product_tag":[],"class_list":{"0":"post-728925","1":"product","2":"type-product","3":"status-publish","5":"product_cat-biyografi-otobiyografi-edebiyat","6":"product_cat-edebiyat","7":"pa_cilt-ciltsiz","8":"pa_tur-kitap","9":"pa_yayinevi-biyografi-net-yayincilik","10":"pa_yazar-mahmut-cetin","12":"first","13":"instock","14":"sale","15":"shipping-taxable","16":"purchasable","17":"product-type-simple"},"_links":{"self":[{"href":"https:\/\/roveyayinevi.com.tr\/index.php\/wp-json\/wp\/v2\/product\/728925","targetHints":{"allow":["GET"]}}],"collection":[{"href":"https:\/\/roveyayinevi.com.tr\/index.php\/wp-json\/wp\/v2\/product"}],"about":[{"href":"https:\/\/roveyayinevi.com.tr\/index.php\/wp-json\/wp\/v2\/types\/product"}],"wp:attachment":[{"href":"https:\/\/roveyayinevi.com.tr\/index.php\/wp-json\/wp\/v2\/media?parent=728925"}],"wp:term":[{"taxonomy":"product_brand","embeddable":true,"href":"https:\/\/roveyayinevi.com.tr\/index.php\/wp-json\/wp\/v2\/product_brand?post=728925"},{"taxonomy":"product_cat","embeddable":true,"href":"https:\/\/roveyayinevi.com.tr\/index.php\/wp-json\/wp\/v2\/product_cat?post=728925"},{"taxonomy":"product_tag","embeddable":true,"href":"https:\/\/roveyayinevi.com.tr\/index.php\/wp-json\/wp\/v2\/product_tag?post=728925"}],"curies":[{"name":"wp","href":"https:\/\/api.w.org\/{rel}","templated":true}]}}