{"id":728869,"date":"2025-08-27T20:46:28","date_gmt":"2025-08-27T17:46:28","guid":{"rendered":"https:\/\/roveyayinevi.com.tr\/index.php\/urun\/modernizmin-yansimalari-50li-yillarda-turkiye\/"},"modified":"2026-04-16T02:36:40","modified_gmt":"2026-04-15T23:36:40","slug":"modernizmin-yansimalari-50li-yillarda-turkiye","status":"publish","type":"product","link":"https:\/\/roveyayinevi.com.tr\/index.php\/urun\/modernizmin-yansimalari-50li-yillarda-turkiye\/","title":{"rendered":"Modernizmin Yans\u0131malar\u0131 &#8211; 50\u2019li Y\u0131llarda T\u00fcrkiye"},"content":{"rendered":"<p>10 y\u0131ll\u0131k d\u00f6nemleri kapsayan farkl\u0131 ciltlerden olu\u015fan bu kitap dizisinin temas\u0131n\u0131n \u201cModernizmin Yans\u0131malar\u0131\u201d olarak se\u00e7ilme nedeni; ele al\u0131nan y\u0131llarda T\u00fcrkiye\u2019nin ekonomik, sosyal ve toplumsal dinamikleri \u00e7er\u00e7evesinde \u201cmodernle\u015f(tir)me\u201dnin nas\u0131l ba\u015fkala\u015ft\u0131\u011f\u0131n\u0131 ve kendine \u00f6zg\u00fc bir nitelik kazand\u0131\u011f\u0131n\u0131 farkl\u0131 disiplinlerden bilim insanlar\u0131n\u0131n de\u011ferlendirmeleriyle anlamay\u0131\/yeniden okumay\u0131 hedeflemi\u015f olmas\u0131d\u0131r. Modernizmin Yans\u0131malar\u0131 serisinin bu cildinde ele al\u0131nan 1950\u2019li y\u0131llar, hem d\u00fcnyada hem de T\u00fcrkiye\u2019de kurulan yeni d\u00fcnya d\u00fczeninin nereye do\u011fru evrilece\u011finin tam anla\u015f\u0131lamad\u0131\u011f\u0131 y\u0131llard\u0131r. \u0130kinci D\u00fcnya Sava\u015f\u0131 sonras\u0131nda So\u011fuk Sava\u015f\u2019\u0131n d\u00fcnya \u00fclkelerini kapitalist ve sosyalist olmak \u00fczere iki blo\u011fa b\u00f6ld\u00fc\u011f\u00fc, kapitalist d\u00fcnyan\u0131n liderli\u011finin ABD\u2019ye ge\u00e7ti\u011fi bu y\u0131llarda d\u00fcnyada sosyalist hareket de b\u00fcy\u00fck ivme kazanm\u0131\u015f ve SSCB\u2019nin bu kamp\u0131n di\u011fer s\u00fcper g\u00fcc\u00fc oldu\u011fu kabul edilmi\u015ftir. G\u00fcn\u00fcm\u00fcz modern bireyi-modern toplumunun olu\u015fmaya ba\u015flad\u0131\u011f\u0131 y\u0131llard\u0131r 50\u2019ler. Var olan de\u011ferler de\u011fi\u015fmeye ba\u015flam\u0131\u015f ancak yerine ne konaca\u011f\u0131 konusu belirsizlikler i\u00e7inde kalm\u0131\u015ft\u0131r. T\u00fcm bat\u0131l\u0131 \u00fclkelerde ABD hegemonyas\u0131n\u0131n etkisinin bask\u0131n hale geldi\u011fi bu y\u0131llarda, bat\u0131l\u0131 kapitalist blo\u011fa eklemlenme \u00e7abalar\u0131 T\u00fcrkiye\u2019nin de hem i\u00e7 hem de d\u0131\u015f politikalar\u0131na y\u00f6n vermi\u015ftir. 50\u2019li y\u0131llar\u0131, siyaset yapma bi\u00e7imlerinden ithal edilen \u00fcr\u00fcnlerdeki farkl\u0131la\u015fmaya, kent ya\u015fam\u0131ndan sanata kadar pek \u00e7ok konuda T\u00fcrkiye tarihinin d\u00f6n\u00fcm noktalar\u0131ndan biri olarak kabul edebiliriz. \u201cModernizmin Yans\u0131malar\u0131\u201d dizisinin V. cildini olu\u015fturan bu kitap, 1950-1960 T\u00fcrkiye\u2019sini \u201cmodernizmin\u201d bu d\u00f6neme \u00f6zg\u00fc de\u011fi\u015fen g\u00f6r\u00fcng\u00fcs\u00fc alt\u0131nda ele almay\u0131 hedeflemektedir. Bu kitab\u0131n 50\u2019li y\u0131llara ili\u015fkin yeni bir kavray\u0131\u015f ve yeni \u00e7al\u0131\u015fmalar i\u00e7in de farkl\u0131 bak\u0131\u015f a\u00e7\u0131lar\u0131 geli\u015ftirece\u011fi ve ilham olaca\u011f\u0131 d\u00fc\u015f\u00fcn\u00fclmektedir. T\u00fcrkiye\u2019nin 1950\u2019li y\u0131llardaki genel g\u00f6r\u00fcn\u00fcm\u00fcn\u00fc \u201cmodernizmin\u201d prizmas\u0131 \u00fczerinden de\u011ferlendiren bu derlemenin, yeni \u00e7al\u0131\u015fmalara kaynak olu\u015fturarak literat\u00fcre \u00f6nemli bir katk\u0131 yapaca\u011f\u0131n\u0131, sorgulamalar\u0131n ve de\u011ferlendirmelerin tarihsel s\u00fcre\u00e7 i\u00e7indeki evrimsel d\u00f6n\u00fc\u015f\u00fcm\u00fcne farkl\u0131 bir bak\u0131\u015f a\u00e7\u0131s\u0131 kazand\u0131raca\u011f\u0131n\u0131 umuyoruz.<\/p>\n","protected":false},"excerpt":{"rendered":"<p>10 y\u0131ll\u0131k d\u00f6nemleri kapsayan farkl\u0131 ciltlerden olu\u015fan bu kitap dizisinin temas\u0131n\u0131n \u201cModernizmin Yans\u0131malar\u0131\u201d olarak se\u00e7ilme nedeni; ele al\u0131nan y\u0131llarda T\u00fcrkiye\u2019nin ekonomik, sosyal ve toplumsal dinamikleri \u00e7er\u00e7evesinde<span class=\"excerpt-hellip\"> [\u2026]<\/span><\/p>\n","protected":false},"featured_media":0,"template":"","meta":{"_monsterinsights_skip_tracking":false,"_monsterinsights_sitenote_active":false,"_monsterinsights_sitenote_note":"","_monsterinsights_sitenote_category":0},"product_brand":[],"product_cat":[12767,12324],"product_tag":[],"class_list":{"0":"post-728869","1":"product","2":"type-product","3":"status-publish","5":"product_cat-kentlesme-modernlesme","6":"product_cat-sosyoloji","7":"pa_cilt-ciltsiz","8":"pa_tur-kitap","9":"pa_yayinevi-efil-yayinevi","10":"pa_yazar-efil-yayinevi-kolektif","12":"first","13":"instock","14":"sale","15":"shipping-taxable","16":"purchasable","17":"product-type-simple"},"_links":{"self":[{"href":"https:\/\/roveyayinevi.com.tr\/index.php\/wp-json\/wp\/v2\/product\/728869","targetHints":{"allow":["GET"]}}],"collection":[{"href":"https:\/\/roveyayinevi.com.tr\/index.php\/wp-json\/wp\/v2\/product"}],"about":[{"href":"https:\/\/roveyayinevi.com.tr\/index.php\/wp-json\/wp\/v2\/types\/product"}],"wp:attachment":[{"href":"https:\/\/roveyayinevi.com.tr\/index.php\/wp-json\/wp\/v2\/media?parent=728869"}],"wp:term":[{"taxonomy":"product_brand","embeddable":true,"href":"https:\/\/roveyayinevi.com.tr\/index.php\/wp-json\/wp\/v2\/product_brand?post=728869"},{"taxonomy":"product_cat","embeddable":true,"href":"https:\/\/roveyayinevi.com.tr\/index.php\/wp-json\/wp\/v2\/product_cat?post=728869"},{"taxonomy":"product_tag","embeddable":true,"href":"https:\/\/roveyayinevi.com.tr\/index.php\/wp-json\/wp\/v2\/product_tag?post=728869"}],"curies":[{"name":"wp","href":"https:\/\/api.w.org\/{rel}","templated":true}]}}