{"id":728815,"date":"2025-08-27T20:45:29","date_gmt":"2025-08-27T17:45:29","guid":{"rendered":"https:\/\/roveyayinevi.com.tr\/index.php\/urun\/yuzlesme-6\/"},"modified":"2026-04-16T02:36:38","modified_gmt":"2026-04-15T23:36:38","slug":"yuzlesme-6","status":"publish","type":"product","link":"https:\/\/roveyayinevi.com.tr\/index.php\/urun\/yuzlesme-6\/","title":{"rendered":"Y\u00fczle\u015fme"},"content":{"rendered":"<p>K\u00fcresel Rekabet Kar\u015f\u0131s\u0131nda T\u00fcrkiye\u2019nin Performans\u0131\u201cBa\u015far\u0131s\u0131z insanlar hayatla m\u00fccadele eden insanlard\u0131r. Harekete ge\u00e7mezsen asl\u0131nda ba\u015far\u0131s\u0131z da olmazs\u0131n. M\u00fccadele edeceksin, yeri geldi\u011finde ba\u015far\u0131s\u0131z da olacaks\u0131n ama bu uzun ve yorucu yolun en sonunda ba\u015far\u0131ya ula\u015facaks\u0131n.\u201dBa\u015far\u0131y\u0131 \u00f6l\u00e7erken kendimizi kiminle veya hangi \u00fclkelerle k\u0131yasl\u0131yoruz? \u0130\u00e7inde bulundu\u011fumuz sistem ba\u015far\u0131dan ziyade ba\u015far\u0131s\u0131zl\u0131\u011f\u0131 m\u0131 getiriyor? Neden pek \u00e7ok alanda Bat\u0131\u2019n\u0131n gerisinde kald\u0131k? T\u00fcrkiye son \u00fc\u00e7 y\u00fczy\u0131ld\u0131r patinaj m\u0131 yap\u0131yor? D\u00fcnya ekonomisinden ald\u0131\u011f\u0131m\u0131z pay neden de\u011fi\u015fmiyor? T\u00fcrkiye\u2019den bir d\u00fcnya markas\u0131 \u00e7\u0131kabilmesi i\u00e7in neler yap\u0131lmal\u0131? Yarat\u0131c\u0131 s\u0131n\u0131f nas\u0131l ortaya \u00e7\u0131kar? Hakiki ayd\u0131n kimdir? Gen\u00e7lerden ne bekleniyor? Neden s\u0131k s\u0131k beyin g\u00f6\u00e7\u00fc ya\u015fan\u0131yor?\u0130\u015f d\u00fcnyas\u0131n\u0131n \u00f6nde gelen isimlerinden Adnan Dalgak\u0131ran, T\u00fcrkiye\u2019nin geli\u015fmi\u015f \u00fclkeler seviyesine ula\u015fma yolunda \u00fc\u00e7 y\u00fczy\u0131ld\u0131r s\u00fcrd\u00fcrd\u00fc\u011f\u00fc ko\u015fuyu sadece ekonomik bir perspektifle s\u0131n\u0131rl\u0131 kalmadan; e\u011fitimden hukuka, y\u00f6netimden tarihe ve k\u00fclt\u00fcre kadar vasatl\u0131k tuza\u011f\u0131na sebep olan b\u00fct\u00fcn fakt\u00f6rlere de\u011finerek kapsaml\u0131 bir yordamla ele al\u0131yor. Bunun yan\u0131 s\u0131ra hukuki, yap\u0131sal ve sistemsel baz\u0131 kronik a\u00e7\u0131klar\u0131m\u0131z\u0131n nas\u0131l verimlilikten ve geli\u015fmeden uzak kalmam\u0131za sebep oldu\u011funu grafiklerle, say\u0131larla g\u00f6steriyor ve i\u015f d\u00fcnyas\u0131n\u0131n, sivil toplumun ve devlet kurumlar\u0131n\u0131n son y\u0131llardaki performans\u0131n\u0131 olduk\u00e7a anla\u015f\u0131l\u0131r bi\u00e7imde ve roman ak\u0131c\u0131l\u0131\u011f\u0131nda analiz ediyor. D\u00fcnyada vasatl\u0131k tuza\u011f\u0131n\u0131 a\u015fm\u0131\u015f \u00fclkelerin neler yapt\u0131\u011f\u0131na ayna tutarak sundu\u011fu pek \u00e7ok fikir ve \u00e7\u00f6z\u00fcm \u00f6nerisiyle asl\u0131nda T\u00fcrkiye\u2019yi bir an evvel kendisiyle y\u00fczle\u015fmeye davet ediyor.Y\u00fczle\u015fme, tarih boyunca hepimizin bildi\u011fi ama bir t\u00fcrl\u00fc \u00fczerine kafa yormak istemedi\u011fi ger\u00e7eklerle y\u00fczle\u015fmeksizin kurtulu\u015f re\u00e7etelerine ihtiya\u00e7 duymu\u015f \u00fclkesine, ona sevdal\u0131 bir zihin taraf\u0131ndan yaz\u0131lm\u0131\u015f derin ve eksiksiz bir rapor\u2026<\/p>\n","protected":false},"excerpt":{"rendered":"<p>K\u00fcresel Rekabet Kar\u015f\u0131s\u0131nda T\u00fcrkiye\u2019nin Performans\u0131\u201cBa\u015far\u0131s\u0131z insanlar hayatla m\u00fccadele eden insanlard\u0131r. Harekete ge\u00e7mezsen asl\u0131nda ba\u015far\u0131s\u0131z da olmazs\u0131n. M\u00fccadele edeceksin, yeri geldi\u011finde ba\u015far\u0131s\u0131z da olacaks\u0131n ama bu uzun<span class=\"excerpt-hellip\"> [\u2026]<\/span><\/p>\n","protected":false},"featured_media":0,"template":"","meta":{"_monsterinsights_skip_tracking":false,"_monsterinsights_sitenote_active":false,"_monsterinsights_sitenote_note":"","_monsterinsights_sitenote_category":0},"product_brand":[],"product_cat":[13043,65318],"product_tag":[],"class_list":{"0":"post-728815","1":"product","2":"type-product","3":"status-publish","5":"product_cat-ekonomi","6":"product_cat-kuresellesme","7":"pa_cilt-ciltsiz","8":"pa_tur-kitap","9":"pa_yayinevi-kronik-kitap","10":"pa_yazar-adnan-dalgakiran","12":"first","13":"instock","14":"sale","15":"shipping-taxable","16":"purchasable","17":"product-type-simple"},"_links":{"self":[{"href":"https:\/\/roveyayinevi.com.tr\/index.php\/wp-json\/wp\/v2\/product\/728815","targetHints":{"allow":["GET"]}}],"collection":[{"href":"https:\/\/roveyayinevi.com.tr\/index.php\/wp-json\/wp\/v2\/product"}],"about":[{"href":"https:\/\/roveyayinevi.com.tr\/index.php\/wp-json\/wp\/v2\/types\/product"}],"wp:attachment":[{"href":"https:\/\/roveyayinevi.com.tr\/index.php\/wp-json\/wp\/v2\/media?parent=728815"}],"wp:term":[{"taxonomy":"product_brand","embeddable":true,"href":"https:\/\/roveyayinevi.com.tr\/index.php\/wp-json\/wp\/v2\/product_brand?post=728815"},{"taxonomy":"product_cat","embeddable":true,"href":"https:\/\/roveyayinevi.com.tr\/index.php\/wp-json\/wp\/v2\/product_cat?post=728815"},{"taxonomy":"product_tag","embeddable":true,"href":"https:\/\/roveyayinevi.com.tr\/index.php\/wp-json\/wp\/v2\/product_tag?post=728815"}],"curies":[{"name":"wp","href":"https:\/\/api.w.org\/{rel}","templated":true}]}}