{"id":728813,"date":"2025-08-27T20:45:27","date_gmt":"2025-08-27T17:45:27","guid":{"rendered":"https:\/\/roveyayinevi.com.tr\/index.php\/urun\/yalinayak-gen-8-kitap-olum-tacirleri\/"},"modified":"2026-04-16T02:36:38","modified_gmt":"2026-04-15T23:36:38","slug":"yalinayak-gen-8-kitap-olum-tacirleri","status":"publish","type":"product","link":"https:\/\/roveyayinevi.com.tr\/index.php\/urun\/yalinayak-gen-8-kitap-olum-tacirleri\/","title":{"rendered":"Yal\u0131nayak Gen 8. Kitap &#8211; \u00d6l\u00fcm Tacirleri"},"content":{"rendered":"<p>Bir Bar\u0131\u015f Fi\u015fe\u011fi: Yal\u0131nayak Gen!\u00dcnl\u00fc manga ustas\u0131 Keiji Nakazawa taraf\u0131ndan yarat\u0131lan ve atom bombas\u0131n\u0131n etkilerine dair tarihsel bir belge niteli\u011fi ta\u015f\u0131yan &#8220;Yal\u0131nayak Gen&#8221; serisinin, T\u00fcrkiyeli okurlar taraf\u0131ndan uzun y\u0131llard\u0131r merakla beklenen sekizinci cildi \u00d6l\u00fcm Tacirleri, tarihe tan\u0131kl\u0131k ettirmeyi s\u00fcrd\u00fcr\u00fcyor. \u0130kinci D\u00fcnya Sava\u015f\u0131&#8217;nda \u00f6nemli bir d\u00f6n\u00fcm noktas\u0131 olan Hiro\u015fima&#8217;n\u0131n bombalanmas\u0131n\u0131 ve atom bombas\u0131 ertesinde ya\u015fananlar\u0131 k\u00fc\u00e7\u00fck bir \u00e7ocu\u011fun g\u00f6z\u00fcnden aktaran bu ger\u00e7ek\u00e7i manga, otobiyografik \u00f6zellikler ta\u015f\u0131mas\u0131n\u0131n yan\u0131 s\u0131ra sava\u015f\u0131n trajedisini, ya\u015fanan ac\u0131lar\u0131 ve her \u015feye ra\u011fmen dayan\u0131\u015fman\u0131n \u00f6nemini vurguluyor.\u0130nsanl\u0131\u011f\u0131n yeni nesli i\u00e7in bir g\u00fc\u00e7 kayna\u011f\u0131 umuduyla hayat bulan Gen&#8217;in 25 dile \u00e7evrilen ve d\u00fcnya \u00e7ap\u0131nda yank\u0131 uyand\u0131ran h\u00fcz\u00fcnl\u00fc \u00f6yk\u00fcs\u00fc; n\u00fckleer silahlanmaya &#8220;hay\u0131r&#8221; diyecek g\u00fcc\u00fc gelece\u011fe ta\u015f\u0131yor, 20. y\u00fczy\u0131l\u0131n en b\u00fcy\u00fck vah\u015fetlerinden birini unutmuyor ve unutturmuyor.&#8221;Birer bar\u0131\u015f fi\u015fe\u011fi olman\u0131z\u0131, d\u00fcnyan\u0131n d\u00f6rt bir yan\u0131ndaki insanlar\u0131n kalbine eri\u015fmenizi istiyorum. En b\u00fcy\u00fck \u00f6deviniz bar\u0131\u015f i\u00e7inde bir d\u00fcnya yaratmakt\u0131r.&#8221; Serinin sekizinci cildinde takvimler 25 Haziran 1950&#8217;yi g\u00f6stermektedir. Kore yar\u0131madas\u0131 ikiye b\u00f6l\u00fcnm\u00fc\u015f ve sava\u015f ba\u015flam\u0131\u015ft\u0131r. Japonya&#8217;n\u0131n yeni bir girdaba s\u00fcr\u00fcklenmesinden endi\u015fe duyulmaktad\u0131r. Gen, sava\u015f yanl\u0131s\u0131 s\u00f6ylemlerde bulunan s\u0131n\u0131f arkada\u015f\u0131 Aihara ile kavga eder. \u00c7ok ge\u00e7meden g\u00f6r\u00fcnenin ard\u0131nda yatan ger\u00e7e\u011fin fark\u0131na varan Gen ve arkada\u015flar\u0131, sava\u015fta \u00f6ks\u00fcz kalan Aihara&#8217;y\u0131 yeniden hayata ba\u011flamak i\u00e7in bir plan yapar. Bu s\u0131rada Gen&#8217;in \u00f6\u011fretmeni Bay Ohta sava\u015f kar\u015f\u0131t\u0131 bir y\u00fcr\u00fcy\u00fc\u015fe kat\u0131ld\u0131\u011f\u0131 i\u00e7in okuldan uzakla\u015ft\u0131r\u0131lm\u0131\u015ft\u0131r. \u00d6\u011fretmenlerini geri kazanmak i\u00e7in m\u00fccadele eden Gen, Natsue&#8217;nin hastaneye kald\u0131r\u0131ld\u0131\u011f\u0131n\u0131 ve evlerinin Bar\u0131\u015f An\u0131t Kenti projesi y\u00fcz\u00fcnden y\u0131k\u0131laca\u011f\u0131n\u0131 \u00f6\u011frenir.Sava\u015f\u0131n masum insanlara ya\u015fatt\u0131\u011f\u0131 ac\u0131lar\u0131 birinci elden belgeleyen &#8220;Yal\u0131nayak Gen&#8221; efsanesinin sekizinci kitab\u0131 \u00d6l\u00fcm Tacirleri, Gen ve arkada\u015flar\u0131n\u0131n ola\u011fan\u00fcst\u00fc dayan\u0131\u015fmas\u0131n\u0131 g\u00f6sterirken, can ac\u0131t\u0131yor olsa dahi ger\u00e7eklerle y\u00fczle\u015fmenin insan ruhunu nas\u0131l da iyile\u015ftirdi\u011fine i\u015faret ediyor. &#8220;Sava\u015flar kendi kendine olmaz, onlar\u0131 hep insanlar ba\u015flat\u0131r.&#8221;<\/p>\n","protected":false},"excerpt":{"rendered":"<p>Bir Bar\u0131\u015f Fi\u015fe\u011fi: Yal\u0131nayak Gen!\u00dcnl\u00fc manga ustas\u0131 Keiji Nakazawa taraf\u0131ndan yarat\u0131lan ve atom bombas\u0131n\u0131n etkilerine dair tarihsel bir belge niteli\u011fi ta\u015f\u0131yan &#8220;Yal\u0131nayak Gen&#8221; serisinin, T\u00fcrkiyeli okurlar<span class=\"excerpt-hellip\"> [\u2026]<\/span><\/p>\n","protected":false},"featured_media":0,"template":"","meta":{"_monsterinsights_skip_tracking":false,"_monsterinsights_sitenote_active":false,"_monsterinsights_sitenote_note":"","_monsterinsights_sitenote_category":0},"product_brand":[],"product_cat":[12689,12274],"product_tag":[],"class_list":{"0":"post-728813","1":"product","2":"type-product","3":"status-publish","5":"product_cat-cizgi-roman-cocuk-ve-genclik-kitaplari","6":"product_cat-cocuk-ve-genclik-kitaplari","7":"pa_cilt-ciltsiz","8":"pa_tur-kitap","9":"pa_yayinevi-desen-yayinlari","10":"pa_yazar-keiji-nakazawa","12":"first","13":"instock","14":"sale","15":"shipping-taxable","16":"purchasable","17":"product-type-simple"},"_links":{"self":[{"href":"https:\/\/roveyayinevi.com.tr\/index.php\/wp-json\/wp\/v2\/product\/728813","targetHints":{"allow":["GET"]}}],"collection":[{"href":"https:\/\/roveyayinevi.com.tr\/index.php\/wp-json\/wp\/v2\/product"}],"about":[{"href":"https:\/\/roveyayinevi.com.tr\/index.php\/wp-json\/wp\/v2\/types\/product"}],"wp:attachment":[{"href":"https:\/\/roveyayinevi.com.tr\/index.php\/wp-json\/wp\/v2\/media?parent=728813"}],"wp:term":[{"taxonomy":"product_brand","embeddable":true,"href":"https:\/\/roveyayinevi.com.tr\/index.php\/wp-json\/wp\/v2\/product_brand?post=728813"},{"taxonomy":"product_cat","embeddable":true,"href":"https:\/\/roveyayinevi.com.tr\/index.php\/wp-json\/wp\/v2\/product_cat?post=728813"},{"taxonomy":"product_tag","embeddable":true,"href":"https:\/\/roveyayinevi.com.tr\/index.php\/wp-json\/wp\/v2\/product_tag?post=728813"}],"curies":[{"name":"wp","href":"https:\/\/api.w.org\/{rel}","templated":true}]}}