{"id":728808,"date":"2025-08-27T20:45:24","date_gmt":"2025-08-27T17:45:24","guid":{"rendered":"https:\/\/roveyayinevi.com.tr\/index.php\/urun\/buyuk-taarruz\/"},"modified":"2026-04-16T02:36:38","modified_gmt":"2026-04-15T23:36:38","slug":"buyuk-taarruz","status":"publish","type":"product","link":"https:\/\/roveyayinevi.com.tr\/index.php\/urun\/buyuk-taarruz\/","title":{"rendered":"B\u00fcy\u00fck Taarruz"},"content":{"rendered":"<p>&#8220;Dr. Selim Erdo\u011fan, &#8216;B\u00fcy\u00fck Taarruz&#8217; kitab\u0131nda &#8216;Sakarya&#8217;dan sonra Milli M\u00fccadele&#8217;nin tarihi \u00fczerine yerli ve yabanc\u0131 kaynaklar\u0131 mukayeseli olarak kullan\u0131yor. Co\u011frafya ve stratejiyi m\u00fckemmel bir \u015fekilde i\u015fliyor. Kitapta ilk defa baz\u0131 \u00e7arp\u0131c\u0131 ger\u00e7ekler ortaya \u00e7\u0131k\u0131yor. Her iki muharebede de \u015fehitliklerin tam listesi yok. Bunlar yazar\u0131n ve Harp Tarihi Dairesi\u2019nin gayretiyle muharebe alanlar\u0131nda ve civarda ara\u015ft\u0131r\u0131larak bulunuyor. Dolay\u0131s\u0131yla \u00f6nemli bir arazi tetkikinin, ar\u015fiv \u00e7al\u0131\u015fmas\u0131n\u0131n ve kaynak kullan\u0131m\u0131n\u0131n \u00fcr\u00fcn\u00fc olan, Milli M\u00fccadele\u2019nin 100. y\u0131l\u0131na yak\u0131\u015fan bir monografiyle kar\u015f\u0131 kar\u015f\u0131yay\u0131z.&#8221; \u0130lber Ortayl\u0131 Sakarya\u2019da u\u00e7urumun e\u015fi\u011finden d\u00f6nen bir millet nas\u0131l oldu da 11 ay sonra 200.000 ki\u015filik Yunan ordusunu \u00f6n\u00fcne kat\u0131p denize d\u00f6kt\u00fc, \u0130ngilizlerin kar\u015f\u0131s\u0131na dikilebildi? Sakarya\u2019n\u0131n ba\u015far\u0131l\u0131 kumandan\u0131 \u201cDeli\u201d Halit Bey neden B\u00fcy\u00fck Taarruz\u2019un cephedeki vurucu kadrosu i\u00e7inde yer almad\u0131? Ba\u015fkomutan\u0131n kararg\u00e2h\u0131nda sahiden de casus var m\u0131yd\u0131? Sovyet yard\u0131mlar\u0131n\u0131n ard\u0131nda nas\u0131l bir diplomasi sava\u015f\u0131 vard\u0131? Frans\u0131zlar\u0131n g\u00fcney Anadolu i\u015fgaline son veren Ankara Antla\u015fmas\u0131\u2019n\u0131n ard\u0131nda hangi dinamikler vard\u0131? En zor anlarda bile Misak-\u0131 Milli\u2019den ve tam ba\u011f\u0131ms\u0131zl\u0131ktan taviz vermeyen Mustafa Kemal Pa\u015fa\u2019n\u0131n s\u0131rr\u0131 neydi?\u201cSakarya: T\u00fcrk Bitti Demeden Bitmez\u201d \u00e7al\u0131\u015fmas\u0131yla askeri tarihimize unutulmaz bir eser kazand\u0131ran Dr. Selim Erdo\u011fan, t\u00fcm bu sorulara hem T\u00fcrk hem Yunan askeri kaynaklar\u0131n\u0131n \u00e7apraz okumalar\u0131yla, belgelere dayal\u0131 olarak ve sahada elde edilen bulgularla cevap veriyor. B\u00fcy\u00fck Taarruz\u2019la gelen zaferin \u00e7ok \u00e7al\u0131\u015fman\u0131n, kendini \u201cistikl\u00e2l\u201d fikrine adaman\u0131n ve bunu yaparken s\u0131rt\u0131n\u0131 bilime dayaman\u0131n bir sonucu oldu\u011funu vurguluyor. Bu y\u00fczden T\u00fcrk ordusunun 26 A\u011fustos sabah\u0131 ilk top patlad\u0131\u011f\u0131nda zaten zaferi kazanm\u0131\u015f durumda oldu\u011funu s\u00f6yl\u00fcyor: \u201cO ilk top bilimin ayd\u0131nl\u0131\u011f\u0131yla, inan\u00e7la, vatan sevgisiyle y\u00fcr\u00fcyen bir Ba\u015fkomutan\u0131n ve ona inanan binlerce T\u00fcrk\u2019\u00fcn \u00fc\u00e7 y\u0131l boyunca sab\u0131rla b\u00fcy\u00fctt\u00fckleri a\u011fa\u00e7lar\u0131n meyve vermeye ba\u015flad\u0131\u011f\u0131 an olmas\u0131 nedeniyle \u00f6nemlidir, ama 11 ayl\u0131k haz\u0131rl\u0131k d\u00f6nemi anla\u015f\u0131lmad\u0131\u011f\u0131 s\u00fcrece o ilk mermi sadece bir mermidir.\u201d\u201cB\u00fcy\u00fck Taarruz: Da\u011flarda Tek Tek Ate\u015fler Yan\u0131yordu\u201d, sadece 26 A\u011fustos ve sonras\u0131n\u0131 de\u011fil, T\u00fcrk karakterinin aya\u011fa kalkt\u0131\u011f\u0131 bir d\u00f6nemi t\u00fcm duygular\u0131yla okuyucuya sunuyor\u2026<\/p>\n","protected":false},"excerpt":{"rendered":"<p>&#8220;Dr. Selim Erdo\u011fan, &#8216;B\u00fcy\u00fck Taarruz&#8217; kitab\u0131nda &#8216;Sakarya&#8217;dan sonra Milli M\u00fccadele&#8217;nin tarihi \u00fczerine yerli ve yabanc\u0131 kaynaklar\u0131 mukayeseli olarak kullan\u0131yor. Co\u011frafya ve stratejiyi m\u00fckemmel bir \u015fekilde i\u015fliyor.<span class=\"excerpt-hellip\"> [\u2026]<\/span><\/p>\n","protected":false},"featured_media":0,"template":"","meta":{"_monsterinsights_skip_tracking":false,"_monsterinsights_sitenote_active":false,"_monsterinsights_sitenote_note":"","_monsterinsights_sitenote_category":0},"product_brand":[],"product_cat":[12304,13650],"product_tag":[],"class_list":{"0":"post-728808","1":"product","2":"type-product","3":"status-publish","5":"product_cat-tarih","6":"product_cat-turk-tarihi-arastirmalari","7":"pa_cilt-ciltsiz","8":"pa_tur-kitap","9":"pa_yayinevi-kronik-kitap","10":"pa_yazar-selim-erdogan","12":"first","13":"instock","14":"sale","15":"shipping-taxable","16":"purchasable","17":"product-type-simple"},"_links":{"self":[{"href":"https:\/\/roveyayinevi.com.tr\/index.php\/wp-json\/wp\/v2\/product\/728808","targetHints":{"allow":["GET"]}}],"collection":[{"href":"https:\/\/roveyayinevi.com.tr\/index.php\/wp-json\/wp\/v2\/product"}],"about":[{"href":"https:\/\/roveyayinevi.com.tr\/index.php\/wp-json\/wp\/v2\/types\/product"}],"wp:attachment":[{"href":"https:\/\/roveyayinevi.com.tr\/index.php\/wp-json\/wp\/v2\/media?parent=728808"}],"wp:term":[{"taxonomy":"product_brand","embeddable":true,"href":"https:\/\/roveyayinevi.com.tr\/index.php\/wp-json\/wp\/v2\/product_brand?post=728808"},{"taxonomy":"product_cat","embeddable":true,"href":"https:\/\/roveyayinevi.com.tr\/index.php\/wp-json\/wp\/v2\/product_cat?post=728808"},{"taxonomy":"product_tag","embeddable":true,"href":"https:\/\/roveyayinevi.com.tr\/index.php\/wp-json\/wp\/v2\/product_tag?post=728808"}],"curies":[{"name":"wp","href":"https:\/\/api.w.org\/{rel}","templated":true}]}}