{"id":728718,"date":"2025-08-27T20:43:59","date_gmt":"2025-08-27T17:43:59","guid":{"rendered":"https:\/\/roveyayinevi.com.tr\/index.php\/urun\/hakikat-sonrasi-2\/"},"modified":"2026-04-16T02:36:36","modified_gmt":"2026-04-15T23:36:36","slug":"hakikat-sonrasi-2","status":"publish","type":"product","link":"https:\/\/roveyayinevi.com.tr\/index.php\/urun\/hakikat-sonrasi-2\/","title":{"rendered":"Hakikat Sonras\u0131"},"content":{"rendered":"<p>\u201cHakikat\u201d\u0130n Temsili G\u00fcn\u00fcm\u00fczde Can \u00c7eki\u015fiyor. Kamusal Tart\u0131\u015fmada Hakikat, \u00c7a\u011f\u0131m\u0131z\u0131n Geli\u015fmeleriyle, Yeni Bir \u015eekilde G\u00f6rmezden Geliniyor. 2000\u2019Li Y\u0131llardan \u0130tibaren Kamusal Alanda Hakikat Ve Hakikat Sonras\u0131 Konusunda Pek \u00c7ok Tart\u0131\u015fma Ya\u015fand\u0131. Siyasal, Toplumsal Ve Ekonomik Geli\u015fmeler, Yeni Medya Teknolojilerinin H\u0131z Kesmeyen Etkisi, \u201cHakikat Sonras\u0131\u201d Bir \u00c7a\u011fda Ya\u015fad\u0131\u011f\u0131m\u0131z \u0130ddialar\u0131n\u0131n G\u00fcndemi Kaplamas\u0131na Neden Oldu. Bu Derlemede, Siyaset, Felsefe, Medya Ve Uluslararas\u0131 \u0130li\u015fkiler Alanlar\u0131nda, Hakikatin Ve \u201cHakikat Sonras\u0131\u201d \u00c7a\u011f\u0131n Ne Oldu\u011funa Dair Esasl\u0131 Tart\u0131\u015fmalar Y\u00fcr\u00fct\u00fcl\u00fcrken, Ayn\u0131 Zamanda, Ya\u015fad\u0131\u011f\u0131m\u0131z \u201cKaranl\u0131k \u00c7a\u011f\u201dDan \u00c7\u0131k\u0131\u015f \u0130\u00e7in Kap\u0131lar Aralanmaya \u00c7abalan\u0131yor.Siyaset-Felsefe Hakikat, Retorik Ve Siyaset Filiz Zabc\u0131 Felsefede Neredeyiz? Yeni Bir Etiko-Politi\u011fin Olana\u011f\u0131 \u00c7etin Balanuye Bir Kavram \u00dc\u00e7 D\u00f6nem: Olmak Olarak Hakikat, \u0130n\u015fa Etmek Olarak Hakikat Ve Hakikati Kaybetmek Can Ulusoy Felsefe, Hakikat Ve Sonras\u0131 \u00d6zg\u00fcn Bulut G\u00f6\u00e7menler Ve Hakikatin Yeniden Kurulu\u015fu Ya Da Bir S\u0131n\u0131r-Kavram Olarak \u201cG\u00f6\u00e7menlik\u201d \u00dczerine Deniz G\u00fcrsoy \u0130nsan Haklar\u0131 Ve Hakikat Sonras\u0131 \u00c7a\u011f\u0131n Bireyi Durdu Baran \u00c7iftci Hakikatin S\u0131rt\u0131ndaki Y\u00fck: Siyaseten Do\u011fruculuk Berk \u0130lke D\u00fcndar Hakikat Sonras\u0131 Ve Kamusal Alanda Din B\u00fclent \u00d6z\u00e7elikMedya Dijimodern \u00c7a\u011fda Hakikat, Sonras\u0131 Ve Kamu Yarar\u0131 H\u00fcseyin K\u00f6se Post Hakikatin \u0130lk Evresi Yank\u0131 Odalar\u0131: Yalan Haber Mi Daha H\u0131zl\u0131 Yay\u0131l\u0131yor Coronavir\u00fcs M\u00fc? Merve \u00d6zdemir-Nil \u00c7okluk\u0130leti\u015fimsel \u0130ll\u00fczyon Nas\u0131l Ger\u00e7e\u011fin Yerine Ge\u00e7er? Esra \u0130lkay Kelo\u011flu \u0130\u015fler T\u00fcrkiye\u2019de Pop\u00fclizm Ve Medya-Bir Su\u00e7 Ortakl\u0131\u011f\u0131 Burak \u00d6z\u00e7etin-Ay\u015feg\u00fcl Akayd\u0131n Ayd\u0131n \u201cKutupla\u015fma, Do\u011frulaman\u0131n Etkisini S\u0131n\u0131rl\u0131yor\u201d Do\u011fruluk Pay\u0131\u2019dan Koray Kapl\u0131ca \u0130le R\u00f6portaj S\u00fcmeyra Demiralp \u201cDezenformasyon Hangi Alandaysa Oraya Y\u00f6neliyoruz\u201d Teyit\u2019ten G\u00fclin \u00c7avu\u015f \u0130le R\u00f6portaj B\u00fclent \u00d6z\u00e7elikUluslararas\u0131 \u0130li\u015fkiler Pop\u00fclist S\u00f6ylem Olarak Komplo Teorileri Ve D\u0131\u015f Politika: Brexit \u00d6rne\u011fi Umut Yukaru\u00e7 Hakikat Sonras\u0131 D\u00f6nem, Politika Ve G\u00fcvenlik Rasim \u00d6zg\u00fcr D\u00f6nmez \u0130klim De\u011fi\u015fikli\u011fi: \u0130nk\u00e2r, \u00c7arp\u0131tma Ve Hakikat Hikmet Kuran \u201cDo\u011faya Kar\u015f\u0131 Zafer\u201d Aray\u0131\u015f\u0131 Ve Kalk\u0131nma Hayalleri: Sovyet Ve Amerikan Tarihlerinden \u00d6rnekler Halil Burak Sakal<\/p>\n","protected":false},"excerpt":{"rendered":"<p>\u201cHakikat\u201d\u0130n Temsili G\u00fcn\u00fcm\u00fczde Can \u00c7eki\u015fiyor. Kamusal Tart\u0131\u015fmada Hakikat, \u00c7a\u011f\u0131m\u0131z\u0131n Geli\u015fmeleriyle, Yeni Bir \u015eekilde G\u00f6rmezden Geliniyor. 2000\u2019Li Y\u0131llardan \u0130tibaren Kamusal Alanda Hakikat Ve Hakikat Sonras\u0131 Konusunda Pek<span class=\"excerpt-hellip\"> [\u2026]<\/span><\/p>\n","protected":false},"featured_media":0,"template":"","meta":{"_monsterinsights_skip_tracking":false,"_monsterinsights_sitenote_active":false,"_monsterinsights_sitenote_note":"","_monsterinsights_sitenote_category":0},"product_brand":[],"product_cat":[12337,14706],"product_tag":[],"class_list":{"0":"post-728718","1":"product","2":"type-product","3":"status-publish","5":"product_cat-politika-siyaset","6":"product_cat-siyaset-bilimi","7":"pa_cilt-ciltsiz","8":"pa_tur-kitap","9":"pa_yayinevi-nika-yayinevi","10":"pa_yazar-nika-kolektif","12":"first","13":"instock","14":"sale","15":"shipping-taxable","16":"purchasable","17":"product-type-simple"},"_links":{"self":[{"href":"https:\/\/roveyayinevi.com.tr\/index.php\/wp-json\/wp\/v2\/product\/728718","targetHints":{"allow":["GET"]}}],"collection":[{"href":"https:\/\/roveyayinevi.com.tr\/index.php\/wp-json\/wp\/v2\/product"}],"about":[{"href":"https:\/\/roveyayinevi.com.tr\/index.php\/wp-json\/wp\/v2\/types\/product"}],"wp:attachment":[{"href":"https:\/\/roveyayinevi.com.tr\/index.php\/wp-json\/wp\/v2\/media?parent=728718"}],"wp:term":[{"taxonomy":"product_brand","embeddable":true,"href":"https:\/\/roveyayinevi.com.tr\/index.php\/wp-json\/wp\/v2\/product_brand?post=728718"},{"taxonomy":"product_cat","embeddable":true,"href":"https:\/\/roveyayinevi.com.tr\/index.php\/wp-json\/wp\/v2\/product_cat?post=728718"},{"taxonomy":"product_tag","embeddable":true,"href":"https:\/\/roveyayinevi.com.tr\/index.php\/wp-json\/wp\/v2\/product_tag?post=728718"}],"curies":[{"name":"wp","href":"https:\/\/api.w.org\/{rel}","templated":true}]}}