{"id":728707,"date":"2025-08-27T20:43:51","date_gmt":"2025-08-27T17:43:51","guid":{"rendered":"https:\/\/roveyayinevi.com.tr\/index.php\/urun\/ibni-haldun-cografya-kaderdir\/"},"modified":"2026-04-16T02:36:35","modified_gmt":"2026-04-15T23:36:35","slug":"ibni-haldun-cografya-kaderdir","status":"publish","type":"product","link":"https:\/\/roveyayinevi.com.tr\/index.php\/urun\/ibni-haldun-cografya-kaderdir\/","title":{"rendered":"\u0130bni Haldun &#8211; Co\u011frafya Kaderdir"},"content":{"rendered":"<p>\u201cAdaletsizlik medeniyeti mahveder.\u201d Modern tarih aktar\u0131c\u0131l\u0131\u011f\u0131n\u0131n, sosyolojinin ve iktisad\u0131n \u00f6nc\u00fclerinden kabul edilen bir filozof ve devlet adam\u0131d\u0131r \u0130bni Haldun&#8230; Tunus, Fas ve M\u0131s\u0131r\u2019da g\u00f6rev yapt\u0131\u011f\u0131 zorlu d\u00f6nemlerde iki y\u0131l hapis de yatan b\u00fcy\u00fck filozof, ad\u0131n\u0131 tarihe yazan yedi ciltlik d\u00fcnyaca \u00fcnl\u00fc eseri Mukaddime\u2019yi siyasetten \u00e7ekildi\u011fi y\u0131llarda kaleme alm\u0131\u015ft\u0131r. \u00c7o\u011funlukla yalana ve dedikoduya dayanan d\u00f6nemin tarih aktar\u0131c\u0131l\u0131\u011f\u0131 sistemini tamamen y\u0131kan \u0130bni Haldun, \u201ctarih ilmini in\u015fa eden ki\u015fi\u201d olarak an\u0131lmaktad\u0131r ki onun tarih\u00e7ili\u011finde yalana ve safsatalara katiyen yer yoktur. Co\u011frafyan\u0131n insan \u00fczerindeki etkilerini siyasi ve fiziki a\u00e7\u0131dan derinlemesine inceledi\u011fi \u00e7al\u0131\u015fmalar\u0131 sayesinde zaman ve mek\u00e2n \u00f6tesi bir tespit ger\u00e7ekle\u015ftirmi\u015ftir ayn\u0131 zamanda. \u201cYa\u015fad\u0131\u011f\u0131 yerin havas\u0131, nemi insan sa\u011fl\u0131\u011f\u0131na etki eder. Siyasi mekanizman\u0131n d\u00fczg\u00fcnl\u00fc\u011f\u00fc ya da bozuklu\u011fu da yine insan hayat\u0131n\u0131n her \u015feyini etkiler\u201d diyen \u0130bni Haldun\u2019un sadece tarih\u00e7ili\u011fi \u00fczerine de\u011fil, d\u00fc\u015f\u00fcnceleri ve felsefesi \u00fczerine de kaleme al\u0131nan bu kitapta ilme adanm\u0131\u015f bir zihnin d\u00fc\u015f\u00fcnce ve fikir disipliniyle de tan\u0131\u015facaks\u0131n\u0131z. <\/p>\n","protected":false},"excerpt":{"rendered":"<p>\u201cAdaletsizlik medeniyeti mahveder.\u201d Modern tarih aktar\u0131c\u0131l\u0131\u011f\u0131n\u0131n, sosyolojinin ve iktisad\u0131n \u00f6nc\u00fclerinden kabul edilen bir filozof ve devlet adam\u0131d\u0131r \u0130bni Haldun&#8230; Tunus, Fas ve M\u0131s\u0131r\u2019da g\u00f6rev yapt\u0131\u011f\u0131 zorlu<span class=\"excerpt-hellip\"> [\u2026]<\/span><\/p>\n","protected":false},"featured_media":0,"template":"","meta":{"_monsterinsights_skip_tracking":false,"_monsterinsights_sitenote_active":false,"_monsterinsights_sitenote_note":"","_monsterinsights_sitenote_category":0},"product_brand":[],"product_cat":[12388,14717],"product_tag":[],"class_list":{"0":"post-728707","1":"product","2":"type-product","3":"status-publish","5":"product_cat-felsefe","6":"product_cat-felsefe-tarihi","7":"pa_cilt-ciltsiz","8":"pa_tur-kitap","9":"pa_yayinevi-destek-yayinlari","10":"pa_yazar-ibni-haldun","12":"first","13":"instock","14":"sale","15":"shipping-taxable","16":"purchasable","17":"product-type-simple"},"_links":{"self":[{"href":"https:\/\/roveyayinevi.com.tr\/index.php\/wp-json\/wp\/v2\/product\/728707","targetHints":{"allow":["GET"]}}],"collection":[{"href":"https:\/\/roveyayinevi.com.tr\/index.php\/wp-json\/wp\/v2\/product"}],"about":[{"href":"https:\/\/roveyayinevi.com.tr\/index.php\/wp-json\/wp\/v2\/types\/product"}],"wp:attachment":[{"href":"https:\/\/roveyayinevi.com.tr\/index.php\/wp-json\/wp\/v2\/media?parent=728707"}],"wp:term":[{"taxonomy":"product_brand","embeddable":true,"href":"https:\/\/roveyayinevi.com.tr\/index.php\/wp-json\/wp\/v2\/product_brand?post=728707"},{"taxonomy":"product_cat","embeddable":true,"href":"https:\/\/roveyayinevi.com.tr\/index.php\/wp-json\/wp\/v2\/product_cat?post=728707"},{"taxonomy":"product_tag","embeddable":true,"href":"https:\/\/roveyayinevi.com.tr\/index.php\/wp-json\/wp\/v2\/product_tag?post=728707"}],"curies":[{"name":"wp","href":"https:\/\/api.w.org\/{rel}","templated":true}]}}