{"id":728605,"date":"2025-08-27T20:42:05","date_gmt":"2025-08-27T17:42:05","guid":{"rendered":"https:\/\/roveyayinevi.com.tr\/index.php\/urun\/osmanli-vakif-hukukuna-giris\/"},"modified":"2026-04-16T02:36:33","modified_gmt":"2026-04-15T23:36:33","slug":"osmanli-vakif-hukukuna-giris","status":"publish","type":"product","link":"https:\/\/roveyayinevi.com.tr\/index.php\/urun\/osmanli-vakif-hukukuna-giris\/","title":{"rendered":"Osmanl\u0131 Vak\u0131f Hukukuna Giri\u015f"},"content":{"rendered":"<p>Elmal\u0131l\u0131 Muhammed Hamdi Yaz\u0131r (1878-1942), Osmanl\u0131\u2019dan Cumhuriyete uzanan d\u00f6neme yak\u0131ndan tan\u0131kl\u0131k etmi\u015f, \u0130slam d\u00fcnyas\u0131n\u0131n modernle\u015fme s\u00fcrecindeki \u00f6nemli siyasi, sosyal, iktisadi ve kurumsal tecr\u00fcbelere \u015fahit olmu\u015f ve s\u00f6z konusu d\u00f6nemin deneyimlerini entelekt\u00fcel d\u00fczeyde derin tahlil ve tenkitlere t\u00e2bi tutmu\u015f bir Osmanl\u0131 \u00e2limidir. Elmal\u0131l\u0131\u2019n\u0131n geni\u015f ilgi alan\u0131 i\u00e7inde \u0130slam toplumsal d\u00fczeninde \u00e7ok \u00f6nemli bir yer tutan vak\u0131f m\u00fcessesesi de bulunmaktad\u0131r. Osmanl\u0131 Vak\u0131f Hukukuna Giri\u015f: Ahk\u00e2m-\u0131 Evk\u0101f adl\u0131 bu eser onun 1910-1914 y\u0131llar\u0131 aras\u0131nda, \u0130stanbul\u2019daki Mekteb-i M\u00fclkiye\u2019de vak\u0131f hukuku \u00fczerine verdi\u011fi derslerin kayd\u0131n\u0131 ihtiva etmektedir. Hamdi \u00c7ilingir\u2019in yay\u0131na haz\u0131rlad\u0131\u011f\u0131 ve vak\u0131f hukuku hakk\u0131nda son derece zengin tahliller i\u00e7eren bu eser, Elmal\u0131l\u0131\u2019n\u0131n klasik ve modern vak\u0131f meselelerine yakla\u015f\u0131m\u0131n\u0131 ortaya koymaktad\u0131r. Vak\u0131flar\u0131n birey, toplum ve devlet i\u00e7in faydalar\u0131 ile ilim ve fikir hayat\u0131na katk\u0131lar\u0131 gibi pek \u00e7ok meseleyi ele alan Ahk\u00e2m-\u0131 Evk\u0101f, sadece vak\u0131f hukukuna dair tespitleriyle de\u011fil, siyasi, felsefi ve psikolojik tahlilleriyle de geni\u015f bir entelekt\u00fcel zenginli\u011fe sahiptir. <\/p>\n","protected":false},"excerpt":{"rendered":"<p>Elmal\u0131l\u0131 Muhammed Hamdi Yaz\u0131r (1878-1942), Osmanl\u0131\u2019dan Cumhuriyete uzanan d\u00f6neme yak\u0131ndan tan\u0131kl\u0131k etmi\u015f, \u0130slam d\u00fcnyas\u0131n\u0131n modernle\u015fme s\u00fcrecindeki \u00f6nemli siyasi, sosyal, iktisadi ve kurumsal tecr\u00fcbelere \u015fahit olmu\u015f ve<span class=\"excerpt-hellip\"> [\u2026]<\/span><\/p>\n","protected":false},"featured_media":0,"template":"","meta":{"_monsterinsights_skip_tracking":false,"_monsterinsights_sitenote_active":false,"_monsterinsights_sitenote_note":"","_monsterinsights_sitenote_category":0},"product_brand":[],"product_cat":[13517,12304],"product_tag":[],"class_list":{"0":"post-728605","1":"product","2":"type-product","3":"status-publish","5":"product_cat-osmanli-tarihi","6":"product_cat-tarih","7":"pa_cilt-ciltsiz","8":"pa_tur-kitap","9":"pa_yayinevi-vakifbank-kultur-yayinlari","10":"pa_yazar-elmalili-muhammed-hamdi-yazir","12":"first","13":"instock","14":"sale","15":"shipping-taxable","16":"purchasable","17":"product-type-simple"},"_links":{"self":[{"href":"https:\/\/roveyayinevi.com.tr\/index.php\/wp-json\/wp\/v2\/product\/728605","targetHints":{"allow":["GET"]}}],"collection":[{"href":"https:\/\/roveyayinevi.com.tr\/index.php\/wp-json\/wp\/v2\/product"}],"about":[{"href":"https:\/\/roveyayinevi.com.tr\/index.php\/wp-json\/wp\/v2\/types\/product"}],"wp:attachment":[{"href":"https:\/\/roveyayinevi.com.tr\/index.php\/wp-json\/wp\/v2\/media?parent=728605"}],"wp:term":[{"taxonomy":"product_brand","embeddable":true,"href":"https:\/\/roveyayinevi.com.tr\/index.php\/wp-json\/wp\/v2\/product_brand?post=728605"},{"taxonomy":"product_cat","embeddable":true,"href":"https:\/\/roveyayinevi.com.tr\/index.php\/wp-json\/wp\/v2\/product_cat?post=728605"},{"taxonomy":"product_tag","embeddable":true,"href":"https:\/\/roveyayinevi.com.tr\/index.php\/wp-json\/wp\/v2\/product_tag?post=728605"}],"curies":[{"name":"wp","href":"https:\/\/api.w.org\/{rel}","templated":true}]}}