{"id":728573,"date":"2025-08-27T20:41:38","date_gmt":"2025-08-27T17:41:38","guid":{"rendered":"https:\/\/roveyayinevi.com.tr\/index.php\/urun\/fransiz-devriminde-siyasal-dusunceler-ve-mucadeleler-1789-1794-cilt-2\/"},"modified":"2025-11-21T06:33:25","modified_gmt":"2025-11-21T03:33:25","slug":"fransiz-devriminde-siyasal-dusunceler-ve-mucadeleler-1789-1794-cilt-2","status":"publish","type":"product","link":"https:\/\/roveyayinevi.com.tr\/index.php\/urun\/fransiz-devriminde-siyasal-dusunceler-ve-mucadeleler-1789-1794-cilt-2\/","title":{"rendered":"Frans\u0131z Devrimi\u2019nde Siyasal D\u00fc\u015f\u00fcnceler ve M\u00fccadeleler 1789-1794 Cilt 2"},"content":{"rendered":"<p>Frans\u0131z Devrimi&#8217;nde \u00f6ne \u00e7\u0131kan temel kavramlar\u0131, devrimde yer alan akt\u00f6rleri ve onlar\u0131n devrim s\u00fcrecindeki siyasi fikirlerini b\u00fct\u00fcn y\u00f6nleriyle ele alan bu eser devrime y\u00f6n veren ki\u015filerin yaz\u0131lar\u0131n\u0131 ve s\u00f6ylevlerini de i\u00e7ermesi bak\u0131m\u0131ndan Frans\u0131z Devrimi \u00fczerine e\u015fsiz bir kaynak olma \u00f6zelli\u011fi kazan\u0131yor.Kitap, devrim s\u00fcrecinde ortaya \u00e7\u0131kan fikirleri, yap\u0131lar\u0131 ve eylemleri s\u0131n\u0131f m\u00fccadelelerinin etkisini g\u00f6z ard\u0131 etmeden siyasi iktidar m\u00fccadelesi ba\u011flam\u0131nda ele al\u0131yor.Siyasal d\u00fc\u015f\u00fcnceler tarihi disiplininin \u00fclkemizdeki duayeni Mehmet Ali A\u011fao\u011fllar\u0131&#8217;ndan bir an\u0131t eser&#8230;\u201cHalk zul\u00fcm alt\u0131nda oldu\u011fu, kendisinden ba\u015fka hi\u00e7 kimsesi kalmad\u0131\u011f\u0131 zaman, halka ayaklanmas\u0131n\u0131 s\u00f6ylemeyen ki\u015fi bir al\u00e7akt\u0131r. B\u00fct\u00fcn yasalar \u00e7i\u011fnendi\u011finde, despotizm doruk noktas\u0131na ula\u015ft\u0131\u011f\u0131nda, iyi niyet ve edep ayaklar alt\u0131na al\u0131nd\u0131\u011f\u0131nda, halk isyan etmelidir.\u201d- Maximilien Robespierre.\u201cBir s\u0131n\u0131f bir di\u011ferini cezaland\u0131r\u0131lma korkusu olmaks\u0131z\u0131n a\u00e7l\u0131\u011fa mahk\u00fbm ediyorsa, \u00f6zg\u00fcrl\u00fck bo\u015f bir hayaldir ancak. Zenginler ellerindeki tekele dayan\u0131p hemcinsleri \u00fczerinde \u00f6l\u00fcm-kal\u0131m hakk\u0131n\u0131 uyguluyorlarsa, e\u015fitlik bo\u015f bir hayaldir ancak. Yurtta\u015flar\u0131n \u00fc\u00e7te d\u00f6rd\u00fcn\u00fcn g\u00f6zya\u015f\u0131 d\u00f6kmeden ula\u015famad\u0131\u011f\u0131 g\u0131da maddelerinin fiyatlar\u0131 \u00fczerinde kar\u015f\u0131-devrim her g\u00fcn dalavereler \u00e7eviriyorsa, Cumhuriyet bo\u015f bir hayaldir ancak.\u201d -Jacques Roux.\u201cKendilerine korumalar\u0131n e\u015flik etti\u011fi ki\u015filer tiranlard\u0131r, yoksa \u00f6zg\u00fcr insanlar de\u011fil.\u201d &#8211; Jacques Roux.\u201cTopluma y\u00f6nelik k\u00f6t\u00fcl\u00fckler hi\u00e7bir zaman halktan de\u011fil, ama y\u00f6netimden gelir. Ba\u015fka t\u00fcrl\u00fc de olabilir mi zaten? Halk\u0131n \u00e7\u0131kar\u0131 kamusal yarard\u0131r, mevki sahibi insan\u0131n \u00e7\u0131kar\u0131 ise ki\u015fisel yarar\u0131d\u0131r.\u201d Maximilien Robespierre.\u201cDevrim\u2019in, t\u0131pk\u0131 ard\u0131 ard\u0131na \u00e7ocuklar\u0131n\u0131 yiyip yutan Saturnus gibi, en sonunda b\u00fct\u00fcn felaketleriyle birlikte despotizmi do\u011furmas\u0131ndan korkulmal\u0131d\u0131r.\u201d -Pierre Victurnien Vergniaud.<\/p>\n","protected":false},"excerpt":{"rendered":"<p>Frans\u0131z Devrimi&#8217;nde \u00f6ne \u00e7\u0131kan temel kavramlar\u0131, devrimde yer alan akt\u00f6rleri ve onlar\u0131n devrim s\u00fcrecindeki siyasi fikirlerini b\u00fct\u00fcn y\u00f6nleriyle ele alan bu eser devrime y\u00f6n veren ki\u015filerin<span class=\"excerpt-hellip\"> [\u2026]<\/span><\/p>\n","protected":false},"featured_media":0,"template":"","meta":{"_monsterinsights_skip_tracking":false,"_monsterinsights_sitenote_active":false,"_monsterinsights_sitenote_note":"","_monsterinsights_sitenote_category":0},"product_brand":[],"product_cat":[13059,12337],"product_tag":[],"class_list":{"0":"post-728573","1":"product","2":"type-product","3":"status-publish","5":"product_cat-diger-politika-siyaset","6":"product_cat-politika-siyaset","7":"pa_cilt-ciltsiz","8":"pa_tur-kitap","9":"pa_yayinevi-dipnot-yayinlari","10":"pa_yazar-mehmet-ali-agaogullari","12":"first","13":"instock","14":"sale","15":"shipping-taxable","16":"purchasable","17":"product-type-simple"},"_links":{"self":[{"href":"https:\/\/roveyayinevi.com.tr\/index.php\/wp-json\/wp\/v2\/product\/728573","targetHints":{"allow":["GET"]}}],"collection":[{"href":"https:\/\/roveyayinevi.com.tr\/index.php\/wp-json\/wp\/v2\/product"}],"about":[{"href":"https:\/\/roveyayinevi.com.tr\/index.php\/wp-json\/wp\/v2\/types\/product"}],"wp:attachment":[{"href":"https:\/\/roveyayinevi.com.tr\/index.php\/wp-json\/wp\/v2\/media?parent=728573"}],"wp:term":[{"taxonomy":"product_brand","embeddable":true,"href":"https:\/\/roveyayinevi.com.tr\/index.php\/wp-json\/wp\/v2\/product_brand?post=728573"},{"taxonomy":"product_cat","embeddable":true,"href":"https:\/\/roveyayinevi.com.tr\/index.php\/wp-json\/wp\/v2\/product_cat?post=728573"},{"taxonomy":"product_tag","embeddable":true,"href":"https:\/\/roveyayinevi.com.tr\/index.php\/wp-json\/wp\/v2\/product_tag?post=728573"}],"curies":[{"name":"wp","href":"https:\/\/api.w.org\/{rel}","templated":true}]}}