{"id":728558,"date":"2025-08-27T20:41:26","date_gmt":"2025-08-27T17:41:26","guid":{"rendered":"https:\/\/roveyayinevi.com.tr\/index.php\/urun\/sanat-dunyamiz-180-ocak-subat-2021\/"},"modified":"2026-03-24T02:41:00","modified_gmt":"2026-03-23T23:41:00","slug":"sanat-dunyamiz-180-ocak-subat-2021","status":"publish","type":"product","link":"https:\/\/roveyayinevi.com.tr\/index.php\/urun\/sanat-dunyamiz-180-ocak-subat-2021\/","title":{"rendered":"Sanat D\u00fcnyam\u0131z 180 \/ Ocak &#8211; \u015eubat 2021"},"content":{"rendered":"<p>Sanat D\u00fcnyam\u0131z dergisinin 180. say\u0131s\u0131 \u00e7\u0131kt\u0131. Dergi, sezonun \u00f6ne \u00e7\u0131kan sergileri \u00fczerine derinlikli ele\u015ftiri yaz\u0131lar\u0131n\u0131, g\u00fcndemdeki konulara dair s\u00f6yle\u015fileri sayfalar\u0131na ta\u015f\u0131yor ve sanat ekseninde ger\u00e7ekle\u015fen g\u00fcncel tart\u0131\u015fmalar\u0131 yans\u0131tan yaz\u0131lara yer veriyor.   Sanat D\u00fcnyam\u0131z 180. say\u0131s\u0131nda kapa\u011f\u0131na 26 \u015eubat- 9 May\u0131s 2021 tarihlerinde G\u00fcney Kore\u2019de ger\u00e7ekle\u015fecek 13. Gwangju Bienali\u2019ni ta\u015f\u0131yor. Merve \u00dcnsal, bienalin ara\u015ft\u0131rma s\u00fcrecini, \u00e7evrimi\u00e7i yay\u0131nlar\u0131n\u0131 ve kamusal programlar\u0131n\u0131, Natasha Ginwala ile birlikte bienalin bu edisyonunun sanat direkt\u00f6rl\u00fc\u011f\u00fcn\u00fc \u00fcstlenen Defne Ayas ve kamusal programlar k\u00fcrat\u00f6r\u00fc \u00d6zge Ersoy ile konu\u015ftu.   Beg\u00fcm \u00d6zden F\u0131rat\u2019\u0131n Pera M\u00fczesi\u2019nde 17 Ocak 2021\u2019e dek s\u00fcren \u201cMinyat\u00fcr 2.0\u201d sergisi \u00fczerine yazd\u0131\u011f\u0131 bir deneme geleneksel sanatlar\u0131n yans\u0131malar\u0131n\u0131 kapsaml\u0131 bi\u00e7imde ele al\u0131yor. Sevil Tunaboylu\u2019nun Depo \u0130stanbul\u2019da yer alan \u201cBitmez T\u00fckenmez D\u00f6n\u00fc\u015fe Ge\u00e7tiler\u201d sergisi \u00fczerine Fatih \u00d6zg\u00fcven\u2019in yaz\u0131s\u0131, Aylin Zapt\u00e7\u0131o\u011flu\u2019nun Galeri x-ist\u2019te devam eden \u201cin situ\/ex situ\u201d sergisi \u00fczerine Se\u00e7il Epik\u2019in yaz\u0131s\u0131 ve Nilbar G\u00fcre\u015f\u2019in Galerist\u2019te s\u00fcren sergisi \u201cThe Sea Said Okey\u201d \u00fczerine Gencay Altay\u2019\u0131n yaz\u0131s\u0131 dergide yer buluyor.   20 y\u0131l\u0131 geride b\u0131rakan Bayburt\u2019taki Baks\u0131 M\u00fczesi\u2019nin yolculu\u011funu siville\u015fme ve \u00f6zne kavramlar\u0131yla ele alan H\u00fcsamettin Ko\u00e7an\u2019la ger\u00e7ekle\u015fen bir s\u00f6yle\u015fi de okurlar\u0131 bekliyor.   Bora Ba\u015fkan\u2019\u0131n \u00d6ktem Aykut\u2019ta ger\u00e7ekle\u015fen \u00fc\u00e7\u00fcnc\u00fc ki\u015fisel sergisini ve \u201cUfku Olmayan G\u00fcnler\u201d adl\u0131 yeni video \u00e7al\u0131\u015fmas\u0131n\u0131 anlatt\u0131\u011f\u0131 s\u00f6yle\u015fisi, sanat\u00e7\u0131n\u0131n prati\u011fine yak\u0131ndan bakmak i\u00e7in bir f\u0131rsat sunuyor.   Bu say\u0131da A\u00e7\u0131klaya A\u00e7\u0131klaya Sanat\u2019\u0131n be\u015finci yaz\u0131s\u0131n\u0131 kaleme alan S\u00fcreyyya Evren, \u201cSanat\u0131n \u00f6zgu\u0308r olmas\u0131n\u0131 istiyor muyuz buna ihtiyac\u0131m\u0131z var m\u0131 ger\u00e7ekten?\u201d diye soruyor. S\u00fcreyyya Evren\u2019in yaz\u0131s\u0131nda referans verdi\u011fi Alman yazar Hanno Rauterberg\u2019in \u201cSanat Ne Kadar \u00d6zg\u00fcr?\u201d ba\u015fl\u0131kl\u0131 yaz\u0131s\u0131 da dergide yer al\u0131yor. Ele\u015ftiri dizisinde ise Semih F\u0131r\u0131nc\u0131o\u011flu \u00f6zne ve matris kavramlar\u0131n\u0131 ele alarak yeni sorular\u0131 g\u00fcndeme getiriyor.   Sanat \u0130nisiyatifleri S\u00f6yle\u015fileri\u2019nde TAPA, Sanat K\u00fct\u00fcphaneleri\u2019nde ise \u0130stanbul Ara\u015ft\u0131rmalar\u0131 Enstit\u00fcs\u00fc K\u00fct\u00fcphanesi derginin konu\u011fu. Pandemi \u015fartlar\u0131nda sahnesini ormana ta\u015f\u0131yan DotOrmanda\u2019n\u0131n maceras\u0131n\u0131 ise Murat Daltaban anlat\u0131yor.   Son olarak Kas\u0131m ay\u0131nda ger\u00e7ekle\u015fen ve gen\u00e7 sanat\u00e7\u0131lar\u0131n \u00fcretimleri i\u00e7in bir alan a\u00e7an Base\u2019in izleri de dergide + \u201c\u0130z\u201d b\u00f6l\u00fcm\u00fcnde okurlar\u0131 bekliyor.<\/p>\n","protected":false},"excerpt":{"rendered":"<p>Sanat D\u00fcnyam\u0131z dergisinin 180. say\u0131s\u0131 \u00e7\u0131kt\u0131. Dergi, sezonun \u00f6ne \u00e7\u0131kan sergileri \u00fczerine derinlikli ele\u015ftiri yaz\u0131lar\u0131n\u0131, g\u00fcndemdeki konulara dair s\u00f6yle\u015fileri sayfalar\u0131na ta\u015f\u0131yor ve sanat ekseninde ger\u00e7ekle\u015fen g\u00fcncel<span class=\"excerpt-hellip\"> [\u2026]<\/span><\/p>\n","protected":false},"featured_media":0,"template":"","meta":{"_monsterinsights_skip_tracking":false,"_monsterinsights_sitenote_active":false,"_monsterinsights_sitenote_note":"","_monsterinsights_sitenote_category":0},"product_brand":[],"product_cat":[22066,13527],"product_tag":[],"class_list":{"0":"post-728558","1":"product","2":"type-product","3":"status-publish","5":"product_cat-sanat-sureli-yayinlar","6":"product_cat-sureli-yayinlar","7":"pa_cilt-ciltsiz","8":"pa_tur-dergi","9":"pa_yayinevi-yapi-kredi-yayinlari-dergi","10":"pa_yazar-yapi-kredi-yayinlari-dergi-kolektif","12":"first","13":"instock","14":"sale","15":"shipping-taxable","16":"purchasable","17":"product-type-simple"},"_links":{"self":[{"href":"https:\/\/roveyayinevi.com.tr\/index.php\/wp-json\/wp\/v2\/product\/728558","targetHints":{"allow":["GET"]}}],"collection":[{"href":"https:\/\/roveyayinevi.com.tr\/index.php\/wp-json\/wp\/v2\/product"}],"about":[{"href":"https:\/\/roveyayinevi.com.tr\/index.php\/wp-json\/wp\/v2\/types\/product"}],"wp:attachment":[{"href":"https:\/\/roveyayinevi.com.tr\/index.php\/wp-json\/wp\/v2\/media?parent=728558"}],"wp:term":[{"taxonomy":"product_brand","embeddable":true,"href":"https:\/\/roveyayinevi.com.tr\/index.php\/wp-json\/wp\/v2\/product_brand?post=728558"},{"taxonomy":"product_cat","embeddable":true,"href":"https:\/\/roveyayinevi.com.tr\/index.php\/wp-json\/wp\/v2\/product_cat?post=728558"},{"taxonomy":"product_tag","embeddable":true,"href":"https:\/\/roveyayinevi.com.tr\/index.php\/wp-json\/wp\/v2\/product_tag?post=728558"}],"curies":[{"name":"wp","href":"https:\/\/api.w.org\/{rel}","templated":true}]}}