{"id":728524,"date":"2025-08-27T20:40:57","date_gmt":"2025-08-27T17:40:57","guid":{"rendered":"https:\/\/roveyayinevi.com.tr\/index.php\/urun\/dusunceler-ve-konusmalar\/"},"modified":"2026-04-16T02:36:31","modified_gmt":"2026-04-15T23:36:31","slug":"dusunceler-ve-konusmalar","status":"publish","type":"product","link":"https:\/\/roveyayinevi.com.tr\/index.php\/urun\/dusunceler-ve-konusmalar\/","title":{"rendered":"D\u00fc\u015f\u00fcnceler ve Konu\u015fmalar"},"content":{"rendered":"<p>Bedenine vurulan k\u00f6lelik zincirlerinden \u00f6zg\u00fcr d\u00fc\u015f\u00fcnceleriyle kurtulmu\u015f bir filozof\u2026 Epiktetos, tahminen MS. 55 y\u0131l\u0131nda Frigya\u2019da k\u00f6le olarak d\u00fcnyaya geldi. Gen\u00e7lik y\u0131llar\u0131n\u0131, 5. Roma \u0130mparatoru Nero taraf\u0131ndan azat edilmi\u015f, zenginli\u011fi ve gaddarl\u0131\u011f\u0131yla \u00fcn salm\u0131\u015f Epaphroditos\u2019un k\u00f6lesi olarak ge\u00e7irdi. K\u00f6leyken bile zihnini felsefi sorular kurcal\u0131yordu. Ayn\u0131 d\u00f6nemde Stoac\u0131 Filozof Musonius Rufus\u2019tan ders ald\u0131. \u00d6zg\u00fcrl\u00fc\u011f\u00fcne kavu\u015fmas\u0131n\u0131n ard\u0131ndan kendini felsefeye adam\u0131\u015fken 11. Roma \u0130mparatoru Domitianus taraf\u0131ndan Roma\u2019dan s\u00fcrg\u00fcn edildi ve gitti\u011fi Nikopolis\u2019te \u00fcnl\u00fc bir felsefe okulu kurdu. Ya\u015fam\u0131 boyunca ahlak, irade, \u00f6zg\u00fcrl\u00fck gibi konular \u00fczerine yo\u011funla\u015ft\u0131, ancak geride hi\u00e7bir yaz\u0131l\u0131 not b\u0131rakmad\u0131. Epiktetos\u2019un g\u00f6r\u00fc\u015fleri, Nikopolis\u2019teki \u00f6\u011frencilerinden Arrianus\u2019un derslerde tuttu\u011fu notlar sayesinde g\u00fcn\u00fcm\u00fcze kadar ula\u015ft\u0131. D\u00f6rt Cilt, El Kitab\u0131 ve Fragmanlar\u2019dan olu\u015fan D\u00fc\u015f\u00fcnceler ve Konu\u015fmalar Tanr\u0131\u2019n\u0131n kutsal \u0131\u015f\u0131\u011f\u0131nda ak\u0131l, mant\u0131k ve vicdan\u0131n\u0131n sesini dinleyen \u00f6zg\u00fcr insan\u0131 ar\u0131yor. <\/p>\n","protected":false},"excerpt":{"rendered":"<p>Bedenine vurulan k\u00f6lelik zincirlerinden \u00f6zg\u00fcr d\u00fc\u015f\u00fcnceleriyle kurtulmu\u015f bir filozof\u2026 Epiktetos, tahminen MS. 55 y\u0131l\u0131nda Frigya\u2019da k\u00f6le olarak d\u00fcnyaya geldi. Gen\u00e7lik y\u0131llar\u0131n\u0131, 5. Roma \u0130mparatoru Nero taraf\u0131ndan<span class=\"excerpt-hellip\"> [\u2026]<\/span><\/p>\n","protected":false},"featured_media":0,"template":"","meta":{"_monsterinsights_skip_tracking":false,"_monsterinsights_sitenote_active":false,"_monsterinsights_sitenote_note":"","_monsterinsights_sitenote_category":0},"product_brand":[],"product_cat":[20351,12388],"product_tag":[],"class_list":{"0":"post-728524","1":"product","2":"type-product","3":"status-publish","5":"product_cat-dusunce","6":"product_cat-felsefe","7":"pa_cilt-ciltsiz","8":"pa_tur-kitap","9":"pa_yayinevi-inkilap-kitabevi","10":"pa_yazar-epiktetos","12":"first","13":"instock","14":"sale","15":"shipping-taxable","16":"purchasable","17":"product-type-simple"},"_links":{"self":[{"href":"https:\/\/roveyayinevi.com.tr\/index.php\/wp-json\/wp\/v2\/product\/728524","targetHints":{"allow":["GET"]}}],"collection":[{"href":"https:\/\/roveyayinevi.com.tr\/index.php\/wp-json\/wp\/v2\/product"}],"about":[{"href":"https:\/\/roveyayinevi.com.tr\/index.php\/wp-json\/wp\/v2\/types\/product"}],"wp:attachment":[{"href":"https:\/\/roveyayinevi.com.tr\/index.php\/wp-json\/wp\/v2\/media?parent=728524"}],"wp:term":[{"taxonomy":"product_brand","embeddable":true,"href":"https:\/\/roveyayinevi.com.tr\/index.php\/wp-json\/wp\/v2\/product_brand?post=728524"},{"taxonomy":"product_cat","embeddable":true,"href":"https:\/\/roveyayinevi.com.tr\/index.php\/wp-json\/wp\/v2\/product_cat?post=728524"},{"taxonomy":"product_tag","embeddable":true,"href":"https:\/\/roveyayinevi.com.tr\/index.php\/wp-json\/wp\/v2\/product_tag?post=728524"}],"curies":[{"name":"wp","href":"https:\/\/api.w.org\/{rel}","templated":true}]}}