{"id":728449,"date":"2025-08-27T20:39:50","date_gmt":"2025-08-27T17:39:50","guid":{"rendered":"https:\/\/roveyayinevi.com.tr\/index.php\/urun\/amasyadan-ankaraya-gazi-mustafa-kemal-pasa\/"},"modified":"2026-02-03T02:52:19","modified_gmt":"2026-02-02T23:52:19","slug":"amasyadan-ankaraya-gazi-mustafa-kemal-pasa","status":"publish","type":"product","link":"https:\/\/roveyayinevi.com.tr\/index.php\/urun\/amasyadan-ankaraya-gazi-mustafa-kemal-pasa\/","title":{"rendered":"Amasya&#8217;dan Ankara&#8217;ya Gazi Mustafa Kemal Pa\u015fa"},"content":{"rendered":"<p>Bir yazar taraf\u0131ndan Mustafa Kemal\u2019in 12 Haziran 1919 g\u00fcn\u00fc Amasya\u2019ya geldi\u011fi yaz\u0131lm\u0131\u015f, bu bilginin y\u0131llarca ger\u00e7ek oldu\u011fu kabul edilmi\u015ftir. Bununla birlikte Amasya ili 12 Haziran g\u00fcn\u00fcn\u00fc Mustafa Kemal\u2019in Amasya\u2019ya geli\u015f g\u00fcn\u00fc olarak kutlamaya ba\u015flam\u0131\u015ft\u0131r. Tarih\u00e7ilerimiz de bu olayla ilgili ger\u00e7ek bilgileri yazmam\u0131\u015f ya da yazma gere\u011fi duymam\u0131\u015ft\u0131r. Asl\u0131nda Mustafa Kemal, 13 Haziran 1919 Cuma g\u00fcn\u00fc sabah saat 8.30\u2019da Havza\u2019dan hareket ederek ikindi ezan\u0131 okunurken saat 17.00 civar\u0131nda Amasya\u2019ya varm\u0131\u015ft\u0131r. Hatta Mustafa Kemal\u2019in o g\u00fcnk\u00fc cuma hutbesini dinlemedi\u011fi h\u00e2lde dinledi\u011fini s\u00f6yleyenler de ortaya \u00e7\u0131km\u0131\u015ft\u0131r. Bu kitab\u0131n yazar\u0131 tarih okurlar\u0131na bu yalanlar\u0131 yaz\u0131p durman\u0131n anlams\u0131z oldu\u011funu ifade etmek istemi\u015ftir. Ayr\u0131ca Amasya resm\u00ee makamlar\u0131na Mustafa Kemal\u2019in Amasya\u2019ya geli\u015fi m\u00fcnasebetiyle d\u00fczenlenen kutlamalar\u0131n bir g\u00fcn \u00f6nce yap\u0131ld\u0131\u011f\u0131 kaynaklarla anlat\u0131lmaya \u00e7al\u0131\u015f\u0131lm\u0131\u015f ve bu yanl\u0131\u015f\u0131n akademisyenlere dan\u0131\u015f\u0131larak d\u00fczeltilebilece\u011fi kendilerine nazik\u00e7e s\u00f6ylenmi\u015ftir. Ancak ilgili \u015fah\u0131slardan \u201cSen istedi\u011fin gibi yazabilirsin.\u201d cevab\u0131 al\u0131nm\u0131\u015ft\u0131r.<\/p>\n","protected":false},"excerpt":{"rendered":"<p>Bir yazar taraf\u0131ndan Mustafa Kemal\u2019in 12 Haziran 1919 g\u00fcn\u00fc Amasya\u2019ya geldi\u011fi yaz\u0131lm\u0131\u015f, bu bilginin y\u0131llarca ger\u00e7ek oldu\u011fu kabul edilmi\u015ftir. Bununla birlikte Amasya ili 12 Haziran g\u00fcn\u00fcn\u00fc<span class=\"excerpt-hellip\"> [\u2026]<\/span><\/p>\n","protected":false},"featured_media":0,"template":"","meta":{"_monsterinsights_skip_tracking":false,"_monsterinsights_sitenote_active":false,"_monsterinsights_sitenote_note":"","_monsterinsights_sitenote_category":0},"product_brand":[],"product_cat":[12530,12304],"product_tag":[],"class_list":{"0":"post-728449","1":"product","2":"type-product","3":"status-publish","5":"product_cat-mustafa-kemal-ataturk","6":"product_cat-tarih","7":"pa_cilt-ciltsiz","8":"pa_tur-kitap","9":"pa_yayinevi-gulnar-yayinlari","10":"pa_yazar-sitki-kayaoglu","12":"first","13":"instock","14":"sale","15":"shipping-taxable","16":"purchasable","17":"product-type-simple"},"_links":{"self":[{"href":"https:\/\/roveyayinevi.com.tr\/index.php\/wp-json\/wp\/v2\/product\/728449","targetHints":{"allow":["GET"]}}],"collection":[{"href":"https:\/\/roveyayinevi.com.tr\/index.php\/wp-json\/wp\/v2\/product"}],"about":[{"href":"https:\/\/roveyayinevi.com.tr\/index.php\/wp-json\/wp\/v2\/types\/product"}],"wp:attachment":[{"href":"https:\/\/roveyayinevi.com.tr\/index.php\/wp-json\/wp\/v2\/media?parent=728449"}],"wp:term":[{"taxonomy":"product_brand","embeddable":true,"href":"https:\/\/roveyayinevi.com.tr\/index.php\/wp-json\/wp\/v2\/product_brand?post=728449"},{"taxonomy":"product_cat","embeddable":true,"href":"https:\/\/roveyayinevi.com.tr\/index.php\/wp-json\/wp\/v2\/product_cat?post=728449"},{"taxonomy":"product_tag","embeddable":true,"href":"https:\/\/roveyayinevi.com.tr\/index.php\/wp-json\/wp\/v2\/product_tag?post=728449"}],"curies":[{"name":"wp","href":"https:\/\/api.w.org\/{rel}","templated":true}]}}