{"id":728422,"date":"2025-08-27T20:38:54","date_gmt":"2025-08-27T17:38:54","guid":{"rendered":"https:\/\/roveyayinevi.com.tr\/index.php\/urun\/hayatimin-haberi\/"},"modified":"2026-04-16T02:36:00","modified_gmt":"2026-04-15T23:36:00","slug":"hayatimin-haberi","status":"publish","type":"product","link":"https:\/\/roveyayinevi.com.tr\/index.php\/urun\/hayatimin-haberi\/","title":{"rendered":"Hayat\u0131m\u0131n Haberi"},"content":{"rendered":"<p>Erdo\u011fan boynumu s\u0131kt\u0131 ve &#8220;Sen benim ne demek istedi\u011fimi iyi anlad\u0131n!&#8221;  dedi. Cihangir\u2019de bir kafede Erdo\u011fan&#8217;\u0131n iki adam\u0131 ile gergin toplant\u0131&#8230; Erdo\u011fan ile ABD&#8217;de nas\u0131l tan\u0131\u015ft\u0131m; gerilimli ili\u015fkimiz nas\u0131l sonland\u0131? Avusturya prensesinin evinde ne ar\u0131yordum? K\u00f6pr\u00fcye nas\u0131l bomba koyduk? PKK kamp\u0131na nas\u0131l ula\u015ft\u0131m? Cizre M\u0130T binas\u0131nda o gece neler konu\u015fuldu? Uzun namlulu silahlarla arabam\u0131z ni\u00e7in tarand\u0131? Kamyonun i\u00e7ine saklanarak s\u0131n\u0131r\u0131 neden ge\u00e7tim? Gizli toplant\u0131da Abdullah G\u00fcl\u2019den \u015fa\u015f\u0131rt\u0131c\u0131 s\u00f6zler&#8230;   HAYATIMIN HABER\u0130 size bamba\u015fka ger\u00e7ekleri anlat\u0131yor. Elinizde tuttu\u011funuz kitap bir gazetecinin 30 y\u0131l\u0131 a\u015fan meslek ya\u015fam\u0131nda ba\u015f\u0131ndan ge\u00e7en ger\u00e7ek olaylardan olu\u015fmu\u015ftur.   Cinayetlerin, silahl\u0131 \u00e7at\u0131\u015fmalar\u0131n, i\u015fgallerin, \u00f6\u011frenci hareketlerinin, ak\u0131l almaz facialar\u0131n, devasa eylemlerin ve sava\u015flar\u0131n haber haline gelip size ula\u015fmas\u0131 s\u0131ras\u0131nda bir gazetecinin arka planda neler ya\u015fad\u0131\u011f\u0131na tan\u0131kl\u0131k edeceksiniz.   Bu kitap; ge\u00e7mi\u015fte ya\u015fanan olaylara \u0131\u015f\u0131k tutarken medyan\u0131n, siyasetin, diplomasinin, istihbarat\u0131n g\u00f6lgedeki d\u00fcnyas\u0131n\u0131 anlat\u0131yor.   <\/p>\n","protected":false},"excerpt":{"rendered":"<p>Erdo\u011fan boynumu s\u0131kt\u0131 ve &#8220;Sen benim ne demek istedi\u011fimi iyi anlad\u0131n!&#8221; dedi. Cihangir\u2019de bir kafede Erdo\u011fan&#8217;\u0131n iki adam\u0131 ile gergin toplant\u0131&#8230; Erdo\u011fan ile ABD&#8217;de nas\u0131l tan\u0131\u015ft\u0131m;<span class=\"excerpt-hellip\"> [\u2026]<\/span><\/p>\n","protected":false},"featured_media":0,"template":"","meta":{"_monsterinsights_skip_tracking":false,"_monsterinsights_sitenote_active":false,"_monsterinsights_sitenote_note":"","_monsterinsights_sitenote_category":0},"product_brand":[],"product_cat":[14009,12291],"product_tag":[],"class_list":{"0":"post-728422","1":"product","2":"type-product","3":"status-publish","5":"product_cat-biyografi-otobiyografi-edebiyat","6":"product_cat-edebiyat","7":"pa_cilt-ciltsiz","8":"pa_tur-kitap","9":"pa_yayinevi-kirmizi-kedi-yayinevi","10":"pa_yazar-serdar-akinan","12":"first","13":"instock","14":"sale","15":"shipping-taxable","16":"purchasable","17":"product-type-simple"},"_links":{"self":[{"href":"https:\/\/roveyayinevi.com.tr\/index.php\/wp-json\/wp\/v2\/product\/728422","targetHints":{"allow":["GET"]}}],"collection":[{"href":"https:\/\/roveyayinevi.com.tr\/index.php\/wp-json\/wp\/v2\/product"}],"about":[{"href":"https:\/\/roveyayinevi.com.tr\/index.php\/wp-json\/wp\/v2\/types\/product"}],"wp:attachment":[{"href":"https:\/\/roveyayinevi.com.tr\/index.php\/wp-json\/wp\/v2\/media?parent=728422"}],"wp:term":[{"taxonomy":"product_brand","embeddable":true,"href":"https:\/\/roveyayinevi.com.tr\/index.php\/wp-json\/wp\/v2\/product_brand?post=728422"},{"taxonomy":"product_cat","embeddable":true,"href":"https:\/\/roveyayinevi.com.tr\/index.php\/wp-json\/wp\/v2\/product_cat?post=728422"},{"taxonomy":"product_tag","embeddable":true,"href":"https:\/\/roveyayinevi.com.tr\/index.php\/wp-json\/wp\/v2\/product_tag?post=728422"}],"curies":[{"name":"wp","href":"https:\/\/api.w.org\/{rel}","templated":true}]}}