{"id":728319,"date":"2025-08-27T20:37:15","date_gmt":"2025-08-27T17:37:15","guid":{"rendered":"https:\/\/roveyayinevi.com.tr\/index.php\/urun\/merkez-ve-tasra-teskilatlariyla-dahiliye-nezareti-1836-1922-ciltli\/"},"modified":"2026-04-16T02:35:58","modified_gmt":"2026-04-15T23:35:58","slug":"merkez-ve-tasra-teskilatlariyla-dahiliye-nezareti-1836-1922-ciltli","status":"publish","type":"product","link":"https:\/\/roveyayinevi.com.tr\/index.php\/urun\/merkez-ve-tasra-teskilatlariyla-dahiliye-nezareti-1836-1922-ciltli\/","title":{"rendered":"Merkez Ve Ta\u015fra Te\u015fkilatlar\u0131yla Dahiliye Nezareti (1836-1922) (Ciltli)"},"content":{"rendered":"<p>Osmanl\u0131 Devleti\u2019nin uzun h\u00fck\u00fcmranl\u0131k d\u00f6neminin en hareketli zaman dilimi, 19. y\u00fczy\u0131ld\u0131r. Nitekim \u00f6zellikle III. Selim\u2019le ba\u015flayan bu hareketlilik Osmanl\u0131 Devleti\u2019nin y\u0131k\u0131l\u0131\u015f\u0131na kadar artarak devam etmi\u015ftir. Bu hareketlili\u011fi, \u00f6zellikle kurumlar a\u00e7\u0131s\u0131ndan daha yak\u0131ndan g\u00f6rmekteyiz. Nitekim II. Mahmud, 1836\u2019da yay\u0131nlad\u0131\u011f\u0131 bir Hatt-\u0131 h\u00fcmayunla SadaretKeth\u00fcdal\u0131\u011f\u0131\u2019n\u0131n \u201cUmur-\u0131 M\u00fclkiye Nez\u00e2reti\u201dne tahvil edildi\u011fini ilan etti. Bu nezaretin naz\u0131rl\u0131\u011f\u0131na da o d\u00f6nemde Sadaret Keth\u00fcdas\u0131 olan Mehmed Said Pertev Efendi tayin edildi ve bu zat nezaretin ilk naz\u0131r\u0131 oldu. Mehmed Said Pertev Efendi\u2019nin Naz\u0131rl\u0131k\u2019tan azledilmesi \u00fczerine Umur-u M\u00fclkiye Nez\u00e2retiNaz\u0131rl\u0131\u011f\u0131\u2019na Akif Pa\u015fa tayin edildi. Akif Pa\u015fa\u2019n\u0131n teklifiyle Umur-\u0131 M\u00fclkiye Nez\u00e2reti ad\u0131 k\u0131sa s\u00fcre sonra yani 1837\u2019de bu kez \u201cD\u00e2hiliyeNez\u00e2reti\u201dne tahvil edildi. Ancak 1838\u2019de D\u00e2hiliye Nez\u00e2reti bu kez Sadaretle birle\u015ftirildi. Nihayet Sultan Abd\u00fclmecid\u2019in (\u00f6l. 1861) tahta ge\u00e7mesiyle de D\u00e2hiliye Nez\u00e2reti 1839\u2019da tamamen kald\u0131r\u0131larak g\u00f6revleri Sadaret M\u00fcste\u015farl\u0131\u011f\u0131na devredildi. Bundan sonra D\u00e2hiliye Nez\u00e2reti ikinci kez 1869\u2019da kuruldu. D\u00e2hiliye Nez\u00e2reti\u2019nin bu ikinci kurulu\u015fu 1871\u2019e dek varl\u0131\u011f\u0131n\u0131 s\u00fcrd\u00fcrd\u00fc. 1871\u2019de D\u00e2hiliye Nez\u00e2reti kurumsal olarak tekrar ink\u0131ta\u2019a u\u011frad\u0131 ve 1871-1877 y\u0131llar\u0131 aras\u0131ndaki alt\u0131 y\u0131ll\u0131k s\u00fcre\u00e7te de faaliyetini Sadaret\u2019e ba\u011flanarak s\u00fcrd\u00fcrd\u00fc. Nihayet \u00fc\u00e7\u00fcnc\u00fc kez D\u00e2hiliye Nez\u00e2reti tekrar m\u00fcstakil olarak 1877\u2019de kuruldu ve bu kez D\u00e2hiliye Nez\u00e2reti, Osmanl\u0131 Devleti\u2019nin y\u0131k\u0131l\u0131\u015f\u0131na kadar hi\u00e7bir kesintiye u\u011framadan varl\u0131\u011f\u0131n\u0131 s\u00fcrekli g\u00fc\u00e7lendirerek korudu. Bu \u00e7al\u0131\u015fma D\u00e2hiliyeNez\u00e2reti\u2019ni b\u00fct\u00fcn ba\u011fl\u0131 kurumlar\u0131yla beraber 1836\u2019dan ba\u015flayarak Osmanl\u0131 Devleti\u2019nin y\u0131k\u0131l\u0131\u015f\u0131na kadar devam eden s\u00fcre\u00e7teki konumunu, alt kurumlar\u0131n\u0131 ve bu kurumlar\u0131n kronolojik geli\u015fmelerini ve i\u015fleyi\u015flerini g\u00f6steren durumlar\u0131n\u0131 Osmanl\u0131 Ar\u015fivi\u2019ndeki Nizamat Defterleri ve D\u00fcsturlarda (I.-II. Tertib), Takvim-i Vekayi\u2019de ge\u00e7en nizamname, talimatname, kanun ve irade-i seniyyelere g\u00f6re ele almaktad\u0131r. \u00d6zellikle D\u00e2hiliye Nez\u00e2reti\u2019ne ba\u011fl\u0131 kalemlerin (Nezarete ba\u011fl\u0131 kurumlar\u0131n) geli\u015fimi ise Devlet Salnameleri\u2019ne g\u00f6re y\u0131l y\u0131l g\u00f6sterilmektedir. Ayr\u0131ca D\u00e2hiliye Nez\u00e2reti&#8217;nin var oldu\u011fu d\u00f6nemde yap\u0131lan m\u00fclki idare sistemine ili\u015fkin d\u00fczenlemeler de incelenmektedir.<\/p>\n","protected":false},"excerpt":{"rendered":"<p>Osmanl\u0131 Devleti\u2019nin uzun h\u00fck\u00fcmranl\u0131k d\u00f6neminin en hareketli zaman dilimi, 19. y\u00fczy\u0131ld\u0131r. Nitekim \u00f6zellikle III. Selim\u2019le ba\u015flayan bu hareketlilik Osmanl\u0131 Devleti\u2019nin y\u0131k\u0131l\u0131\u015f\u0131na kadar artarak devam etmi\u015ftir. Bu<span class=\"excerpt-hellip\"> [\u2026]<\/span><\/p>\n","protected":false},"featured_media":0,"template":"","meta":{"_monsterinsights_skip_tracking":false,"_monsterinsights_sitenote_active":false,"_monsterinsights_sitenote_note":"","_monsterinsights_sitenote_category":0},"product_brand":[],"product_cat":[13517,12304],"product_tag":[],"class_list":{"0":"post-728319","1":"product","2":"type-product","3":"status-publish","5":"product_cat-osmanli-tarihi","6":"product_cat-tarih","7":"pa_cilt-ciltli","8":"pa_tur-kitap","9":"pa_yayinevi-tiav","10":"pa_yazar-kazim-sarikavak","12":"first","13":"instock","14":"sale","15":"shipping-taxable","16":"purchasable","17":"product-type-simple"},"_links":{"self":[{"href":"https:\/\/roveyayinevi.com.tr\/index.php\/wp-json\/wp\/v2\/product\/728319","targetHints":{"allow":["GET"]}}],"collection":[{"href":"https:\/\/roveyayinevi.com.tr\/index.php\/wp-json\/wp\/v2\/product"}],"about":[{"href":"https:\/\/roveyayinevi.com.tr\/index.php\/wp-json\/wp\/v2\/types\/product"}],"wp:attachment":[{"href":"https:\/\/roveyayinevi.com.tr\/index.php\/wp-json\/wp\/v2\/media?parent=728319"}],"wp:term":[{"taxonomy":"product_brand","embeddable":true,"href":"https:\/\/roveyayinevi.com.tr\/index.php\/wp-json\/wp\/v2\/product_brand?post=728319"},{"taxonomy":"product_cat","embeddable":true,"href":"https:\/\/roveyayinevi.com.tr\/index.php\/wp-json\/wp\/v2\/product_cat?post=728319"},{"taxonomy":"product_tag","embeddable":true,"href":"https:\/\/roveyayinevi.com.tr\/index.php\/wp-json\/wp\/v2\/product_tag?post=728319"}],"curies":[{"name":"wp","href":"https:\/\/api.w.org\/{rel}","templated":true}]}}