{"id":728231,"date":"2025-08-27T20:35:54","date_gmt":"2025-08-27T17:35:54","guid":{"rendered":"https:\/\/roveyayinevi.com.tr\/index.php\/urun\/turkiyede-ve-tunusta-kadin-sivil-toplumu-ve-vatandaslik\/"},"modified":"2026-04-16T02:35:56","modified_gmt":"2026-04-15T23:35:56","slug":"turkiyede-ve-tunusta-kadin-sivil-toplumu-ve-vatandaslik","status":"publish","type":"product","link":"https:\/\/roveyayinevi.com.tr\/index.php\/urun\/turkiyede-ve-tunusta-kadin-sivil-toplumu-ve-vatandaslik\/","title":{"rendered":"T\u00fcrkiye\u2019de Ve Tunus\u2019ta Kad\u0131n  Sivil Toplumu Ve Vatanda\u015fl\u0131k"},"content":{"rendered":"<p>Ortado\u011fu\u2019da kad\u0131n\u0131n vatanda\u015fl\u0131\u011f\u0131 meselesi son y\u0131llarda daha fazla ilgi \u00e7eken bir konu haline d\u00f6n\u00fc\u015fm\u00fc\u015ft\u00fcr. Arap isyanlar\u0131n\u0131n \u00f6nde gelen \u00fclkesi olan Tunus ile b\u00f6lgede olduk\u00e7a fazla benzerlik g\u00f6steren T\u00fcrkiye \u00f6rnekleri, kad\u0131n aktivizminin kar\u015f\u0131la\u015ft\u0131rmal\u0131 analizi konusunda \u00e7al\u0131\u015fan biz ara\u015ft\u0131rmac\u0131lar i\u00e7in \u00f6nemli verilere sahiptir. Bu kitapta, sivil toplumda aktif rol oynayan her iki \u00fclkedeki kad\u0131nlarla yap\u0131lan g\u00f6r\u00fc\u015fme notlar\u0131 tarihsel ve kuramsal bilgilerle harmanlanarak okuyucuya genel bir perspektif sunmaktad\u0131r. Tunus asl\u0131nda Ortado\u011fu ve Kuzey Afrika b\u00f6lgesinin \u00f6nde gelen bir \u00fclkesi olmas\u0131na kar\u015f\u0131n, bu \u00fclke ile ilgili T\u00fcrk\u00e7eye kazand\u0131r\u0131lan siyaset odakl\u0131 kitaplar\u0131n say\u0131s\u0131 olduk\u00e7a k\u0131s\u0131tl\u0131d\u0131r. Bu kitap hem bu eksikli\u011fi kapatarak Tunus\u2019u tan\u0131tmay\u0131 hem de sivil toplum ve vatanda\u015fl\u0131k konular\u0131n\u0131, devlet-toplum ili\u015fkileri ba\u011flam\u0131nda kuramsal olarak tart\u0131\u015farak T\u00fcrk\u00e7eye kar\u015f\u0131la\u015ft\u0131rmal\u0131 bir \u00e7al\u0131\u015fmay\u0131 kazand\u0131rmay\u0131 ama\u00e7lamaktad\u0131r.  <\/p>\n","protected":false},"excerpt":{"rendered":"<p>Ortado\u011fu\u2019da kad\u0131n\u0131n vatanda\u015fl\u0131\u011f\u0131 meselesi son y\u0131llarda daha fazla ilgi \u00e7eken bir konu haline d\u00f6n\u00fc\u015fm\u00fc\u015ft\u00fcr. Arap isyanlar\u0131n\u0131n \u00f6nde gelen \u00fclkesi olan Tunus ile b\u00f6lgede olduk\u00e7a fazla benzerlik<span class=\"excerpt-hellip\"> [\u2026]<\/span><\/p>\n","protected":false},"featured_media":0,"template":"","meta":{"_monsterinsights_skip_tracking":false,"_monsterinsights_sitenote_active":false,"_monsterinsights_sitenote_note":"","_monsterinsights_sitenote_category":0},"product_brand":[],"product_cat":[12337,14706],"product_tag":[],"class_list":{"0":"post-728231","1":"product","2":"type-product","3":"status-publish","5":"product_cat-politika-siyaset","6":"product_cat-siyaset-bilimi","7":"pa_cilt-ciltsiz","8":"pa_tur-kitap","9":"pa_yayinevi-astana-yayinlari","10":"pa_yazar-serpil-acikalin-erkorkmaz","12":"first","13":"instock","14":"sale","15":"shipping-taxable","16":"purchasable","17":"product-type-simple"},"_links":{"self":[{"href":"https:\/\/roveyayinevi.com.tr\/index.php\/wp-json\/wp\/v2\/product\/728231","targetHints":{"allow":["GET"]}}],"collection":[{"href":"https:\/\/roveyayinevi.com.tr\/index.php\/wp-json\/wp\/v2\/product"}],"about":[{"href":"https:\/\/roveyayinevi.com.tr\/index.php\/wp-json\/wp\/v2\/types\/product"}],"wp:attachment":[{"href":"https:\/\/roveyayinevi.com.tr\/index.php\/wp-json\/wp\/v2\/media?parent=728231"}],"wp:term":[{"taxonomy":"product_brand","embeddable":true,"href":"https:\/\/roveyayinevi.com.tr\/index.php\/wp-json\/wp\/v2\/product_brand?post=728231"},{"taxonomy":"product_cat","embeddable":true,"href":"https:\/\/roveyayinevi.com.tr\/index.php\/wp-json\/wp\/v2\/product_cat?post=728231"},{"taxonomy":"product_tag","embeddable":true,"href":"https:\/\/roveyayinevi.com.tr\/index.php\/wp-json\/wp\/v2\/product_tag?post=728231"}],"curies":[{"name":"wp","href":"https:\/\/api.w.org\/{rel}","templated":true}]}}