{"id":728228,"date":"2025-08-27T20:35:46","date_gmt":"2025-08-27T17:35:46","guid":{"rendered":"https:\/\/roveyayinevi.com.tr\/index.php\/urun\/kibris-muzakere-sureci-seyir-defteri\/"},"modified":"2026-04-16T02:35:56","modified_gmt":"2026-04-15T23:35:56","slug":"kibris-muzakere-sureci-seyir-defteri","status":"publish","type":"product","link":"https:\/\/roveyayinevi.com.tr\/index.php\/urun\/kibris-muzakere-sureci-seyir-defteri\/","title":{"rendered":"K\u0131br\u0131s M\u00fczakere S\u00fcreci Seyir Defteri"},"content":{"rendered":"<p>K\u00f6kleri iki y\u00fcz y\u0131l \u00f6ncesine dayanan K\u0131br\u0131s sorunu, yak\u0131n y\u00fczy\u0131l siyaset tarihinin en netameli konular\u0131ndan biridir. Taraflar\u0131, anavatanlar\u0131 T\u00fcrkiye ve Yunanistan olan iki asli halk, K\u0131br\u0131sl\u0131 T\u00fcrkler ve K\u0131br\u0131sl\u0131 Rumlar olan bu sorun, K\u0131br\u0131s adas\u0131n\u0131n Do\u011fu Akdeniz\u2019deki fosil yak\u0131t (hidrokarbon) kaynaklar\u0131na yak\u0131nl\u0131\u011f\u0131 ve S\u00fcvey\u015f Kanal\u0131\u2019na ba\u011fl\u0131 deniz ula\u015f\u0131m yollar\u0131 \u00fczerinde olmas\u0131 nedeniyle, uluslararas\u0131 siyaset zemininde de ilgi oda\u011f\u0131 halindedir. Bug\u00fcn halen tan\u0131k oldu\u011fumuz gibi, Do\u011fu Akdeniz\u2019de ke\u015ffedilmeye ba\u015flanan do\u011falgaz kaynaklar\u0131 da K\u0131br\u0131s\u2019\u0131n \u00f6nemini art\u0131rm\u0131\u015ft\u0131r. Bu d\u00fczeyde k\u00f6kl\u00fc, \u00e7ok boyutlu, \u00e7ok tarafl\u0131 niteli\u011fiyle yakla\u015f\u0131k 60 y\u0131ld\u0131r siyasetin en s\u0131cak konular\u0131ndan biri olan K\u0131br\u0131s sorunuyla ilgili yap\u0131lan \u00e7ok say\u0131da yay\u0131n, kitap ve makale, farkl\u0131 \u00e7\u0131kar \u00e7at\u0131\u015fmalar\u0131 nedeniyle sorunun i\u00e7 y\u00fcz\u00fcn\u00fc b\u00fct\u00fcnl\u00fckl\u00fc ve objektif bi\u00e7imde ortaya koymaktan uzakt\u0131r. Bu yay\u0131nlar\u0131n bir\u00e7o\u011funda konu tek yanl\u0131 ve \u00f6nyarg\u0131l\u0131 yahut sadece belirli bir a\u00e7\u0131dan, belirli bir tarih aral\u0131\u011f\u0131nda ele al\u0131n\u0131r. Kuzey K\u0131br\u0131s T\u00fcrk Cumhuriyeti\u2019nin (KKTC) Kurucu Cumhurba\u015fkan\u0131 Rauf R. Denkta\u015f\u2019la 1994-1998 y\u0131llar\u0131 aras\u0131nda onun Siyasi \u0130\u015fler ve Ara\u015ft\u0131rma \u00d6zel Dan\u0131\u015fman\u0131, 1998-2005 y\u0131llar\u0131 aras\u0131nda M\u00fcste\u015far\u0131 ve 2004 BM Kapsaml\u0131 \u00c7\u00f6z\u00fcm Plan\u0131\u2019n\u0131n (Annan Plan\u0131) haz\u0131rlanarak e\u015fzamanl\u0131 referandumlara sunulmas\u0131 s\u00fcrecinde M\u00fczakere S\u00fcreci Teknik Koordinat\u00f6r\u00fc olarak birlikte \u00e7al\u0131\u015fan ve \u00fcnl\u00fc Erenk\u00f6y Direni\u015fi\u2019nde yer al\u0131p a\u011f\u0131r yaralanan M. Erg\u00fcn Olgun, \u00e7al\u0131\u015fmas\u0131nda bu yayg\u0131n yakla\u015f\u0131mlar\u0131n d\u0131\u015f\u0131na \u00e7\u0131k\u0131yor. K\u0131br\u0131s M\u00fczakere S\u00fcreci Seyir Defteri, bu eksikli\u011fi tamamlamak amac\u0131yla, 1960 y\u0131l\u0131nda kurulan iki toplumlu ortakl\u0131k K\u0131br\u0131s Cumhuriyeti\u2019nin kurulu\u015fundan ba\u015flayarak 2020 y\u0131l\u0131na kadar K\u0131br\u0131s sorununda ya\u015fanan \u00f6nemli geli\u015fmelere ve uzla\u015f\u0131 i\u00e7in y\u00fcr\u00fct\u00fclen m\u00fczakerelere ana hatlar\u0131yla de\u011finerek kronolojik bir seyir sunuyor. Objektif ger\u00e7ekler zemininde de\u011ferlendirmelerde bulunulan kitapta ayr\u0131ca Kuzey K\u0131br\u0131s T\u00fcrk Cumhuriyeti\u2019nin gelece\u011fine \u0131\u015f\u0131k tutaca\u011f\u0131 d\u00fc\u015f\u00fcn\u00fclen de\u011ferlendirmeler yer al\u0131yor. BM m\u00fczakere s\u00fcreci, federal \u00e7\u00f6z\u00fcm modeli ve bu modelin K\u0131br\u0131s\u2019a uygunlu\u011fu, kendi kaderini tayin hakk\u0131, defakto devletler ve uluslararas\u0131 sistemde KKTC\u2019nin stat\u00fcs\u00fc gibi \u00f6nemli konular bu de\u011ferlendirmelerin temel ba\u015fl\u0131klar\u0131n\u0131 olu\u015fturuyor.<\/p>\n","protected":false},"excerpt":{"rendered":"<p>K\u00f6kleri iki y\u00fcz y\u0131l \u00f6ncesine dayanan K\u0131br\u0131s sorunu, yak\u0131n y\u00fczy\u0131l siyaset tarihinin en netameli konular\u0131ndan biridir. Taraflar\u0131, anavatanlar\u0131 T\u00fcrkiye ve Yunanistan olan iki asli halk, K\u0131br\u0131sl\u0131<span class=\"excerpt-hellip\"> [\u2026]<\/span><\/p>\n","protected":false},"featured_media":0,"template":"","meta":{"_monsterinsights_skip_tracking":false,"_monsterinsights_sitenote_active":false,"_monsterinsights_sitenote_note":"","_monsterinsights_sitenote_category":0},"product_brand":[],"product_cat":[12304,14128],"product_tag":[],"class_list":{"0":"post-728228","1":"product","2":"type-product","3":"status-publish","5":"product_cat-tarih","6":"product_cat-yakin-tarih","7":"pa_cilt-ciltsiz","8":"pa_tur-kitap","9":"pa_yayinevi-efil-yayinevi","10":"pa_yazar-m-ergun-olgun","12":"first","13":"instock","14":"sale","15":"shipping-taxable","16":"purchasable","17":"product-type-simple"},"_links":{"self":[{"href":"https:\/\/roveyayinevi.com.tr\/index.php\/wp-json\/wp\/v2\/product\/728228","targetHints":{"allow":["GET"]}}],"collection":[{"href":"https:\/\/roveyayinevi.com.tr\/index.php\/wp-json\/wp\/v2\/product"}],"about":[{"href":"https:\/\/roveyayinevi.com.tr\/index.php\/wp-json\/wp\/v2\/types\/product"}],"wp:attachment":[{"href":"https:\/\/roveyayinevi.com.tr\/index.php\/wp-json\/wp\/v2\/media?parent=728228"}],"wp:term":[{"taxonomy":"product_brand","embeddable":true,"href":"https:\/\/roveyayinevi.com.tr\/index.php\/wp-json\/wp\/v2\/product_brand?post=728228"},{"taxonomy":"product_cat","embeddable":true,"href":"https:\/\/roveyayinevi.com.tr\/index.php\/wp-json\/wp\/v2\/product_cat?post=728228"},{"taxonomy":"product_tag","embeddable":true,"href":"https:\/\/roveyayinevi.com.tr\/index.php\/wp-json\/wp\/v2\/product_tag?post=728228"}],"curies":[{"name":"wp","href":"https:\/\/api.w.org\/{rel}","templated":true}]}}