{"id":728191,"date":"2025-08-27T20:35:09","date_gmt":"2025-08-27T17:35:09","guid":{"rendered":"https:\/\/roveyayinevi.com.tr\/index.php\/urun\/akdeniz-isiklari\/"},"modified":"2026-04-16T02:35:55","modified_gmt":"2026-04-15T23:35:55","slug":"akdeniz-isiklari","status":"publish","type":"product","link":"https:\/\/roveyayinevi.com.tr\/index.php\/urun\/akdeniz-isiklari\/","title":{"rendered":"Akdeniz I\u015f\u0131klar\u0131"},"content":{"rendered":"<p>\u00c7ocuklu\u011fumun belki en garip h\u00e2t\u0131ras\u0131, bu seyahatin sonucudur. Te\u015frinievvele (Ekim 1916) do\u011fru Antalya\u2019ya do\u011fru gelirken, denizi ilk g\u00f6rd\u00fc\u011f\u00fcm\u00fcz yerde, ailece her zaman yapt\u0131\u011f\u0131m\u0131z gibi, arabadan inmi\u015ftik. Ben sevincimi g\u00f6stermek i\u00e7in havaya bir el revolver s\u0131kt\u0131m. Annemin \u00f6l\u00fcm\u00fcn\u00fc bir t\u00fcrl\u00fc unutamayan ve y\u0131llarca bize yan\u0131nda g\u00fclmeyi meneden babam, beni tokatlad\u0131. Hakk\u0131 da vard\u0131. Ben ger\u00e7ekten, bu yolculukta g\u00f6rd\u00fcklerimin, duyduklar\u0131m\u0131n hepsini, Akdeniz iklimini, denizi g\u00f6rm\u00fc\u015ft\u00fcm\u2026 Ahmet Hamdi Tanp\u0131nar Antalya\u2019n\u0131n \u00f6teki ad\u0131d\u0131r Adalya. Toroslar\u0131n arka y\u00fcz\u00fcd\u00fcr. Bir nal gibi ana k\u0131taya yerle\u015fen \u015fehrin, Akdeniz ile a\u015fk\u0131d\u0131r adeta. Akdeniz\u2019in antik ad\u0131 \u201cDeniz\u201ddir sadece. \u00c7\u00fcnk\u00fc \u2018bilinen d\u00fcnyan\u0131n\u2019 ortas\u0131d\u0131r bu deniz. Medeniyetler f\u0131\u015fk\u0131rm\u0131\u015ft\u0131r d\u00fcnyan\u0131n d\u00f6rt bir yan\u0131na. Antalya tan\u0131kl\u0131k etmi\u015ftir y\u00fczlerce y\u0131ld\u0131r, t\u00fcm bu be\u015feri ili\u015fkilere. Mustafa Oral, Karadeniz ile Akdeniz aras\u0131nda mekik dokurken, bu yolculuklar\u0131, ona Akdeniz ile Antalya\u2019ya kar\u015f\u0131la\u015ft\u0131rmal\u0131 bakma imkan\u0131 sa\u011flam\u0131\u015f ve Akdeniz ona bir g\u00f6l\u00fcn etraf\u0131nda kurulu b\u00fct\u00fcn k\u00f6ylerin antik birer ge\u00e7mi\u015fi olan kom\u015fu kentler demeti imaj\u0131n\u0131 vermi\u015ftir. Adalya\u2019y\u0131 tarihsel perspektiften inceleyen Akdeniz I\u015f\u0131klar\u0131, tarih\u00e7ili\u011fin geleneksel i\u015fleni\u015f bi\u00e7imine farkl\u0131 bir pencere a\u00e7arak, tarihselli\u011fini ihmal etmeden ama bug\u00fcn\u00fc de, onunla ilgili edebiyat ve mitolojisini inceleyerek konu edinmi\u015f ve ba\u015far\u0131yla ele alm\u0131\u015ft\u0131r. Yunan, Bizans, Sel\u00e7uklu ve Osmanl\u0131 izleri Cumhuriyet\u2019e kadar takip edilmi\u015f, bug\u00fcn T\u00fcrkiye\u2019nin turizm ba\u015fkenti olan Antalya i\u00e7in yeni imkanlar da sat\u0131r aralar\u0131nda s\u0131ralanm\u0131\u015ft\u0131r. Mustafa Oral, keyifli kalemiyle mikro tarihin \u00f6rnek bir \u00e7al\u0131\u015fmas\u0131n\u0131, \u00e7ok ba\u015far\u0131l\u0131 bir \u015fekilde derleyip kaleme alm\u0131\u015ft\u0131r. Okurlar\u0131n keyifle izleyece\u011fi bir metin ortaya \u00e7\u0131karm\u0131\u015ft\u0131r. Tanp\u0131nar\u2019\u0131 heyecanland\u0131ran bu \u015fehrin, okuru da benzer bir tutkuya ta\u015f\u0131yaca\u011f\u0131n\u0131 umuyoruz.  <\/p>\n","protected":false},"excerpt":{"rendered":"<p>\u00c7ocuklu\u011fumun belki en garip h\u00e2t\u0131ras\u0131, bu seyahatin sonucudur. Te\u015frinievvele (Ekim 1916) do\u011fru Antalya\u2019ya do\u011fru gelirken, denizi ilk g\u00f6rd\u00fc\u011f\u00fcm\u00fcz yerde, ailece her zaman yapt\u0131\u011f\u0131m\u0131z gibi, arabadan inmi\u015ftik.<span class=\"excerpt-hellip\"> [\u2026]<\/span><\/p>\n","protected":false},"featured_media":0,"template":"","meta":{"_monsterinsights_skip_tracking":false,"_monsterinsights_sitenote_active":false,"_monsterinsights_sitenote_note":"","_monsterinsights_sitenote_category":0},"product_brand":[],"product_cat":[12370,12304],"product_tag":[],"class_list":{"0":"post-728191","1":"product","2":"type-product","3":"status-publish","5":"product_cat-arastirma-inceleme","6":"product_cat-tarih","7":"pa_cilt-ciltsiz","8":"pa_tur-kitap","9":"pa_yayinevi-yeni-insan-yayinlari","10":"pa_yazar-mustafa-oral","12":"first","13":"instock","14":"sale","15":"shipping-taxable","16":"purchasable","17":"product-type-simple"},"_links":{"self":[{"href":"https:\/\/roveyayinevi.com.tr\/index.php\/wp-json\/wp\/v2\/product\/728191","targetHints":{"allow":["GET"]}}],"collection":[{"href":"https:\/\/roveyayinevi.com.tr\/index.php\/wp-json\/wp\/v2\/product"}],"about":[{"href":"https:\/\/roveyayinevi.com.tr\/index.php\/wp-json\/wp\/v2\/types\/product"}],"wp:attachment":[{"href":"https:\/\/roveyayinevi.com.tr\/index.php\/wp-json\/wp\/v2\/media?parent=728191"}],"wp:term":[{"taxonomy":"product_brand","embeddable":true,"href":"https:\/\/roveyayinevi.com.tr\/index.php\/wp-json\/wp\/v2\/product_brand?post=728191"},{"taxonomy":"product_cat","embeddable":true,"href":"https:\/\/roveyayinevi.com.tr\/index.php\/wp-json\/wp\/v2\/product_cat?post=728191"},{"taxonomy":"product_tag","embeddable":true,"href":"https:\/\/roveyayinevi.com.tr\/index.php\/wp-json\/wp\/v2\/product_tag?post=728191"}],"curies":[{"name":"wp","href":"https:\/\/api.w.org\/{rel}","templated":true}]}}