{"id":728162,"date":"2025-08-27T20:34:43","date_gmt":"2025-08-27T17:34:43","guid":{"rendered":"https:\/\/roveyayinevi.com.tr\/index.php\/urun\/turklerle-beraber\/"},"modified":"2026-04-16T02:35:54","modified_gmt":"2026-04-15T23:35:54","slug":"turklerle-beraber","status":"publish","type":"product","link":"https:\/\/roveyayinevi.com.tr\/index.php\/urun\/turklerle-beraber\/","title":{"rendered":"T\u00fcrklerle Beraber"},"content":{"rendered":"<p>Birinci D\u00fcnya Sava\u015fi Cephelerinde T\u00fcrklerle Omuz Omuza Sava\u015fanlar\u2026Birinci D\u00fcnya Sava\u015f\u0131 denince hemen ak\u0131llara gelen \u201csava\u015fta Almanlar yenilince biz de yenilmi\u015f say\u0131ld\u0131k\u201d s\u00f6z\u00fc, sadece T\u00fcrkleri mi kaps\u0131yor? \u00c7anakkale, Sina-Filistin, Suriye gibi T\u00fcrk cephelerinde T\u00fcrk ordusuyla birlikte yaln\u0131zca Alman birlikleri mi sava\u015ft\u0131? Avusturyal\u0131lar, Macarlar ya da Bulgarlar sava\u015f\u0131n neticesinden hi\u00e7 mi etkilenmediler? Avusturya-Macaristan birlikleriyle T\u00fcrk ordusu aras\u0131nda nas\u0131l bir ilgi vard\u0131? Birinci D\u00fcnya Sava\u015f\u0131\u2019n\u0131n \u00fczerinden y\u00fcz y\u0131l\u0131 a\u015fk\u0131n bir s\u00fcre ge\u00e7ti. Sava\u015f\u0131n ba\u015f\u0131ndan itibaren, y\u00fczy\u0131llard\u0131r aralar\u0131nda so\u011fukluk bulunan Avusturya ve T\u00fcrk devletlerinin m\u00fcttefik olmalar\u0131yla ili\u015fkilerde yeni bir devir ba\u015flad\u0131. Bu yak\u0131nla\u015fmada \u201cMacar karde\u015fler\u201din de yads\u0131nmaz paylar\u0131n\u0131n oldu\u011funu ifade etmek gerekir. Her ne kadar perde arkas\u0131nda siyas\u00ee ve ekonomik \u00e7\u0131karlar s\u00f6z konusu olsa da Avusturya-Macaristan \u0130mparatorluk Ordusu\u2019nun askerleri bu sava\u015fta T\u00fcrk topraklar\u0131nda \u201cseve seve ve kemal\u00ee cesaretle\u201d d\u00f6v\u00fc\u015fm\u00fc\u015fler ve canlar\u0131n\u0131 feda etmi\u015flerdir. Elinizdeki \u00e7al\u0131\u015fma, sava\u015f\u0131n i\u015fte bu pek az bilinen konusuna, Avusturya-Macaristan birlikleriyle T\u00fcrk ordusu aras\u0131ndaki ili\u015fkiye de\u011finiyor. Emre Saral ve \u0130smail Tosun Saral taraf\u0131ndan haz\u0131rlanan bu kitapla birlikte Avusturya-Macaristan askerlerinin \u00c7anakkale\u2019de, M\u0131s\u0131r (Kanal) Seferi\u2019nde, Filistin Cephesi\u2019nde, T\u00fcrklerle omuz omuza nas\u0131l sava\u015ft\u0131klar\u0131, hangi s\u0131k\u0131nt\u0131lar\u0131 birlikte \u00e7ektikleri, esaretleri, yaralanmalar\u0131, canlar\u0131n\u0131 feda edi\u015fleri inceleniyor. M\u00fctareke imzalan\u0131ncaya kadar T\u00fcrk kuvvetlerini yaln\u0131z b\u0131rakmad\u0131klar\u0131 g\u00f6zler \u00f6n\u00fcne serilen bu eserde \u015fu ger\u00e7e\u011fin alt\u0131 \u00e7iziliyor: Birinci D\u00fcnya Sava\u015f\u0131\u2019nda Osmanl\u0131 topraklar\u0131nda en az 7,000 Avusturya-Macaristan askeri sava\u015fm\u0131\u015ft\u0131r. \u201cT\u00dcRKLERLE BERABER: Osmanl\u0131 Cephelerindeki Avusturya-Macaristan Asker\u00ee Birlikleri 1914-1918\u201d, sava\u015f tarihi alan\u0131nda t\u00fcm dikkatleri \u00fczerine \u00e7ekecek nitelikte bir eser\u2026<\/p>\n","protected":false},"excerpt":{"rendered":"<p>Birinci D\u00fcnya Sava\u015fi Cephelerinde T\u00fcrklerle Omuz Omuza Sava\u015fanlar\u2026Birinci D\u00fcnya Sava\u015f\u0131 denince hemen ak\u0131llara gelen \u201csava\u015fta Almanlar yenilince biz de yenilmi\u015f say\u0131ld\u0131k\u201d s\u00f6z\u00fc, sadece T\u00fcrkleri mi kaps\u0131yor?<span class=\"excerpt-hellip\"> [\u2026]<\/span><\/p>\n","protected":false},"featured_media":0,"template":"","meta":{"_monsterinsights_skip_tracking":false,"_monsterinsights_sitenote_active":false,"_monsterinsights_sitenote_note":"","_monsterinsights_sitenote_category":0},"product_brand":[],"product_cat":[12304,13650],"product_tag":[],"class_list":{"0":"post-728162","1":"product","2":"type-product","3":"status-publish","5":"product_cat-tarih","6":"product_cat-turk-tarihi-arastirmalari","7":"pa_cilt-ciltsiz","8":"pa_tur-kitap","9":"pa_yayinevi-kronik-kitap","10":"pa_yazar-emre-saral-tosun-saral","12":"first","13":"instock","14":"sale","15":"shipping-taxable","16":"purchasable","17":"product-type-simple"},"_links":{"self":[{"href":"https:\/\/roveyayinevi.com.tr\/index.php\/wp-json\/wp\/v2\/product\/728162","targetHints":{"allow":["GET"]}}],"collection":[{"href":"https:\/\/roveyayinevi.com.tr\/index.php\/wp-json\/wp\/v2\/product"}],"about":[{"href":"https:\/\/roveyayinevi.com.tr\/index.php\/wp-json\/wp\/v2\/types\/product"}],"wp:attachment":[{"href":"https:\/\/roveyayinevi.com.tr\/index.php\/wp-json\/wp\/v2\/media?parent=728162"}],"wp:term":[{"taxonomy":"product_brand","embeddable":true,"href":"https:\/\/roveyayinevi.com.tr\/index.php\/wp-json\/wp\/v2\/product_brand?post=728162"},{"taxonomy":"product_cat","embeddable":true,"href":"https:\/\/roveyayinevi.com.tr\/index.php\/wp-json\/wp\/v2\/product_cat?post=728162"},{"taxonomy":"product_tag","embeddable":true,"href":"https:\/\/roveyayinevi.com.tr\/index.php\/wp-json\/wp\/v2\/product_tag?post=728162"}],"curies":[{"name":"wp","href":"https:\/\/api.w.org\/{rel}","templated":true}]}}