{"id":728152,"date":"2025-08-27T20:34:34","date_gmt":"2025-08-27T17:34:34","guid":{"rendered":"https:\/\/roveyayinevi.com.tr\/index.php\/urun\/bizans-roma-diyarinda-etnisite-ve-imparatorluk\/"},"modified":"2026-04-16T02:35:54","modified_gmt":"2026-04-15T23:35:54","slug":"bizans-roma-diyarinda-etnisite-ve-imparatorluk","status":"publish","type":"product","link":"https:\/\/roveyayinevi.com.tr\/index.php\/urun\/bizans-roma-diyarinda-etnisite-ve-imparatorluk\/","title":{"rendered":"Bizans \u2013 Roma Diyar\u0131nda Etnisite ve \u0130mparatorluk"},"content":{"rendered":"<p>\u00d6nde gelen bir tarih\u00e7i, Bizans olarak bildi\u011fimiz imparatorlukta Grek\u00e7e konu\u015fan n\u00fcfusun asl\u0131nda Romal\u0131 oldu\u011funu ve ara\u015ft\u0131rmac\u0131lar\u0131n son iki y\u00fczy\u0131ld\u0131r siyasi nedenlerle etnik k\u00f6kenlerini kas\u0131tl\u0131 olarak yanl\u0131\u015f etiketlediklerini savunuyor. Anthony Kaldellis, Bizans\u2019\u0131n etnik yap\u0131s\u0131n\u0131 t\u00fcm ayr\u0131nt\u0131lar\u0131yla inceliyor. Bizans topraklar\u0131nda y\u00fczy\u0131llar boyunca ya\u015fayan, kendilerini Romal\u0131 olarak adland\u0131ran bu insanlar kimdi ve di\u011ferlerinden nas\u0131l ayr\u0131l\u0131yorlard\u0131? Romal\u0131 olmayanlar\u0131 nas\u0131l y\u00f6netiyorlard\u0131? Roman\u00eda bir imparatorluk muydu yoksa bir imparatorlu\u011fa m\u0131 sahipti? Yoksa ikisi de de\u011fil miydi? Modern dillerde Atina\u2019n\u0131n hemen ard\u0131ndan demokrasi teriminin gelmesi gibi, Bizans\u2019\u0131n hemen ard\u0131ndan da imparatorluk terimi gelir. Fakat aralar\u0131ndaki paralellik bu d\u00fczeyde kal\u0131r ve sorunlar ba\u015flar. Zira, eski Atinal\u0131lar ger\u00e7ekten kendilerine Atinal\u0131, devletlerine de demokrasi diyordu. Atinal\u0131 olmayanlar \u00fczerindeki g\u00fc\u00e7lerinden (veya \u201ch\u00e2kimiyetlerinden\u201d) bahsetmek istediklerinde ise, hegemonya veya tiranl\u0131k diyorlard\u0131. Ancak Bizansl\u0131lar kendilerine Bizansl\u0131, devletlerine de imparatorluk demiyordu. Bunun yerine, kendilerini hep Romal\u0131, devletlerini de \u201cRoma\u201d monar\u015fisi, y\u00f6netimi, iktidar\u0131 ya da kamu i\u015fleri gibi de\u011fi\u015fik bi\u00e7imlerde adland\u0131r\u0131yorlard\u0131. Ayr\u0131ca devletlerine, \u00e7o\u011fu modern tart\u0131\u015fmada yer almayan bi\u00e7imde, Roman\u00eda (yani Roma diyar\u0131) ad\u0131n\u0131 vermi\u015flerdi. Birincil kan\u0131tlar Bizans\u2019\u0131n ger\u00e7ekten de bir imparatorluk olup olmad\u0131\u011f\u0131n\u0131 g\u00f6stermekte midir? Bizans\u2019a hep imparatorluk dedik ama bu asl\u0131nda hi\u00e7bir zaman kan\u0131tlanmad\u0131 ve hatta sistematik olarak incelenmedi. \u0130\u015fte bu kapsaml\u0131 ara\u015ft\u0131rma kitab\u0131yla Anthony Kaldellis, incelenmeyenin pe\u015fine d\u00fc\u015f\u00fcyor. <\/p>\n","protected":false},"excerpt":{"rendered":"<p>\u00d6nde gelen bir tarih\u00e7i, Bizans olarak bildi\u011fimiz imparatorlukta Grek\u00e7e konu\u015fan n\u00fcfusun asl\u0131nda Romal\u0131 oldu\u011funu ve ara\u015ft\u0131rmac\u0131lar\u0131n son iki y\u00fczy\u0131ld\u0131r siyasi nedenlerle etnik k\u00f6kenlerini kas\u0131tl\u0131 olarak yanl\u0131\u015f<span class=\"excerpt-hellip\"> [\u2026]<\/span><\/p>\n","protected":false},"featured_media":0,"template":"","meta":{"_monsterinsights_skip_tracking":false,"_monsterinsights_sitenote_active":false,"_monsterinsights_sitenote_note":"","_monsterinsights_sitenote_category":0},"product_brand":[],"product_cat":[12370,12304],"product_tag":[],"class_list":{"0":"post-728152","1":"product","2":"type-product","3":"status-publish","5":"product_cat-arastirma-inceleme","6":"product_cat-tarih","7":"pa_cilt-ciltsiz","8":"pa_tur-kitap","9":"pa_yayinevi-kara-karga-yayinlari","10":"pa_yazar-anthony-kaldellis","12":"first","13":"instock","14":"sale","15":"shipping-taxable","16":"purchasable","17":"product-type-simple"},"_links":{"self":[{"href":"https:\/\/roveyayinevi.com.tr\/index.php\/wp-json\/wp\/v2\/product\/728152","targetHints":{"allow":["GET"]}}],"collection":[{"href":"https:\/\/roveyayinevi.com.tr\/index.php\/wp-json\/wp\/v2\/product"}],"about":[{"href":"https:\/\/roveyayinevi.com.tr\/index.php\/wp-json\/wp\/v2\/types\/product"}],"wp:attachment":[{"href":"https:\/\/roveyayinevi.com.tr\/index.php\/wp-json\/wp\/v2\/media?parent=728152"}],"wp:term":[{"taxonomy":"product_brand","embeddable":true,"href":"https:\/\/roveyayinevi.com.tr\/index.php\/wp-json\/wp\/v2\/product_brand?post=728152"},{"taxonomy":"product_cat","embeddable":true,"href":"https:\/\/roveyayinevi.com.tr\/index.php\/wp-json\/wp\/v2\/product_cat?post=728152"},{"taxonomy":"product_tag","embeddable":true,"href":"https:\/\/roveyayinevi.com.tr\/index.php\/wp-json\/wp\/v2\/product_tag?post=728152"}],"curies":[{"name":"wp","href":"https:\/\/api.w.org\/{rel}","templated":true}]}}