{"id":728124,"date":"2025-08-27T20:34:12","date_gmt":"2025-08-27T17:34:12","guid":{"rendered":"https:\/\/roveyayinevi.com.tr\/index.php\/urun\/erken-cocukluk-doneminde-cocuk-lca-egitim\/"},"modified":"2026-04-16T02:35:53","modified_gmt":"2026-04-15T23:35:53","slug":"erken-cocukluk-doneminde-cocuk-lca-egitim","status":"publish","type":"product","link":"https:\/\/roveyayinevi.com.tr\/index.php\/urun\/erken-cocukluk-doneminde-cocuk-lca-egitim\/","title":{"rendered":"Erken \u00c7ocukluk D\u00f6neminde \u00c7ocuk (L\u00e7a) E\u011fitim"},"content":{"rendered":"<p>Do\u011fumla ba\u015flayan ve ilkokulun ilk yar\u0131s\u0131n\u0131 da kapsayan erken \u00e7ocukluk d\u00f6nemi, mucizevi de\u011fi\u015fimlerin ve geli\u015fimlerin ya\u015fand\u0131\u011f\u0131 sihirli bir s\u00fcre\u00e7 olarak kabul edilmektedir. Bu d\u00f6nemde kazan\u0131lan davran\u0131\u015flar\u0131n b\u00fcy\u00fck bir k\u0131sm\u0131n\u0131n, bireyin ileriki d\u00f6nemlerinde ya\u015fam\u0131n\u0131 \u015fekillendirebilecek bir etkiye sahip oldu\u011fu, yap\u0131lan ara\u015ft\u0131rma sonu\u00e7lar\u0131nda vurgulanm\u0131\u015f ve erken e\u011fitimin \u00f6nemi \u00fczerinde durulmu\u015ftur. \u00c7a\u011fda\u015f toplumun gerektirdi\u011fi, duygu ve d\u00fc\u015f\u00fcncelerini \u00f6zg\u00fcr bir \u015fekilde ifade eden, ara\u015ft\u0131rmay\u0131 seven, \u00f6\u011frenmeye istekli ve merakl\u0131, giri\u015fimci, kendi kendine karar veren, kendisinin ve ba\u015fkalar\u0131n\u0131n haklar\u0131na sayg\u0131l\u0131, var olan yeteneklerini kullanma becerisine sahip ve \u00f6z denetimli bireyler yeti\u015ftirebilmek i\u00e7in e\u011fitime gereken \u00f6nemin verilmesinin ve m\u00fcmk\u00fcn oldu\u011funca da en erken d\u00f6nemde bu e\u011fitime ba\u015flanmas\u0131n\u0131n gereklili\u011fi, g\u00fcn\u00fcm\u00fcz\u00fcn tart\u0131\u015fmaya a\u00e7\u0131k olmayan konular\u0131n\u0131n ba\u015f\u0131nda yer almaktad\u0131r. Ki\u015fili\u011fin olu\u015fmaya ba\u015flad\u0131\u011f\u0131 okul \u00f6ncesi d\u00f6nemden itibaren \u00e7ocu\u011fun, gerekli bilgi, beceri, tutum ve temel al\u0131\u015fkanl\u0131klar\u0131 kazanabilmesi, toplumun de\u011fer yarg\u0131lar\u0131n\u0131 \u00f6\u011frenip uygulayabilmesi i\u00e7in ev, okul ve sosyal ya\u015fant\u0131 alanlar\u0131nda planl\u0131 bir e\u011fitim s\u00fcrecine dahil edilmesi ve iyi bir rehberlik hizmetinden faydaland\u0131r\u0131lmas\u0131 gerekmektedir. Bu noktada erken \u00e7ocukluk e\u011fitiminin \u00f6nemi bir kez daha a\u00e7\u0131k\u00e7a g\u00f6r\u00fclmekte ve 21. yy becerileriyle donat\u0131lan \u00e7ocuklar\u0131n yeti\u015ftirilmesinde rol alan ebeveynlere ve \u00f6\u011fretmenlere b\u00fcy\u00fck sorumluluklar y\u00fcklenmektedir. K\u0131saca \u00e7ocu\u011fu merkeze alan, \u00e7ocukLa birlikte ge\u00e7irilen e\u011fitim s\u00fcrecinde gerek ebeveynlerin ve gerekse \u00f6\u011fretmenlerin sadece \u00e7ocu\u011fun ilgi ve ihtiya\u00e7lar\u0131n\u0131 kar\u015f\u0131layacak bilgiyi aktaran ki\u015filer olmas\u0131ndan ziyade i\u00e7lerindeki \u00e7ocuk\u00c7a payla\u015f\u0131mlara da yer verebilecekleri bir ortam\u0131n\/ya\u015fant\u0131n\u0131n \u00f6nemli oldu\u011fu d\u00fc\u015f\u00fcncesiyle haz\u0131rlanan bu kitab\u0131n, hayat\u0131nda \u00e7ocu\u011fa yer veren, \u00e7ocukLa olmay\u0131 seven ve \u00e7ocuk\u00c7a ya\u015famay\u0131 hi\u00e7 terk etmeyen t\u00fcm okurlara katk\u0131 sa\u011flamas\u0131 dile\u011fiyle\u2026<\/p>\n","protected":false},"excerpt":{"rendered":"<p>Do\u011fumla ba\u015flayan ve ilkokulun ilk yar\u0131s\u0131n\u0131 da kapsayan erken \u00e7ocukluk d\u00f6nemi, mucizevi de\u011fi\u015fimlerin ve geli\u015fimlerin ya\u015fand\u0131\u011f\u0131 sihirli bir s\u00fcre\u00e7 olarak kabul edilmektedir. Bu d\u00f6nemde kazan\u0131lan davran\u0131\u015flar\u0131n<span class=\"excerpt-hellip\"> [\u2026]<\/span><\/p>\n","protected":false},"featured_media":0,"template":"","meta":{"_monsterinsights_skip_tracking":false,"_monsterinsights_sitenote_active":false,"_monsterinsights_sitenote_note":"","_monsterinsights_sitenote_category":0},"product_brand":[],"product_cat":[12573,12566],"product_tag":[],"class_list":{"0":"post-728124","1":"product","2":"type-product","3":"status-publish","5":"product_cat-akademik-kitaplar","6":"product_cat-egitim","7":"pa_cilt-ciltsiz","8":"pa_tur-kitap","9":"pa_yayinevi-egiten-kitap","10":"pa_yazar-egiten-kitap-kolektif","12":"first","13":"instock","14":"sale","15":"shipping-taxable","16":"purchasable","17":"product-type-simple"},"_links":{"self":[{"href":"https:\/\/roveyayinevi.com.tr\/index.php\/wp-json\/wp\/v2\/product\/728124","targetHints":{"allow":["GET"]}}],"collection":[{"href":"https:\/\/roveyayinevi.com.tr\/index.php\/wp-json\/wp\/v2\/product"}],"about":[{"href":"https:\/\/roveyayinevi.com.tr\/index.php\/wp-json\/wp\/v2\/types\/product"}],"wp:attachment":[{"href":"https:\/\/roveyayinevi.com.tr\/index.php\/wp-json\/wp\/v2\/media?parent=728124"}],"wp:term":[{"taxonomy":"product_brand","embeddable":true,"href":"https:\/\/roveyayinevi.com.tr\/index.php\/wp-json\/wp\/v2\/product_brand?post=728124"},{"taxonomy":"product_cat","embeddable":true,"href":"https:\/\/roveyayinevi.com.tr\/index.php\/wp-json\/wp\/v2\/product_cat?post=728124"},{"taxonomy":"product_tag","embeddable":true,"href":"https:\/\/roveyayinevi.com.tr\/index.php\/wp-json\/wp\/v2\/product_tag?post=728124"}],"curies":[{"name":"wp","href":"https:\/\/api.w.org\/{rel}","templated":true}]}}