{"id":727781,"date":"2025-08-27T20:27:59","date_gmt":"2025-08-27T17:27:59","guid":{"rendered":"https:\/\/roveyayinevi.com.tr\/index.php\/urun\/ciceronun-dusunce-dunyasi\/"},"modified":"2026-04-16T02:35:26","modified_gmt":"2026-04-15T23:35:26","slug":"ciceronun-dusunce-dunyasi","status":"publish","type":"product","link":"https:\/\/roveyayinevi.com.tr\/index.php\/urun\/ciceronun-dusunce-dunyasi\/","title":{"rendered":"Cicero\u2019nun D\u00fc\u015f\u00fcnce D\u00fcnyas\u0131"},"content":{"rendered":"<p>Roma siyasi tarihinin \u00f6nemli fig\u00fcrlerinden Marcus Tullius Cicero, artes liberales \u00e7evresinde e\u011fitim g\u00f6rd\u00fc\u011f\u00fc s\u0131rada tan\u0131\u015ft\u0131\u011f\u0131 felsefe \u00fczerine yapt\u0131\u011f\u0131 konu\u015fmalar ile \u00fcn salm\u0131\u015f Romal\u0131 devlet adam\u0131, hatip ve yazard\u0131r. K\u0131sa s\u00fcre i\u00e7inde pek \u00e7ok eser veren ve \u00fcretmekten ziyade derleyicili\u011fi ile ele\u015ftirilen Cicero, kendi deyimiyle \u201cfelsefe yapman\u0131n bilimini ba\u015fka bir\u00e7ok ki\u015fiye b\u0131rak\u0131p, konu\u015fmac\u0131ya \u00f6zg\u00fc olan uygun, a\u00e7\u0131k ve incelikli s\u00f6z s\u00f6ylemeyi\u201d kendine bir g\u00f6rev addetmi\u015ftir zira o \u201cfelsefeyle \u00e7ok az ilgileniyor\u201d g\u00f6z\u00fckt\u00fc\u011f\u00fc zamanlarda bile felsefeyle \u201cfazlas\u0131yla ilgilenen\u201d bir d\u00fc\u015f\u00fcn ve s\u00f6z adam\u0131d\u0131r. Romal\u0131lara terim bilgisi kazand\u0131rmak amac\u0131yla dil \u00fczerine \u00e7al\u0131\u015fmalar yapan Cicero, yapt\u0131\u011f\u0131 Latince yaz\u0131n ve felsefe terim bilgisi \u00e7al\u0131\u015fmalar\u0131 ile dilin y\u00fcksek ve zengin yap\u0131s\u0131n\u0131n ortaya \u00e7\u0131kmas\u0131nda \u00f6nemli katk\u0131larda bulunmu\u015ftur. Elinizdeki eserde, Cicero\u2019nun felsefe, hitabet ve dil \u00fczerine d\u00fc\u015f\u00fcnceleri orijinal dildeki \u00f6rnekleri ile incelenmektedir. <\/p>\n","protected":false},"excerpt":{"rendered":"<p>Roma siyasi tarihinin \u00f6nemli fig\u00fcrlerinden Marcus Tullius Cicero, artes liberales \u00e7evresinde e\u011fitim g\u00f6rd\u00fc\u011f\u00fc s\u0131rada tan\u0131\u015ft\u0131\u011f\u0131 felsefe \u00fczerine yapt\u0131\u011f\u0131 konu\u015fmalar ile \u00fcn salm\u0131\u015f Romal\u0131 devlet adam\u0131, hatip<span class=\"excerpt-hellip\"> [\u2026]<\/span><\/p>\n","protected":false},"featured_media":0,"template":"","meta":{"_monsterinsights_skip_tracking":false,"_monsterinsights_sitenote_active":false,"_monsterinsights_sitenote_note":"","_monsterinsights_sitenote_category":0},"product_brand":[],"product_cat":[13946,12304],"product_tag":[],"class_list":{"0":"post-727781","1":"product","2":"type-product","3":"status-publish","5":"product_cat-biyografi-otobiyografi","6":"product_cat-tarih","7":"pa_cilt-ciltsiz","8":"pa_tur-kitap","9":"pa_yayinevi-yeditepe-yayinevi","10":"pa_yazar-marcus-tulliu-cicero","12":"first","13":"instock","14":"sale","15":"shipping-taxable","16":"purchasable","17":"product-type-simple"},"_links":{"self":[{"href":"https:\/\/roveyayinevi.com.tr\/index.php\/wp-json\/wp\/v2\/product\/727781","targetHints":{"allow":["GET"]}}],"collection":[{"href":"https:\/\/roveyayinevi.com.tr\/index.php\/wp-json\/wp\/v2\/product"}],"about":[{"href":"https:\/\/roveyayinevi.com.tr\/index.php\/wp-json\/wp\/v2\/types\/product"}],"wp:attachment":[{"href":"https:\/\/roveyayinevi.com.tr\/index.php\/wp-json\/wp\/v2\/media?parent=727781"}],"wp:term":[{"taxonomy":"product_brand","embeddable":true,"href":"https:\/\/roveyayinevi.com.tr\/index.php\/wp-json\/wp\/v2\/product_brand?post=727781"},{"taxonomy":"product_cat","embeddable":true,"href":"https:\/\/roveyayinevi.com.tr\/index.php\/wp-json\/wp\/v2\/product_cat?post=727781"},{"taxonomy":"product_tag","embeddable":true,"href":"https:\/\/roveyayinevi.com.tr\/index.php\/wp-json\/wp\/v2\/product_tag?post=727781"}],"curies":[{"name":"wp","href":"https:\/\/api.w.org\/{rel}","templated":true}]}}